{"id":29537,"date":"2019-01-17T14:26:54","date_gmt":"2019-01-17T14:26:54","guid":{"rendered":"http:\/\/web.afiwai.com\/rwp\/?page_id=29537"},"modified":"2019-12-19T18:31:02","modified_gmt":"2019-12-19T18:31:02","slug":"revista","status":"publish","type":"page","link":"https:\/\/web.afiwai.com\/rwp\/revista\/","title":{"rendered":"A REVISTA"},"content":{"rendered":"<style type=\"text\/css\">\n\t\/**\n\t * Table of Contents\n\t *\n\t * 1.0 - Pagination\n\t * 2.0 - Social Media Icon\n\t * 3.0 - Default Blog Template\n\t * 4.0 - Classical Template\n\t * 5.0 - Light Breeze Template\n\t * 6.0 - Spektrum Template\n\t * 7.0 - Evolution Template\n\t * 8.0 - Timeline Template\n\t * 9.0 - News Template\n\t * 10.0 - Sallet Template\n\t * 11.0 - Media Grid Template\n\t * 12.0 - Crayon Slider Template\n\t * 13.0 - Blog-Carousel Template\n\t * 14.0 - Blog-Grid-Box Template\n\t * 15.0 - Ticker Template\n\t *\n\t *\/\n\t\/**\n\t * 1.0 - Pagination\n\t *\/\n\t.bdp-load-more a.button.bdp-load-more-btn {\n\t\tbackground-color: #7cc68d;\t\tcolor: #f1f1f1;\t\tfont-size:14px;\t}\n\t.bd_pagination_box.wl_pagination_box .paging-navigation ul.page-numbers li a.page-numbers:hover,\n\t.bd_pagination_box.wl_pagination_box .paging-navigation ul.page-numbers li > span.current {\n\t\tbackground-color: #7cc68d;\t\tcolor: #f1f1f1;\t\tfont-size:14px;\t}\n\t.bd_pagination_box.wl_pagination_box .paging-navigation ul.page-numbers li a.page-numbers {\n\t\tbackground-color: #f1f1f1;\t\tcolor: #7cc68d;\t\tfont-size:14px;\t}\n\t.bd_pagination_box.wl_pagination_box .paging-navigation ul.page-numbers li a.page-numbers.dots {\n\t\tfont-size:14px !important;\t}\n\t\/**\n\t * 2.0 - Social Media Icon\n\t *\/    \n\t.blog_template .social-component a {\n\t\tborder-radius: 100%;\t}\n\t\/**\n\t * Post Title Setting\n\t *\/\n\t.bdp_blog_template .blog_header h2 a span,\n    .bdp_blog_template .bd-blog-header h2 a span,\n\t.glossary .blog_header h2 a span,\n\t.bdp_blog_template.media-grid .blog_header h2 a span,\n\t.bdp_blog_template.timeline .desc h3 a span,\n\t.blog_template.blog-grid-box h2.post_title a span{\n\t\t\t\t\t\t\t\tword-break : normal;\n\t\t\t\t\t\n\t}\n\n\t\/**\n\t * 3.0 - Default Blog Template\n\t *\/\n\t\t.blog_template .bd-more-tag-inline {\n\t\tcolor: #f1f1f1 !important;\t\tfont-size:14px;\t}\n\t\t\t.bdp_blog_template .blog_header h2 a,\n\t\t.bdp_blog_template .bd-blog-header h2 a,\n\t\t.bdp_blog_template .bd_ad_container h4 {\n\t\t\tcolor: #0f8c19 !important;\t\t\tfont-size: 30px;\t\t\t\n\t\t}\n\t\t.bdp_blog_template .blog_header h2,\n\t\t.bdp_blog_template .bd-blog-header h2,\n\t\t.blog_template .bd_ad_container h4 {\n\t\t\tfont-size: 30px;\t\t}\n\t\t.post_content-inner p,\n\t.bd-post-content {\n\t\tcolor:#444444;\t\tfont-size:14px;\t}\n\t.bdp_blog_template .bd-metacats,\n\t.bd-tags,\n\tspan.bd-category-link,\n\t.bdp_blog_template .author,\n\t.bdp_blog_template .date,\n\t.bdp_blog_template .bd-categories,\n\t.bdp_blog_template.evolution .bd-categories a,\n\t.bdp_blog_template .bd-categories a,\n\t.bd-meta-data-box .bd-metacats,\n\t.bd-meta-data-box .bd-metacomments,\n\t.bd-meta-data-box .bd-metacomments span,\n\t.bdp_blog_template .date i, .bdp_blog_template .author i, .bdp_blog_template .comment i,\n\t.bd-tags a,\n\tspan.bd-category-link a,\n\t.bd-metadatabox p,\n\tspan .bd-link-label,\n\t.bdp_blog_template .blog_footer span,\n\t.bd-metacomments i,\n\t.date_wrap i,\n\t.bdp_blog_template a,\n\t.bdp_blog_template .post_content,\n\t.bd-categories i,\n\t.bdp_blog_template.spektrum .post-bottom .post-by,\n\t.bdp_blog_template.spektrum .post-bottom .bd-tags,\n\t.bd-metadatabox,\n\t.bdp_blog_template.news .bd-blog-header .bd-metadatabox a,\n\t.bdp_blog_template.news .post-content-div .post_cat_tag > span i,\n\t.bdp_blog_template .bd-meta-data-box .bd-metadate, .bdp_blog_template .bd-meta-data-box .bd-metauser, .bdp_blog_template .bd-meta-data-box .bd-metacats,\n\t.bd-meta-data-box .bd-metacats a,\n\t.bd-meta-data-box .bd-metacomments a,\n\t.bdp_blog_template.box-template .bd-tags,\n\t.bdp_blog_template .datetime,\n\t.bdp_blog_template .link-lable,\n\t.bdp_blog_template .post-date\n\t.bdp_blog_template .bd_ad_container p, .blog_template .bd_ad_container, .bdp_blog_template .post-date, .bdp_blog_template .post-comment span {\n\t\tfont-size:14px;\t}\n\t.bdp_blog_template .date,\n\t.bdp_blog_template .comment,\n\t.bdp_blog_template .author .bd-icon-author,\n\t.bdp_blog_template .author,\n\t.bdp_blog_template.news .post-content-div .post_cat_tag > span i ,\n\t.bdp_blog_template .post-by,\n\t.bdp_blog_template .bd-categories i,\n\t.bdp_blog_template .bd-metacats i,\n\t.bdp_blog_template .category-link i,\n\t.bdp_blog_template .bd-tags i,\n\t.bdp_blog_template .bd-metacomments,\n\t.bdp_blog_template .date_wrap i,\n\t.bdp_blog_template .post-date,\n\t.bdp_blog_template .link-lable,\n\t.bdp_blog_template .datetime,\n\t.bdp_blog_template.glossary .post-author span,\n\t.bdp_blog_template .post_content-inner p,\n\t.bdp_blog_template .post_content,\n\t.bdp_blog_template .tags i {\n\t\tcolor:#444444;\t}\n\t.bdp_blog_template .bd-meta-data-box {\n\t\tcolor:#444444;\t}\n\t\t\t.bd-metadatabox {\n\t\t\tcolor:#444444;\t\t}\n\t\t.bd-link-label {\n\t\tcolor:#444444;\t}\n\t.bdp_blog_template a.bd-more-tag {\n\t\tbackground-color: #7cc68d!important;\t\tcolor: #f1f1f1!important;\t}\n\t\t\t.bdp_blog_template a.bd-more-tag:hover {\n\t\t\tbackground-color: #f1f1f1!important;\t\t\tcolor: #7cc68d!important;\t\t}\n\t\t.bdp_blog_template i {\n\t\tfont-style: normal !important;\n\t}\n\t\t\t.bd-tags,\n\t\tspan.bd-category-link,\n\t\t.bdp_blog_template .bd-categories,\n\t\t.bd-meta-data-box .bd-metacats,\n\t\t.bd-meta-data-box .bd-metacats a,\n\t\t.bd-meta-data-box .bd-metacomments a,\n\t\t.bdp_blog_template .bd-categories a,\n\t\t.bd-post-content a,\n\t\t.bd-tags a,\n\t\tspan.bd-category-link a,\n\t\t.bdp_blog_template .tags,\n\t\t.bdp_blog_template a {\n\t\t\tcolor:#25c64b !important;\n\t\t\tfont-weight: normal !important;\n\t\t}\n\t\t\t\t.bd-meta-data-box .bd-metacats a:hover,\n\t\t.bd-meta-data-box .bd-metacomments a:hover,\n\t\t.bdp_blog_template .bd-categories a:hover,\n\t\t.spektrum .post-bottom .bd-categories a:hover,\n\t\t.bd-post-content a:hover,\n\t\t.bd-tags a:hover,\n\t\tspan.bd-category-link a:hover,\n\t\t.bdp_blog_template a:hover,\n\t\t.bd-post-content a:hover {\n\t\t\tcolor:#25c64b !important;\n\t\t}\n\t\t\t\t.bdp_blog_template.evolution,\n\t\t.bdp_blog_template.lightbreeze {\n\t\t\tbackground: #7cc68d;\n\t\t}\n\t\t\t\t\/**\n\t * 4.0 - Classical Template\n\t *\/\n\t.bdp_blog_template.classical .bd-blog-header .bd-tags {\n\t\tcolor: #25c64b;\t}\n\t\/**\n\t * 5.0 - Light Breeze Template\n\t *\/\n\t\/**\n\t * 6.0 - Spektrum Template\n\t *\/\n\t.bdp_blog_template.spektrum .bd-blog-header {\n\t\t\t}\n\t\t\t.spektrum .date {\n\t\t\tbackground-color: #0f8c19;\n\t\t}\n\t\t\t\t.spektrum .post-bottom .bd-categories a {\n\t\t\tcolor: #25c64b;\n\t\t}\n\t\t\t\t.spektrum .details a {\n\t\t\tcolor :#f1f1f1 !important;\n\t\t\tfont-size:14px;\t\t}\n\t\t\t\t.spektrum .details a:hover {\n\t\t\tcolor :#7cc68d;\n\t\t}\n\t\t\/**\n\t * 7.0 - Evolution Template\n\t *\/\n\t\/**\n\t * 8.0 - Timeline Template\n\t *\/\n\t.timeline_bg_wrap:before {\n\t\tbackground: none repeat scroll 0 0 #7cc68d;\n\t}\n\t.bd-datetime, .timeline_year span.year_wrap {\n\t\tbackground: none repeat scroll 0 0 #7cc68d;\n\t}\n\t.bdp_blog_template.timeline .post_hentry > p > i {\n\t\tbackground: #7cc68d;\t}\n\t.bdp_blog_template.timeline:nth-child(2n+1) .post_content_wrap:before,\n\t.bdp_blog_template.timeline:nth-child(2n+1) .post_content_wrap:after {\n\t\tborder-left: 8px solid #7cc68d;\n\t}\n\t.rtl .bdp_blog_template.timeline:nth-child(2n+1) .post_content_wrap:before,\n\t.rtl .bdp_blog_template.timeline:nth-child(2n+1) .post_content_wrap:after {\n\t\tborder-right: 8px solid #7cc68d;\n\t}\n\t.bdp_blog_template.timeline:nth-child(2n) .post_content_wrap:before,\n\t.bdp_blog_template.timeline:nth-child(2n) .post_content_wrap:after {\n\t\tborder-right: 8px solid #7cc68d;\n\t}\n\t.rtl .bdp_blog_template.timeline:nth-child(2n) .post_content_wrap:before,\n\t.rtl .bdp_blog_template.timeline:nth-child(2n) .post_content_wrap:after {\n\t\tborder-left: 8px solid #7cc68d;\n\t}\n\t.post_content_wrap {\n\t\tborder:1px solid #7cc68d;\n\t}\n\t.bdp_blog_template .post_content_wrap .blog_footer {\n\t\tborder-top: 1px solid #7cc68d ;\n\t}\n\t.bdp_blog_template .post-icon {\n\t\t\t}\n\t.bdp_blog_template.timeline .desc h3 a{\n\t\tcolor: #0f8c19 !important;\t\t\t\tfont-size: 30px;\t}\n\n\t\/*media query*\/\n\t@media screen and (max-width: 991px) {\n\t\t.bdp_blog_template.timeline:nth-child(2n+1) .post_content_wrap:before,\n\t\t.bdp_blog_template.timeline:nth-child(2n+1) .post_content_wrap:after {\n\t\t\tborder-right: 8px solid #7cc68d;\n\t\t}\n\t}\n\t\/**\n\t * 9.0 - News Template\n\t *\/\n\t\t\t.bdp_blog_template.news .bd-blog-header h2.title a{\n\t\t\tcolor: #0f8c19;\t\t\tfont-size: 30px;\t\t}\n\t\t\/* .blog_template.boxy-clean .blog_header h2, *\/\n\t.bdp_blog_template.news .bd-blog-header h2.title{\n\t\t\t}\n\t.bdp_blog_template.news {\n\t\tbackground-color: #7cc68d\t}\n\t.bdp_blog_template.news a.bd-more-tag{\n\t\tfloat: right !important;\n\t}\n\t.blog_template.boxy-clean ul li:hover,\n\t.blog_template.boxy-clean ul li:hover .blog_header h2 {\n\t\tbackground: ;\n\t}\n\t.glossary .post_content-inner {\n\t\tborder-color: #7cc68d;\t}\n\t.blog_template.boxy-clean .blog_wrap.bdp_blog_template .author {\n\t\tbackground: #7cc68d;\t}\n\t\/** 10.0 - Sallet Template *\/\n\t.bdp_blog_template.sallet_slider .blog_header > div > div > div {\n\t\tbackground: #ffffff;\t}\n\t.bdp_blog_template.sallet_slider .blog_header > div > div > div::before {\n\t\tbackground: #7cc68d none repeat scroll 0 0;\t}\n\t.bdp_blog_template.sallet_slider.right {\n\t\tbackground: #7cc68d ;\t}\n\t.blog_template.sallet_slider .category-link a {\n\t\tbackground: #7cc68d ;\t\tcolor: #fff !important;\n\t}\n\t\/** 11.0 - Media Grid Template *\/\n\t.bdp_blog_template.media-grid .blog_header h2 a {\n\t\t\t}\n\t.bdp_blog_template.media-grid .bd-metacats {\n\t\tbackground: #7cc68d\t}\n\n\t.bdp_blog_template.media-grid .bd-metacats:hover{\n\t\t\t}\n\n\t.bdp_blog_template.media-grid .post-meta .postdate {\n\t\tfont-size: 14px\t}\n\t\/** 12.0 - Crayon Slider Template *\/\n\t\t\t\/** 13.0 - Blog Carousel Template *\/\n\tli.blog_template.bdp_blog_template.blog_carousel {\n\t\tbackground: #7cc68d\t}\n\t.blog_template.blog_carousel .blog_header:hover {\n\t\t}\n\t\/** 14.0 - Blog-Grid-Box Template *\/\n\t.blog_template.blog-grid-box .bd-more-next-line a {\n\t\tbackground: #7cc68d;\t\tcolor: #f1f1f1\t}\n\t.blog_template.blog-grid-box .post-comment a,\n\t.blog_template.blog-grid-box .mauthor .author a,\n\t.blog_template.blog-grid-box .bd-metacats a,\n\t.blog_template.blog-grid-box .mdate a {\n\t\tcolor: #25c64b\t}\n\t.blog_template.blog-grid-box .post-comment a:hover,\n\t.blog_template.blog-grid-box .mauthor .author a:hover,\n\t.blog_template.blog-grid-box .bd-metacats a:hover,\n\t.blog_template.blog-grid-box .mdate a:hover {\n\t\tcolor: #25c64b\t}\n\t.blog_template.blog-grid-box .post_title a {\n\t\tcolor: #0f8c19;font-size: 30px\t}\n\t.blog_template.blog-grid-box .post_content {\n\t\tcolor: #444444;font-size: 14px\t}\n\t.blog_template.blog-grid-box {\n\t\tbackground: #7cc68d\t}\n\n\t\/** 15.0 - Ticker Template *\/\n\t#blog-ticker-style-1 {\n\t\tborder-color: #7cc68d\t}\n\t#blog-ticker-style-1 .ticker-title {\n\t\tbackground-color: #7cc68d\t}\n\t#blog-ticker-style-1 .ticker-style-title {\n\t\t\t}\n\t#blog-ticker-style-1 .ticker-title>span {\n\t\tborder-color: transparent transparent transparent#7cc68d\t}\n\t#blog-ticker-style-1 .blog-tickers a:hover {\n\t\tcolor: #7cc68d\t}\n\t#blog-ticker-style-1 .blog-tickers a {\n\t\tcolor: #0f8c19\t}\n\t<\/style>\n<div class=\"bdp_wrapper\">\t\t\t\t<div class=\"timeline_bg_wrap\">\n\t\t\t\t\t<div class=\"timeline_back clearfix\">\n\t\t\t\t\t\t<p class=\"timeline_year\"><span class=\"year_wrap\"><span class=\"only_year\">2019<\/span><\/span><\/p>\t\t<div class=\"blog_template bdp_blog_template timeline blog-wrap  odd\">\n\t\t\t<div class=\"post_hentry\"><p><i class=\"fas\" data-fa-pseudo-element=\":before\">\uf303<\/i><\/p><div class=\"post_content_wrap\">\n\t\t\t\t\t<div class=\"post_wrapper box-blog\">\n\t\t\t\t\t\t\t\t\t\t\t\t\t<div class=\"bd-post-image photo\">\n\t\t\t\t\t\t\t\t<a href=\"https:\/\/web.afiwai.com\/rwp\/a-originalidade-da-especie-pipa-pipa\/\"><img width=\"2048\" height=\"1365\" src=\"https:\/\/web.afiwai.com\/rwp\/wp-content\/uploads\/2019\/11\/Pipa-pipa-Arthur-Chapman-Flickr.com_.jpg\" class=\"attachment-full size-full wp-post-image\" alt=\"\" decoding=\"async\" loading=\"lazy\" srcset=\"https:\/\/web.afiwai.com\/rwp\/wp-content\/uploads\/2019\/11\/Pipa-pipa-Arthur-Chapman-Flickr.com_.jpg 2048w, https:\/\/web.afiwai.com\/rwp\/wp-content\/uploads\/2019\/11\/Pipa-pipa-Arthur-Chapman-Flickr.com_-1280x853.jpg 1280w, https:\/\/web.afiwai.com\/rwp\/wp-content\/uploads\/2019\/11\/Pipa-pipa-Arthur-Chapman-Flickr.com_-980x653.jpg 980w, https:\/\/web.afiwai.com\/rwp\/wp-content\/uploads\/2019\/11\/Pipa-pipa-Arthur-Chapman-Flickr.com_-480x320.jpg 480w\" sizes=\"(min-width: 0px) and (max-width: 480px) 480px, (min-width: 481px) and (max-width: 980px) 980px, (min-width: 981px) and (max-width: 1280px) 1280px, (min-width: 1281px) 2048px, 100vw\" \/>\t\t\t\t\t\t\t\t\t<span class=\"overlay\"><\/span>\n\t\t\t\t\t\t\t\t<\/a>\n\t\t\t\t\t\t\t<\/div>\n\t\t\t\t\t\t\t\t\t\t\t\t<div class=\"desc\">\n\t\t\t\t\t\t\t<h3 class=\"text-center text-capitalize\"><a href=\"https:\/\/web.afiwai.com\/rwp\/a-originalidade-da-especie-pipa-pipa\/\"><span>A originalidade da esp\u00e9cie Pipa pipa<\/span><\/a><\/h3>\n\t\t\t\t\t\t\t\t\t\t\t\t\t\t\t<div class=\"date_wrap\">\n\t\t\t\t\t\t\t\t\t\t\t\t\t\t\t\t\t\t\t<p class='bd-margin-0'><span title=\"Posted By Isadora Pombeiro\"><i class=\"fas fa-user\"><\/i>&nbsp;<a href=\"https:\/\/web.afiwai.com\/rwp\/author\/isadora-pombeiro\/\"><span>Isadora Pombeiro<\/span><\/a><\/span>&nbsp;&nbsp;<\/p>\n\t\t\t\t\t\t\t\t\t\t\t\t\t\t\t\t\t\t\t\t<p class='bd-margin-0'><span class=\"bd-metacomments\"><i class=\"fas fa-comment\"><\/i>&nbsp;<a href=\"https:\/\/web.afiwai.com\/rwp\/a-originalidade-da-especie-pipa-pipa\/#respond\">No Comments<\/a>\t\t\t\t\t\t\t\t\t\t\t<\/span><\/p>\n\t\t\t\t\t\t\t\t\t\t\t\t\t\t\t\t\t\t\t\t<div class=\"bd-datetime\">\n\t\t\t\t\t\t\t\t\t\t\t<span class=\"month\">Nov<\/span><span class=\"date\">21<\/span>\n\t\t\t\t\t\t\t\t\t\t<\/div>\n\t\t\t\t\t\t\t\t\t\t\t\t\t\t\t\t\t<\/div>\n\t\t\t\t\t\t\t\t\t\t\t\t\t\t<div class=\"bd-post-content\">\n\t\t\t\t\t\t\t\tA sua opini\u00e3o<div class=\"rw-left\"><div class=\"rw-ui-container rw-class-blog-post rw-urid-315450\"><\/div><\/div>\u00a0 Hoje entramos no mundo dos <a href=\"https:\/\/web.afiwai.com\/rwp\/tag\/anfibios\/\"><a href=\"https:\/\/web.afiwai.com\/rwp\/tag\/anfibios\/\">#anf\u00edbios<\/a><\/a>\u2026 e neste artigo o lugar de destaque vai para o conhecido vulgarmente como o <a href=\"https:\/\/web.afiwai.com\/rwp\/tag\/sapo\/\"><a href=\"https:\/\/web.afiwai.com\/rwp\/tag\/sapo\/\">#sapo<\/a><\/a>-do-Suriname (<a href=\"https:\/\/web.afiwai.com\/rwp\/tag\/pipa\/\"><a href=\"https:\/\/web.afiwai.com\/rwp\/tag\/pipa\/\">#Pipa<\/a><\/a> p\n<span class=\"et_bloom_bottom_trigger\"><\/span>\t\t\t\t\t\t\t<\/div>\n\t\t\t\t\t\t\t\t\t\t\t\t\t\t\t<div class=\"read_more\">\n\t\t\t\t\t\t\t\t\t<a class=\"bd-more-tag\" href=\"https:\/\/web.afiwai.com\/rwp\/a-originalidade-da-especie-pipa-pipa\/\"><i class=\"fas fa-plus\"><\/i> Leia mais <\/a>\t\t\t\t\t\t\t\t<\/div>\n\t\t\t\t\t\t\t\t\t\t\t\t\t<\/div>\n\t\t\t\t\t<\/div>\n\t\t\t\t\t\t\t\t\t\t\t<footer class=\"blog_footer text-capitalize\">\n\t\t\t\t\t\t\t\t\t\t\t\t\t\t\t<p class=\"bd-margin-0\"><span class=\"bd-categories\"><i class=\"fas fa-folder\"><\/i>\n\t\t\t\t\t\t\t\t\t\t<span class=\"bd-link-label\">Categories :&nbsp;<\/span><a href=\"https:\/\/web.afiwai.com\/rwp\/category\/blog\/\" rel=\"category tag\">Blog<\/a>\t\t\t\t\t\t\t\t\t<\/span>\n\t\t\t\t\t\t\t\t<\/p>\n\t\t\t\t\t\t\t\t\t\t\t\t\t\t\t\t\t<p class=\"bd-margin-0\">\n\t\t\t\t\t\t\t\t\t\t<span class=\"bd-tags\"><i class=\"fas fa-bookmark\"><\/i>\n\t\t\t\t\t\t\t\t\t\t\t<span class=\"bd-link-label\">Tags :&nbsp;<\/span><a href=\"https:\/\/web.afiwai.com\/rwp\/tag\/anfibio\/\" rel=\"tag\">anf\u00edbio<\/a>, <a href=\"https:\/\/web.afiwai.com\/rwp\/tag\/anfibios\/\" rel=\"tag\">anf\u00edbios<\/a>, <a href=\"https:\/\/web.afiwai.com\/rwp\/tag\/biologia\/\" rel=\"tag\">biologia<\/a>, <a href=\"https:\/\/web.afiwai.com\/rwp\/tag\/especie\/\" rel=\"tag\">esp\u00e9cie<\/a>, <a href=\"https:\/\/web.afiwai.com\/rwp\/tag\/insetos\/\" rel=\"tag\">insetos<\/a>, <a href=\"https:\/\/web.afiwai.com\/rwp\/tag\/pipa\/\" rel=\"tag\">Pipa<\/a>, <a href=\"https:\/\/web.afiwai.com\/rwp\/tag\/sapo\/\" rel=\"tag\">sapo<\/a>\t\t\t\t\t\t\t\t\t\t<\/span>\n\t\t\t\t\t\t\t\t\t<\/p>\n\t\t\t\t\t\t\t\t\t\t\t\t\t\t\t\t\t<div class=\"social-component\">\n\t\t\t\t\t\t\t\t\t\t\t\t\t\t\t\t\t\t\t<a data-share=\"facebook\" data-href=\"https:\/\/www.facebook.com\/sharer\/sharer.php\" data-url=\"https:\/\/web.afiwai.com\/rwp\/a-originalidade-da-especie-pipa-pipa\/\" class=\"bd-facebook-share bd-social-share\"><i class=\"fab fa-facebook-f\"><\/i><\/a>\n\t\t\t\t\t\t\t\t\t\t\t\t\t\t\t\t\t\t\t\t<a data-share=\"twitter\" data-href=\"https:\/\/twitter.com\/share\" data-text=\"A originalidade da esp\u00e9cie Pipa pipa\" data-url=\"https:\/\/web.afiwai.com\/rwp\/a-originalidade-da-especie-pipa-pipa\/\" class=\"bd-twitter-share bd-social-share\"><i class=\"fab fa-x-twitter\"><\/i><\/a>\n\t\t\t\t\t\t\t\t\t\t\t\t\t\t\t\t\t\t\t\t<a data-share=\"linkedin\" data-href=\"https:\/\/www.linkedin.com\/shareArticle\" data-url=\"https:\/\/web.afiwai.com\/rwp\/a-originalidade-da-especie-pipa-pipa\/\" class=\"bd-linkedin-share bd-social-share\"><i class=\"fab fa-linkedin-in\"><\/i><\/a>\n\t\t\t\t\t\t\t\t\t\t\t\t\t\t\t\t\t\t\t\t<a data-share=\"pinterest\" data-href=\"https:\/\/pinterest.com\/pin\/create\/button\/\" data-url=\"https:\/\/web.afiwai.com\/rwp\/a-originalidade-da-especie-pipa-pipa\/\" data-mdia=\"https:\/\/web.afiwai.com\/rwp\/wp-content\/uploads\/2019\/11\/Pipa-pipa-Arthur-Chapman-Flickr.com_.jpg\" data-description=\"A originalidade da esp\u00e9cie Pipa pipa\" class=\"bd-pinterest-share bd-social-share\"> <i class=\"fab fa-pinterest-p\"><\/i><\/a>\n\t\t\t\t\t\t\t\t\t\t\t\t\t\t\t\t\t<\/div>\n\t\t\t\t\t\t\t\t\t\t\t\t\t\t<\/footer>\n\t\t\t\t\t\t\t\t\t<\/div>\n\t\t\t<\/div>\n\t\t<\/div>\n\t\t\t\t<div class=\"blog_template bdp_blog_template timeline blog-wrap  even\">\n\t\t\t<div class=\"post_hentry\"><p><i class=\"fas\" data-fa-pseudo-element=\":before\">\uf303<\/i><\/p><div class=\"post_content_wrap\">\n\t\t\t\t\t<div class=\"post_wrapper box-blog\">\n\t\t\t\t\t\t\t\t\t\t\t\t\t<div class=\"bd-post-image photo\">\n\t\t\t\t\t\t\t\t<a href=\"https:\/\/web.afiwai.com\/rwp\/uma-biologa-portuguesa-e-uma-nova-especie-de-lagarto\/\"><img width=\"1200\" height=\"800\" src=\"https:\/\/web.afiwai.com\/rwp\/wp-content\/uploads\/2019\/10\/Fig-2-2.jpg\" class=\"attachment-full size-full wp-post-image\" alt=\"\" decoding=\"async\" loading=\"lazy\" srcset=\"https:\/\/web.afiwai.com\/rwp\/wp-content\/uploads\/2019\/10\/Fig-2-2.jpg 1200w, https:\/\/web.afiwai.com\/rwp\/wp-content\/uploads\/2019\/10\/Fig-2-2-980x653.jpg 980w, https:\/\/web.afiwai.com\/rwp\/wp-content\/uploads\/2019\/10\/Fig-2-2-480x320.jpg 480w\" sizes=\"(min-width: 0px) and (max-width: 480px) 480px, (min-width: 481px) and (max-width: 980px) 980px, (min-width: 981px) 1200px, 100vw\" \/>\t\t\t\t\t\t\t\t\t<span class=\"overlay\"><\/span>\n\t\t\t\t\t\t\t\t<\/a>\n\t\t\t\t\t\t\t<\/div>\n\t\t\t\t\t\t\t\t\t\t\t\t<div class=\"desc\">\n\t\t\t\t\t\t\t<h3 class=\"text-center text-capitalize\"><a href=\"https:\/\/web.afiwai.com\/rwp\/uma-biologa-portuguesa-e-uma-nova-especie-de-lagarto\/\"><span>Uma bi\u00f3loga portuguesa e uma nova esp\u00e9cie de lagarto<\/span><\/a><\/h3>\n\t\t\t\t\t\t\t\t\t\t\t\t\t\t\t<div class=\"date_wrap\">\n\t\t\t\t\t\t\t\t\t\t\t\t\t\t\t\t\t\t\t<p class='bd-margin-0'><span title=\"Posted By Isadora Pombeiro\"><i class=\"fas fa-user\"><\/i>&nbsp;<a href=\"https:\/\/web.afiwai.com\/rwp\/author\/isadora-pombeiro\/\"><span>Isadora Pombeiro<\/span><\/a><\/span>&nbsp;&nbsp;<\/p>\n\t\t\t\t\t\t\t\t\t\t\t\t\t\t\t\t\t\t\t\t<p class='bd-margin-0'><span class=\"bd-metacomments\"><i class=\"fas fa-comment\"><\/i>&nbsp;<a href=\"https:\/\/web.afiwai.com\/rwp\/uma-biologa-portuguesa-e-uma-nova-especie-de-lagarto\/#respond\">No Comments<\/a>\t\t\t\t\t\t\t\t\t\t\t<\/span><\/p>\n\t\t\t\t\t\t\t\t\t\t\t\t\t\t\t\t\t\t\t\t<div class=\"bd-datetime\">\n\t\t\t\t\t\t\t\t\t\t\t<span class=\"month\">Out<\/span><span class=\"date\">19<\/span>\n\t\t\t\t\t\t\t\t\t\t<\/div>\n\t\t\t\t\t\t\t\t\t\t\t\t\t\t\t\t\t<\/div>\n\t\t\t\t\t\t\t\t\t\t\t\t\t\t<div class=\"bd-post-content\">\n\t\t\t\t\t\t\t\tA sua opini\u00e3o<div class=\"rw-left\"><div class=\"rw-ui-container rw-class-blog-post rw-urid-314620\"><\/div><\/div><span class=\"bp-first-letter\">F<\/span>oto: <a href=\"https:\/\/web.afiwai.com\/rwp\/tag\/cordylus\/\"><a href=\"https:\/\/web.afiwai.com\/rwp\/tag\/cordylus\/\">#Cordylus<\/a><\/a> phonolithos - D.R [www.wilder.pt]\n Segundo a defini\u00e7\u00e3o, a <a href=\"https:\/\/web.afiwai.com\/rwp\/tag\/biologia\/\"><a href=\"https:\/\/web.afiwai.com\/rwp\/tag\/biologia\/\">#Biologia<\/a><\/a> \u00e9 a ci\u00eancia que estuda a vida, a vida e todos o\n<span class=\"et_bloom_bottom_trigger\"><\/span>\t\t\t\t\t\t\t<\/div>\n\t\t\t\t\t\t\t\t\t\t\t\t\t\t\t<div class=\"read_more\">\n\t\t\t\t\t\t\t\t\t<a class=\"bd-more-tag\" href=\"https:\/\/web.afiwai.com\/rwp\/uma-biologa-portuguesa-e-uma-nova-especie-de-lagarto\/\"><i class=\"fas fa-plus\"><\/i> Leia mais <\/a>\t\t\t\t\t\t\t\t<\/div>\n\t\t\t\t\t\t\t\t\t\t\t\t\t<\/div>\n\t\t\t\t\t<\/div>\n\t\t\t\t\t\t\t\t\t\t\t<footer class=\"blog_footer text-capitalize\">\n\t\t\t\t\t\t\t\t\t\t\t\t\t\t\t<p class=\"bd-margin-0\"><span class=\"bd-categories\"><i class=\"fas fa-folder\"><\/i>\n\t\t\t\t\t\t\t\t\t\t<span class=\"bd-link-label\">Categories :&nbsp;<\/span><a href=\"https:\/\/web.afiwai.com\/rwp\/category\/blog\/\" rel=\"category tag\">Blog<\/a>\t\t\t\t\t\t\t\t\t<\/span>\n\t\t\t\t\t\t\t\t<\/p>\n\t\t\t\t\t\t\t\t\t\t\t\t\t\t\t\t\t<p class=\"bd-margin-0\">\n\t\t\t\t\t\t\t\t\t\t<span class=\"bd-tags\"><i class=\"fas fa-bookmark\"><\/i>\n\t\t\t\t\t\t\t\t\t\t\t<span class=\"bd-link-label\">Tags :&nbsp;<\/span><a href=\"https:\/\/web.afiwai.com\/rwp\/tag\/biologa\/\" rel=\"tag\">bi\u00f3loga<\/a>, <a href=\"https:\/\/web.afiwai.com\/rwp\/tag\/biologia\/\" rel=\"tag\">biologia<\/a>, <a href=\"https:\/\/web.afiwai.com\/rwp\/tag\/biologo\/\" rel=\"tag\">bi\u00f3logo<\/a>, <a href=\"https:\/\/web.afiwai.com\/rwp\/tag\/conservacao\/\" rel=\"tag\">Conserva\u00e7\u00e3o<\/a>, <a href=\"https:\/\/web.afiwai.com\/rwp\/tag\/cordylus\/\" rel=\"tag\">Cordylus<\/a>, <a href=\"https:\/\/web.afiwai.com\/rwp\/tag\/geneticas\/\" rel=\"tag\">gen\u00e9ticas<\/a>, <a href=\"https:\/\/web.afiwai.com\/rwp\/tag\/lagarto\/\" rel=\"tag\">lagarto<\/a>, <a href=\"https:\/\/web.afiwai.com\/rwp\/tag\/predadores\/\" rel=\"tag\">predadores<\/a>\t\t\t\t\t\t\t\t\t\t<\/span>\n\t\t\t\t\t\t\t\t\t<\/p>\n\t\t\t\t\t\t\t\t\t\t\t\t\t\t\t\t\t<div class=\"social-component\">\n\t\t\t\t\t\t\t\t\t\t\t\t\t\t\t\t\t\t\t<a data-share=\"facebook\" data-href=\"https:\/\/www.facebook.com\/sharer\/sharer.php\" data-url=\"https:\/\/web.afiwai.com\/rwp\/uma-biologa-portuguesa-e-uma-nova-especie-de-lagarto\/\" class=\"bd-facebook-share bd-social-share\"><i class=\"fab fa-facebook-f\"><\/i><\/a>\n\t\t\t\t\t\t\t\t\t\t\t\t\t\t\t\t\t\t\t\t<a data-share=\"twitter\" data-href=\"https:\/\/twitter.com\/share\" data-text=\"Uma bi\u00f3loga portuguesa e uma nova esp\u00e9cie de lagarto\" data-url=\"https:\/\/web.afiwai.com\/rwp\/uma-biologa-portuguesa-e-uma-nova-especie-de-lagarto\/\" class=\"bd-twitter-share bd-social-share\"><i class=\"fab fa-x-twitter\"><\/i><\/a>\n\t\t\t\t\t\t\t\t\t\t\t\t\t\t\t\t\t\t\t\t<a data-share=\"linkedin\" data-href=\"https:\/\/www.linkedin.com\/shareArticle\" data-url=\"https:\/\/web.afiwai.com\/rwp\/uma-biologa-portuguesa-e-uma-nova-especie-de-lagarto\/\" class=\"bd-linkedin-share bd-social-share\"><i class=\"fab fa-linkedin-in\"><\/i><\/a>\n\t\t\t\t\t\t\t\t\t\t\t\t\t\t\t\t\t\t\t\t<a data-share=\"pinterest\" data-href=\"https:\/\/pinterest.com\/pin\/create\/button\/\" data-url=\"https:\/\/web.afiwai.com\/rwp\/uma-biologa-portuguesa-e-uma-nova-especie-de-lagarto\/\" data-mdia=\"https:\/\/web.afiwai.com\/rwp\/wp-content\/uploads\/2019\/10\/Fig-2-2.jpg\" data-description=\"Uma bi\u00f3loga portuguesa e uma nova esp\u00e9cie de lagarto\" class=\"bd-pinterest-share bd-social-share\"> <i class=\"fab fa-pinterest-p\"><\/i><\/a>\n\t\t\t\t\t\t\t\t\t\t\t\t\t\t\t\t\t<\/div>\n\t\t\t\t\t\t\t\t\t\t\t\t\t\t<\/footer>\n\t\t\t\t\t\t\t\t\t<\/div>\n\t\t\t<\/div>\n\t\t<\/div>\n\t\t\t\t<div class=\"blog_template bdp_blog_template timeline blog-wrap  odd\">\n\t\t\t<div class=\"post_hentry\"><p><i class=\"fas\" data-fa-pseudo-element=\":before\">\uf303<\/i><\/p><div class=\"post_content_wrap\">\n\t\t\t\t\t<div class=\"post_wrapper box-blog\">\n\t\t\t\t\t\t\t\t\t\t\t\t\t<div class=\"bd-post-image photo\">\n\t\t\t\t\t\t\t\t<a href=\"https:\/\/web.afiwai.com\/rwp\/uma-serpente-com-um-nariz-de-folha\/\"><img width=\"3000\" height=\"2000\" src=\"https:\/\/web.afiwai.com\/rwp\/wp-content\/uploads\/2019\/09\/Langaha-madagascariensis-Alextelford-wikipedia.jpg\" class=\"attachment-full size-full wp-post-image\" alt=\"Langaha madagascariensis - Alextelford [wikipedia]\" decoding=\"async\" loading=\"lazy\" srcset=\"https:\/\/web.afiwai.com\/rwp\/wp-content\/uploads\/2019\/09\/Langaha-madagascariensis-Alextelford-wikipedia.jpg 3000w, https:\/\/web.afiwai.com\/rwp\/wp-content\/uploads\/2019\/09\/Langaha-madagascariensis-Alextelford-wikipedia-1280x853.jpg 1280w, https:\/\/web.afiwai.com\/rwp\/wp-content\/uploads\/2019\/09\/Langaha-madagascariensis-Alextelford-wikipedia-980x653.jpg 980w, https:\/\/web.afiwai.com\/rwp\/wp-content\/uploads\/2019\/09\/Langaha-madagascariensis-Alextelford-wikipedia-480x320.jpg 480w\" sizes=\"(min-width: 0px) and (max-width: 480px) 480px, (min-width: 481px) and (max-width: 980px) 980px, (min-width: 981px) and (max-width: 1280px) 1280px, (min-width: 1281px) 3000px, 100vw\" \/>\t\t\t\t\t\t\t\t\t<span class=\"overlay\"><\/span>\n\t\t\t\t\t\t\t\t<\/a>\n\t\t\t\t\t\t\t<\/div>\n\t\t\t\t\t\t\t\t\t\t\t\t<div class=\"desc\">\n\t\t\t\t\t\t\t<h3 class=\"text-center text-capitalize\"><a href=\"https:\/\/web.afiwai.com\/rwp\/uma-serpente-com-um-nariz-de-folha\/\"><span>Uma serpente com um nariz de folha<\/span><\/a><\/h3>\n\t\t\t\t\t\t\t\t\t\t\t\t\t\t\t<div class=\"date_wrap\">\n\t\t\t\t\t\t\t\t\t\t\t\t\t\t\t\t\t\t\t<p class='bd-margin-0'><span title=\"Posted By Isadora Pombeiro\"><i class=\"fas fa-user\"><\/i>&nbsp;<a href=\"https:\/\/web.afiwai.com\/rwp\/author\/isadora-pombeiro\/\"><span>Isadora Pombeiro<\/span><\/a><\/span>&nbsp;&nbsp;<\/p>\n\t\t\t\t\t\t\t\t\t\t\t\t\t\t\t\t\t\t\t\t<p class='bd-margin-0'><span class=\"bd-metacomments\"><i class=\"fas fa-comment\"><\/i>&nbsp;<a href=\"https:\/\/web.afiwai.com\/rwp\/uma-serpente-com-um-nariz-de-folha\/#respond\">No Comments<\/a>\t\t\t\t\t\t\t\t\t\t\t<\/span><\/p>\n\t\t\t\t\t\t\t\t\t\t\t\t\t\t\t\t\t\t\t\t<div class=\"bd-datetime\">\n\t\t\t\t\t\t\t\t\t\t\t<span class=\"month\">Set<\/span><span class=\"date\">13<\/span>\n\t\t\t\t\t\t\t\t\t\t<\/div>\n\t\t\t\t\t\t\t\t\t\t\t\t\t\t\t\t\t<\/div>\n\t\t\t\t\t\t\t\t\t\t\t\t\t\t<div class=\"bd-post-content\">\n\t\t\t\t\t\t\t\tA sua opini\u00e3o<div class=\"rw-left\"><div class=\"rw-ui-container rw-class-blog-post rw-urid-313630\"><\/div><\/div><span><span class=\"bp-first-letter\"><span class=\"bp-first-letter\">F<\/span><\/span>oto de apresenta\u00e7\u00e3o:\u00a0 <a href=\"https:\/\/web.afiwai.com\/rwp\/tag\/langaha\/\"><a href=\"https:\/\/web.afiwai.com\/rwp\/tag\/langaha\/\">#Langaha<\/a><\/a> madagascariensis \u2013 Alextelford [wikipedia]<\/span>\n<span class=\"et_bloom_bottom_trigger\"><\/span>\t\t\t\t\t\t\t<\/div>\n\t\t\t\t\t\t\t\t\t\t\t\t\t\t\t<div class=\"read_more\">\n\t\t\t\t\t\t\t\t\t<a class=\"bd-more-tag\" href=\"https:\/\/web.afiwai.com\/rwp\/uma-serpente-com-um-nariz-de-folha\/\"><i class=\"fas fa-plus\"><\/i> Leia mais <\/a>\t\t\t\t\t\t\t\t<\/div>\n\t\t\t\t\t\t\t\t\t\t\t\t\t<\/div>\n\t\t\t\t\t<\/div>\n\t\t\t\t\t\t\t\t\t\t\t<footer class=\"blog_footer text-capitalize\">\n\t\t\t\t\t\t\t\t\t\t\t\t\t\t\t<p class=\"bd-margin-0\"><span class=\"bd-categories\"><i class=\"fas fa-folder\"><\/i>\n\t\t\t\t\t\t\t\t\t\t<span class=\"bd-link-label\">Categories :&nbsp;<\/span><a href=\"https:\/\/web.afiwai.com\/rwp\/category\/blog\/\" rel=\"category tag\">Blog<\/a>\t\t\t\t\t\t\t\t\t<\/span>\n\t\t\t\t\t\t\t\t<\/p>\n\t\t\t\t\t\t\t\t\t\t\t\t\t\t\t\t\t<p class=\"bd-margin-0\">\n\t\t\t\t\t\t\t\t\t\t<span class=\"bd-tags\"><i class=\"fas fa-bookmark\"><\/i>\n\t\t\t\t\t\t\t\t\t\t\t<span class=\"bd-link-label\">Tags :&nbsp;<\/span><a href=\"https:\/\/web.afiwai.com\/rwp\/tag\/arboricola\/\" rel=\"tag\">arbor\u00edcola<\/a>, <a href=\"https:\/\/web.afiwai.com\/rwp\/tag\/camuflagem\/\" rel=\"tag\">camuflagem<\/a>, <a href=\"https:\/\/web.afiwai.com\/rwp\/tag\/colubridae\/\" rel=\"tag\">Colubridae<\/a>, <a href=\"https:\/\/web.afiwai.com\/rwp\/tag\/dimorfismo\/\" rel=\"tag\">dimorfismo<\/a>, <a href=\"https:\/\/web.afiwai.com\/rwp\/tag\/iucn\/\" rel=\"tag\">IUCN<\/a>, <a href=\"https:\/\/web.afiwai.com\/rwp\/tag\/langaha\/\" rel=\"tag\">Langaha<\/a>, <a href=\"https:\/\/web.afiwai.com\/rwp\/tag\/madagascar\/\" rel=\"tag\">Madag\u00e1scar<\/a>, <a href=\"https:\/\/web.afiwai.com\/rwp\/tag\/madagascariensis\/\" rel=\"tag\">madagascariensis<\/a>, <a href=\"https:\/\/web.afiwai.com\/rwp\/tag\/pseudoxyrhophiidae\/\" rel=\"tag\">Pseudoxyrhophiidae<\/a>\t\t\t\t\t\t\t\t\t\t<\/span>\n\t\t\t\t\t\t\t\t\t<\/p>\n\t\t\t\t\t\t\t\t\t\t\t\t\t\t\t\t\t<div class=\"social-component\">\n\t\t\t\t\t\t\t\t\t\t\t\t\t\t\t\t\t\t\t<a data-share=\"facebook\" data-href=\"https:\/\/www.facebook.com\/sharer\/sharer.php\" data-url=\"https:\/\/web.afiwai.com\/rwp\/uma-serpente-com-um-nariz-de-folha\/\" class=\"bd-facebook-share bd-social-share\"><i class=\"fab fa-facebook-f\"><\/i><\/a>\n\t\t\t\t\t\t\t\t\t\t\t\t\t\t\t\t\t\t\t\t<a data-share=\"twitter\" data-href=\"https:\/\/twitter.com\/share\" data-text=\"Uma serpente com um nariz de folha\" data-url=\"https:\/\/web.afiwai.com\/rwp\/uma-serpente-com-um-nariz-de-folha\/\" class=\"bd-twitter-share bd-social-share\"><i class=\"fab fa-x-twitter\"><\/i><\/a>\n\t\t\t\t\t\t\t\t\t\t\t\t\t\t\t\t\t\t\t\t<a data-share=\"linkedin\" data-href=\"https:\/\/www.linkedin.com\/shareArticle\" data-url=\"https:\/\/web.afiwai.com\/rwp\/uma-serpente-com-um-nariz-de-folha\/\" class=\"bd-linkedin-share bd-social-share\"><i class=\"fab fa-linkedin-in\"><\/i><\/a>\n\t\t\t\t\t\t\t\t\t\t\t\t\t\t\t\t\t\t\t\t<a data-share=\"pinterest\" data-href=\"https:\/\/pinterest.com\/pin\/create\/button\/\" data-url=\"https:\/\/web.afiwai.com\/rwp\/uma-serpente-com-um-nariz-de-folha\/\" data-mdia=\"https:\/\/web.afiwai.com\/rwp\/wp-content\/uploads\/2019\/09\/Langaha-madagascariensis-Alextelford-wikipedia.jpg\" data-description=\"Uma serpente com um nariz de folha\" class=\"bd-pinterest-share bd-social-share\"> <i class=\"fab fa-pinterest-p\"><\/i><\/a>\n\t\t\t\t\t\t\t\t\t\t\t\t\t\t\t\t\t<\/div>\n\t\t\t\t\t\t\t\t\t\t\t\t\t\t<\/footer>\n\t\t\t\t\t\t\t\t\t<\/div>\n\t\t\t<\/div>\n\t\t<\/div>\n\t\t\t\t<div class=\"blog_template bdp_blog_template timeline blog-wrap  even\">\n\t\t\t<div class=\"post_hentry\"><p><i class=\"fas\" data-fa-pseudo-element=\":before\">\uf303<\/i><\/p><div class=\"post_content_wrap\">\n\t\t\t\t\t<div class=\"post_wrapper box-blog\">\n\t\t\t\t\t\t\t\t\t\t\t\t\t<div class=\"bd-post-image photo\">\n\t\t\t\t\t\t\t\t<a href=\"https:\/\/web.afiwai.com\/rwp\/uma-tartaruga-com-um-penteado-invulgar\/\"><img width=\"1000\" height=\"686\" src=\"https:\/\/web.afiwai.com\/rwp\/wp-content\/uploads\/2019\/08\/Elusor-macrurus-Chris-Van-Wyk-flickr2.jpg\" class=\"attachment-full size-full wp-post-image\" alt=\"\" decoding=\"async\" loading=\"lazy\" srcset=\"https:\/\/web.afiwai.com\/rwp\/wp-content\/uploads\/2019\/08\/Elusor-macrurus-Chris-Van-Wyk-flickr2.jpg 1000w, https:\/\/web.afiwai.com\/rwp\/wp-content\/uploads\/2019\/08\/Elusor-macrurus-Chris-Van-Wyk-flickr2-300x206.jpg 300w, https:\/\/web.afiwai.com\/rwp\/wp-content\/uploads\/2019\/08\/Elusor-macrurus-Chris-Van-Wyk-flickr2-768x527.jpg 768w, https:\/\/web.afiwai.com\/rwp\/wp-content\/uploads\/2019\/08\/Elusor-macrurus-Chris-Van-Wyk-flickr2-610x418.jpg 610w\" sizes=\"(max-width: 1000px) 100vw, 1000px\" \/>\t\t\t\t\t\t\t\t\t<span class=\"overlay\"><\/span>\n\t\t\t\t\t\t\t\t<\/a>\n\t\t\t\t\t\t\t<\/div>\n\t\t\t\t\t\t\t\t\t\t\t\t<div class=\"desc\">\n\t\t\t\t\t\t\t<h3 class=\"text-center text-capitalize\"><a href=\"https:\/\/web.afiwai.com\/rwp\/uma-tartaruga-com-um-penteado-invulgar\/\"><span>Uma tartaruga com um penteado invulgar<\/span><\/a><\/h3>\n\t\t\t\t\t\t\t\t\t\t\t\t\t\t\t<div class=\"date_wrap\">\n\t\t\t\t\t\t\t\t\t\t\t\t\t\t\t\t\t\t\t<p class='bd-margin-0'><span title=\"Posted By Isadora Pombeiro\"><i class=\"fas fa-user\"><\/i>&nbsp;<a href=\"https:\/\/web.afiwai.com\/rwp\/author\/isadora-pombeiro\/\"><span>Isadora Pombeiro<\/span><\/a><\/span>&nbsp;&nbsp;<\/p>\n\t\t\t\t\t\t\t\t\t\t\t\t\t\t\t\t\t\t\t\t<p class='bd-margin-0'><span class=\"bd-metacomments\"><i class=\"fas fa-comment\"><\/i>&nbsp;<a href=\"https:\/\/web.afiwai.com\/rwp\/uma-tartaruga-com-um-penteado-invulgar\/#respond\">No Comments<\/a>\t\t\t\t\t\t\t\t\t\t\t<\/span><\/p>\n\t\t\t\t\t\t\t\t\t\t\t\t\t\t\t\t\t\t\t\t<div class=\"bd-datetime\">\n\t\t\t\t\t\t\t\t\t\t\t<span class=\"month\">Ago<\/span><span class=\"date\">17<\/span>\n\t\t\t\t\t\t\t\t\t\t<\/div>\n\t\t\t\t\t\t\t\t\t\t\t\t\t\t\t\t\t<\/div>\n\t\t\t\t\t\t\t\t\t\t\t\t\t\t<div class=\"bd-post-content\">\n\t\t\t\t\t\t\t\tA sua opini\u00e3o<div class=\"rw-left\"><div class=\"rw-ui-container rw-class-blog-post rw-urid-313290\"><\/div><\/div><span><span class=\"bp-first-letter\"><span class=\"bp-first-letter\">F<\/span><\/span>oto de apresenta\u00e7\u00e3o:\u00a0 <a href=\"https:\/\/web.afiwai.com\/rwp\/tag\/elusor\/\"><a href=\"https:\/\/web.afiwai.com\/rwp\/tag\/elusor\/\">#Elusor<\/a><\/a> <a href=\"https:\/\/web.afiwai.com\/rwp\/tag\/macrurus\/\"><a href=\"https:\/\/web.afiwai.com\/rwp\/tag\/macrurus\/\">#macrurus<\/a><\/a> \u2013 Chris Van Wyk You forgot a username for the Flickr shortcode<\/span> A\n<span class=\"et_bloom_bottom_trigger\"><\/span>\t\t\t\t\t\t\t<\/div>\n\t\t\t\t\t\t\t\t\t\t\t\t\t\t\t<div class=\"read_more\">\n\t\t\t\t\t\t\t\t\t<a class=\"bd-more-tag\" href=\"https:\/\/web.afiwai.com\/rwp\/uma-tartaruga-com-um-penteado-invulgar\/\"><i class=\"fas fa-plus\"><\/i> Leia mais <\/a>\t\t\t\t\t\t\t\t<\/div>\n\t\t\t\t\t\t\t\t\t\t\t\t\t<\/div>\n\t\t\t\t\t<\/div>\n\t\t\t\t\t\t\t\t\t\t\t<footer class=\"blog_footer text-capitalize\">\n\t\t\t\t\t\t\t\t\t\t\t\t\t\t\t<p class=\"bd-margin-0\"><span class=\"bd-categories\"><i class=\"fas fa-folder\"><\/i>\n\t\t\t\t\t\t\t\t\t\t<span class=\"bd-link-label\">Categories :&nbsp;<\/span><a href=\"https:\/\/web.afiwai.com\/rwp\/category\/blog\/\" rel=\"category tag\">Blog<\/a>\t\t\t\t\t\t\t\t\t<\/span>\n\t\t\t\t\t\t\t\t<\/p>\n\t\t\t\t\t\t\t\t\t\t\t\t\t\t\t\t\t<p class=\"bd-margin-0\">\n\t\t\t\t\t\t\t\t\t\t<span class=\"bd-tags\"><i class=\"fas fa-bookmark\"><\/i>\n\t\t\t\t\t\t\t\t\t\t\t<span class=\"bd-link-label\">Tags :&nbsp;<\/span><a href=\"https:\/\/web.afiwai.com\/rwp\/tag\/conservacao\/\" rel=\"tag\">Conserva\u00e7\u00e3o<\/a>, <a href=\"https:\/\/web.afiwai.com\/rwp\/tag\/elusor\/\" rel=\"tag\">Elusor<\/a>, <a href=\"https:\/\/web.afiwai.com\/rwp\/tag\/iucn\/\" rel=\"tag\">IUCN<\/a>, <a href=\"https:\/\/web.afiwai.com\/rwp\/tag\/macrurus\/\" rel=\"tag\">macrurus<\/a>, <a href=\"https:\/\/web.afiwai.com\/rwp\/tag\/tartaruga\/\" rel=\"tag\">tartaruga<\/a>, <a href=\"https:\/\/web.afiwai.com\/rwp\/tag\/tartarugas\/\" rel=\"tag\">tartarugas<\/a>, <a href=\"https:\/\/web.afiwai.com\/rwp\/tag\/turtle\/\" rel=\"tag\">Turtle<\/a>\t\t\t\t\t\t\t\t\t\t<\/span>\n\t\t\t\t\t\t\t\t\t<\/p>\n\t\t\t\t\t\t\t\t\t\t\t\t\t\t\t\t\t<div class=\"social-component\">\n\t\t\t\t\t\t\t\t\t\t\t\t\t\t\t\t\t\t\t<a data-share=\"facebook\" data-href=\"https:\/\/www.facebook.com\/sharer\/sharer.php\" data-url=\"https:\/\/web.afiwai.com\/rwp\/uma-tartaruga-com-um-penteado-invulgar\/\" class=\"bd-facebook-share bd-social-share\"><i class=\"fab fa-facebook-f\"><\/i><\/a>\n\t\t\t\t\t\t\t\t\t\t\t\t\t\t\t\t\t\t\t\t<a data-share=\"twitter\" data-href=\"https:\/\/twitter.com\/share\" data-text=\"Uma tartaruga com um penteado invulgar\" data-url=\"https:\/\/web.afiwai.com\/rwp\/uma-tartaruga-com-um-penteado-invulgar\/\" class=\"bd-twitter-share bd-social-share\"><i class=\"fab fa-x-twitter\"><\/i><\/a>\n\t\t\t\t\t\t\t\t\t\t\t\t\t\t\t\t\t\t\t\t<a data-share=\"linkedin\" data-href=\"https:\/\/www.linkedin.com\/shareArticle\" data-url=\"https:\/\/web.afiwai.com\/rwp\/uma-tartaruga-com-um-penteado-invulgar\/\" class=\"bd-linkedin-share bd-social-share\"><i class=\"fab fa-linkedin-in\"><\/i><\/a>\n\t\t\t\t\t\t\t\t\t\t\t\t\t\t\t\t\t\t\t\t<a data-share=\"pinterest\" data-href=\"https:\/\/pinterest.com\/pin\/create\/button\/\" data-url=\"https:\/\/web.afiwai.com\/rwp\/uma-tartaruga-com-um-penteado-invulgar\/\" data-mdia=\"https:\/\/web.afiwai.com\/rwp\/wp-content\/uploads\/2019\/08\/Elusor-macrurus-Chris-Van-Wyk-flickr2.jpg\" data-description=\"Uma tartaruga com um penteado invulgar\" class=\"bd-pinterest-share bd-social-share\"> <i class=\"fab fa-pinterest-p\"><\/i><\/a>\n\t\t\t\t\t\t\t\t\t\t\t\t\t\t\t\t\t<\/div>\n\t\t\t\t\t\t\t\t\t\t\t\t\t\t<\/footer>\n\t\t\t\t\t\t\t\t\t<\/div>\n\t\t\t<\/div>\n\t\t<\/div>\n\t\t\t\t<div class=\"blog_template bdp_blog_template timeline blog-wrap  odd\">\n\t\t\t<div class=\"post_hentry\"><p><i class=\"fas\" data-fa-pseudo-element=\":before\">\uf303<\/i><\/p><div class=\"post_content_wrap\">\n\t\t\t\t\t<div class=\"post_wrapper box-blog\">\n\t\t\t\t\t\t\t\t\t\t\t\t\t<div class=\"bd-post-image photo\">\n\t\t\t\t\t\t\t\t<a href=\"https:\/\/web.afiwai.com\/rwp\/o-enigmatico-lagarto-pinoquio\/\"><img width=\"2048\" height=\"1365\" src=\"https:\/\/web.afiwai.com\/rwp\/wp-content\/uploads\/2019\/07\/Anolis-proboscis-Javier-\u00c1balos-Flickr.jpg\" class=\"attachment-full size-full wp-post-image\" alt=\"\" decoding=\"async\" loading=\"lazy\" srcset=\"https:\/\/web.afiwai.com\/rwp\/wp-content\/uploads\/2019\/07\/Anolis-proboscis-Javier-\u00c1balos-Flickr.jpg 2048w, https:\/\/web.afiwai.com\/rwp\/wp-content\/uploads\/2019\/07\/Anolis-proboscis-Javier-\u00c1balos-Flickr-300x200.jpg 300w, https:\/\/web.afiwai.com\/rwp\/wp-content\/uploads\/2019\/07\/Anolis-proboscis-Javier-\u00c1balos-Flickr-768x512.jpg 768w, https:\/\/web.afiwai.com\/rwp\/wp-content\/uploads\/2019\/07\/Anolis-proboscis-Javier-\u00c1balos-Flickr-1024x683.jpg 1024w, https:\/\/web.afiwai.com\/rwp\/wp-content\/uploads\/2019\/07\/Anolis-proboscis-Javier-\u00c1balos-Flickr-610x407.jpg 610w, https:\/\/web.afiwai.com\/rwp\/wp-content\/uploads\/2019\/07\/Anolis-proboscis-Javier-\u00c1balos-Flickr-1080x720.jpg 1080w\" sizes=\"(max-width: 2048px) 100vw, 2048px\" \/>\t\t\t\t\t\t\t\t\t<span class=\"overlay\"><\/span>\n\t\t\t\t\t\t\t\t<\/a>\n\t\t\t\t\t\t\t<\/div>\n\t\t\t\t\t\t\t\t\t\t\t\t<div class=\"desc\">\n\t\t\t\t\t\t\t<h3 class=\"text-center text-capitalize\"><a href=\"https:\/\/web.afiwai.com\/rwp\/o-enigmatico-lagarto-pinoquio\/\"><span>O enigm\u00e1tico \u201cLagarto Pin\u00f3quio\u201d<\/span><\/a><\/h3>\n\t\t\t\t\t\t\t\t\t\t\t\t\t\t\t<div class=\"date_wrap\">\n\t\t\t\t\t\t\t\t\t\t\t\t\t\t\t\t\t\t\t<p class='bd-margin-0'><span title=\"Posted By Isadora Pombeiro\"><i class=\"fas fa-user\"><\/i>&nbsp;<a href=\"https:\/\/web.afiwai.com\/rwp\/author\/isadora-pombeiro\/\"><span>Isadora Pombeiro<\/span><\/a><\/span>&nbsp;&nbsp;<\/p>\n\t\t\t\t\t\t\t\t\t\t\t\t\t\t\t\t\t\t\t\t<p class='bd-margin-0'><span class=\"bd-metacomments\"><i class=\"fas fa-comment\"><\/i>&nbsp;<a href=\"https:\/\/web.afiwai.com\/rwp\/o-enigmatico-lagarto-pinoquio\/#respond\">No Comments<\/a>\t\t\t\t\t\t\t\t\t\t\t<\/span><\/p>\n\t\t\t\t\t\t\t\t\t\t\t\t\t\t\t\t\t\t\t\t<div class=\"bd-datetime\">\n\t\t\t\t\t\t\t\t\t\t\t<span class=\"month\">Jul<\/span><span class=\"date\">27<\/span>\n\t\t\t\t\t\t\t\t\t\t<\/div>\n\t\t\t\t\t\t\t\t\t\t\t\t\t\t\t\t\t<\/div>\n\t\t\t\t\t\t\t\t\t\t\t\t\t\t<div class=\"bd-post-content\">\n\t\t\t\t\t\t\t\tA sua opini\u00e3o<div class=\"rw-left\"><div class=\"rw-ui-container rw-class-blog-post rw-urid-313080\"><\/div><\/div><span class=\"bp-first-letter\"><span class=\"bp-first-letter\">F<\/span><\/span>oto de apresenta\u00e7\u00e3o: <a href=\"https:\/\/web.afiwai.com\/rwp\/tag\/anolis\/\"><a href=\"https:\/\/web.afiwai.com\/rwp\/tag\/anolis\/\">#Anolis<\/a><\/a> proboscis \u2013 Javier \u00c1balos [Flickr] Sabes a hist\u00f3ria de um rapaz que cada v\n<span class=\"et_bloom_bottom_trigger\"><\/span>\t\t\t\t\t\t\t<\/div>\n\t\t\t\t\t\t\t\t\t\t\t\t\t\t\t<div class=\"read_more\">\n\t\t\t\t\t\t\t\t\t<a class=\"bd-more-tag\" href=\"https:\/\/web.afiwai.com\/rwp\/o-enigmatico-lagarto-pinoquio\/\"><i class=\"fas fa-plus\"><\/i> Leia mais <\/a>\t\t\t\t\t\t\t\t<\/div>\n\t\t\t\t\t\t\t\t\t\t\t\t\t<\/div>\n\t\t\t\t\t<\/div>\n\t\t\t\t\t\t\t\t\t\t\t<footer class=\"blog_footer text-capitalize\">\n\t\t\t\t\t\t\t\t\t\t\t\t\t\t\t<p class=\"bd-margin-0\"><span class=\"bd-categories\"><i class=\"fas fa-folder\"><\/i>\n\t\t\t\t\t\t\t\t\t\t<span class=\"bd-link-label\">Categories :&nbsp;<\/span><a href=\"https:\/\/web.afiwai.com\/rwp\/category\/blog\/\" rel=\"category tag\">Blog<\/a>\t\t\t\t\t\t\t\t\t<\/span>\n\t\t\t\t\t\t\t\t<\/p>\n\t\t\t\t\t\t\t\t\t\t\t\t\t\t\t\t\t<p class=\"bd-margin-0\">\n\t\t\t\t\t\t\t\t\t\t<span class=\"bd-tags\"><i class=\"fas fa-bookmark\"><\/i>\n\t\t\t\t\t\t\t\t\t\t\t<span class=\"bd-link-label\">Tags :&nbsp;<\/span><a href=\"https:\/\/web.afiwai.com\/rwp\/tag\/anolis\/\" rel=\"tag\">Anolis<\/a>, <a href=\"https:\/\/web.afiwai.com\/rwp\/tag\/biologicas\/\" rel=\"tag\">biol\u00f3gicas<\/a>, <a href=\"https:\/\/web.afiwai.com\/rwp\/tag\/herpetologos\/\" rel=\"tag\">herpet\u00f3logos<\/a>, <a href=\"https:\/\/web.afiwai.com\/rwp\/tag\/iucn\/\" rel=\"tag\">IUCN<\/a>, <a href=\"https:\/\/web.afiwai.com\/rwp\/tag\/lagarto\/\" rel=\"tag\">lagarto<\/a>, <a href=\"https:\/\/web.afiwai.com\/rwp\/tag\/reptil\/\" rel=\"tag\">r\u00e9ptil<\/a>\t\t\t\t\t\t\t\t\t\t<\/span>\n\t\t\t\t\t\t\t\t\t<\/p>\n\t\t\t\t\t\t\t\t\t\t\t\t\t\t\t\t\t<div class=\"social-component\">\n\t\t\t\t\t\t\t\t\t\t\t\t\t\t\t\t\t\t\t<a data-share=\"facebook\" data-href=\"https:\/\/www.facebook.com\/sharer\/sharer.php\" data-url=\"https:\/\/web.afiwai.com\/rwp\/o-enigmatico-lagarto-pinoquio\/\" class=\"bd-facebook-share bd-social-share\"><i class=\"fab fa-facebook-f\"><\/i><\/a>\n\t\t\t\t\t\t\t\t\t\t\t\t\t\t\t\t\t\t\t\t<a data-share=\"twitter\" data-href=\"https:\/\/twitter.com\/share\" data-text=\"O enigm\u00e1tico \u201cLagarto Pin\u00f3quio\u201d\" data-url=\"https:\/\/web.afiwai.com\/rwp\/o-enigmatico-lagarto-pinoquio\/\" class=\"bd-twitter-share bd-social-share\"><i class=\"fab fa-x-twitter\"><\/i><\/a>\n\t\t\t\t\t\t\t\t\t\t\t\t\t\t\t\t\t\t\t\t<a data-share=\"linkedin\" data-href=\"https:\/\/www.linkedin.com\/shareArticle\" data-url=\"https:\/\/web.afiwai.com\/rwp\/o-enigmatico-lagarto-pinoquio\/\" class=\"bd-linkedin-share bd-social-share\"><i class=\"fab fa-linkedin-in\"><\/i><\/a>\n\t\t\t\t\t\t\t\t\t\t\t\t\t\t\t\t\t\t\t\t<a data-share=\"pinterest\" data-href=\"https:\/\/pinterest.com\/pin\/create\/button\/\" data-url=\"https:\/\/web.afiwai.com\/rwp\/o-enigmatico-lagarto-pinoquio\/\" data-mdia=\"https:\/\/web.afiwai.com\/rwp\/wp-content\/uploads\/2019\/07\/Anolis-proboscis-Javier-\u00c1balos-Flickr.jpg\" data-description=\"O enigm\u00e1tico \u201cLagarto Pin\u00f3quio\u201d\" class=\"bd-pinterest-share bd-social-share\"> <i class=\"fab fa-pinterest-p\"><\/i><\/a>\n\t\t\t\t\t\t\t\t\t\t\t\t\t\t\t\t\t<\/div>\n\t\t\t\t\t\t\t\t\t\t\t\t\t\t<\/footer>\n\t\t\t\t\t\t\t\t\t<\/div>\n\t\t\t<\/div>\n\t\t<\/div>\n\t\t\t\t<div class=\"blog_template bdp_blog_template timeline blog-wrap  even\">\n\t\t\t<div class=\"post_hentry\"><p><i class=\"fas\" data-fa-pseudo-element=\":before\">\uf303<\/i><\/p><div class=\"post_content_wrap\">\n\t\t\t\t\t<div class=\"post_wrapper box-blog\">\n\t\t\t\t\t\t\t\t\t\t\t\t\t<div class=\"bd-post-image photo\">\n\t\t\t\t\t\t\t\t<a href=\"https:\/\/web.afiwai.com\/rwp\/as-osgas-endemicas-das-ilhas-selvagens\/\"><img width=\"1632\" height=\"1224\" src=\"https:\/\/web.afiwai.com\/rwp\/wp-content\/uploads\/2019\/06\/Tarentola-bischoffi-Vanessagil87-Wikipedia.jpg\" class=\"attachment-full size-full wp-post-image\" alt=\"\" decoding=\"async\" loading=\"lazy\" srcset=\"https:\/\/web.afiwai.com\/rwp\/wp-content\/uploads\/2019\/06\/Tarentola-bischoffi-Vanessagil87-Wikipedia.jpg 1632w, https:\/\/web.afiwai.com\/rwp\/wp-content\/uploads\/2019\/06\/Tarentola-bischoffi-Vanessagil87-Wikipedia-300x225.jpg 300w, https:\/\/web.afiwai.com\/rwp\/wp-content\/uploads\/2019\/06\/Tarentola-bischoffi-Vanessagil87-Wikipedia-768x576.jpg 768w, https:\/\/web.afiwai.com\/rwp\/wp-content\/uploads\/2019\/06\/Tarentola-bischoffi-Vanessagil87-Wikipedia-1024x768.jpg 1024w, https:\/\/web.afiwai.com\/rwp\/wp-content\/uploads\/2019\/06\/Tarentola-bischoffi-Vanessagil87-Wikipedia-610x458.jpg 610w, https:\/\/web.afiwai.com\/rwp\/wp-content\/uploads\/2019\/06\/Tarentola-bischoffi-Vanessagil87-Wikipedia-510x382.jpg 510w, https:\/\/web.afiwai.com\/rwp\/wp-content\/uploads\/2019\/06\/Tarentola-bischoffi-Vanessagil87-Wikipedia-1080x810.jpg 1080w\" sizes=\"(max-width: 1632px) 100vw, 1632px\" \/>\t\t\t\t\t\t\t\t\t<span class=\"overlay\"><\/span>\n\t\t\t\t\t\t\t\t<\/a>\n\t\t\t\t\t\t\t<\/div>\n\t\t\t\t\t\t\t\t\t\t\t\t<div class=\"desc\">\n\t\t\t\t\t\t\t<h3 class=\"text-center text-capitalize\"><a href=\"https:\/\/web.afiwai.com\/rwp\/as-osgas-endemicas-das-ilhas-selvagens\/\"><span>As osgas end\u00e9micas das ilhas Selvagens<\/span><\/a><\/h3>\n\t\t\t\t\t\t\t\t\t\t\t\t\t\t\t<div class=\"date_wrap\">\n\t\t\t\t\t\t\t\t\t\t\t\t\t\t\t\t\t\t\t<p class='bd-margin-0'><span title=\"Posted By Isadora Pombeiro\"><i class=\"fas fa-user\"><\/i>&nbsp;<a href=\"https:\/\/web.afiwai.com\/rwp\/author\/isadora-pombeiro\/\"><span>Isadora Pombeiro<\/span><\/a><\/span>&nbsp;&nbsp;<\/p>\n\t\t\t\t\t\t\t\t\t\t\t\t\t\t\t\t\t\t\t\t<p class='bd-margin-0'><span class=\"bd-metacomments\"><i class=\"fas fa-comment\"><\/i>&nbsp;<a href=\"https:\/\/web.afiwai.com\/rwp\/as-osgas-endemicas-das-ilhas-selvagens\/#respond\">No Comments<\/a>\t\t\t\t\t\t\t\t\t\t\t<\/span><\/p>\n\t\t\t\t\t\t\t\t\t\t\t\t\t\t\t\t\t\t\t\t<div class=\"bd-datetime\">\n\t\t\t\t\t\t\t\t\t\t\t<span class=\"month\">Jun<\/span><span class=\"date\">21<\/span>\n\t\t\t\t\t\t\t\t\t\t<\/div>\n\t\t\t\t\t\t\t\t\t\t\t\t\t\t\t\t\t<\/div>\n\t\t\t\t\t\t\t\t\t\t\t\t\t\t<div class=\"bd-post-content\">\n\t\t\t\t\t\t\t\tA sua opini\u00e3o<div class=\"rw-left\"><div class=\"rw-ui-container rw-class-blog-post rw-urid-312670\"><\/div><\/div>[et_pb_section fb_built=\u201d1\u2033 admin_label=\u201dsection\u201d _builder_version=\u201d3.22.3\u2033][et_pb_row admin_label=\u201drow\u201d _builder_version=\u201d3.25\u2033 background_size=\u201dinit\n<span class=\"et_bloom_bottom_trigger\"><\/span>\t\t\t\t\t\t\t<\/div>\n\t\t\t\t\t\t\t\t\t\t\t\t\t\t\t<div class=\"read_more\">\n\t\t\t\t\t\t\t\t\t<a class=\"bd-more-tag\" href=\"https:\/\/web.afiwai.com\/rwp\/as-osgas-endemicas-das-ilhas-selvagens\/\"><i class=\"fas fa-plus\"><\/i> Leia mais <\/a>\t\t\t\t\t\t\t\t<\/div>\n\t\t\t\t\t\t\t\t\t\t\t\t\t<\/div>\n\t\t\t\t\t<\/div>\n\t\t\t\t\t\t\t\t\t\t\t<footer class=\"blog_footer text-capitalize\">\n\t\t\t\t\t\t\t\t\t\t\t\t\t\t\t<p class=\"bd-margin-0\"><span class=\"bd-categories\"><i class=\"fas fa-folder\"><\/i>\n\t\t\t\t\t\t\t\t\t\t<span class=\"bd-link-label\">Categories :&nbsp;<\/span><a href=\"https:\/\/web.afiwai.com\/rwp\/category\/blog\/\" rel=\"category tag\">Blog<\/a>\t\t\t\t\t\t\t\t\t<\/span>\n\t\t\t\t\t\t\t\t<\/p>\n\t\t\t\t\t\t\t\t\t\t\t\t\t\t\t\t\t<p class=\"bd-margin-0\">\n\t\t\t\t\t\t\t\t\t\t<span class=\"bd-tags\"><i class=\"fas fa-bookmark\"><\/i>\n\t\t\t\t\t\t\t\t\t\t\t<span class=\"bd-link-label\">Tags :&nbsp;<\/span><a href=\"https:\/\/web.afiwai.com\/rwp\/tag\/biologos\/\" rel=\"tag\">bi\u00f3logos<\/a>, <a href=\"https:\/\/web.afiwai.com\/rwp\/tag\/lagartixa\/\" rel=\"tag\">lagartixa<\/a>, <a href=\"https:\/\/web.afiwai.com\/rwp\/tag\/osga\/\" rel=\"tag\">osga<\/a>, <a href=\"https:\/\/web.afiwai.com\/rwp\/tag\/osgas\/\" rel=\"tag\">osgas<\/a>, <a href=\"https:\/\/web.afiwai.com\/rwp\/tag\/tarentola\/\" rel=\"tag\">Tarentola<\/a>\t\t\t\t\t\t\t\t\t\t<\/span>\n\t\t\t\t\t\t\t\t\t<\/p>\n\t\t\t\t\t\t\t\t\t\t\t\t\t\t\t\t\t<div class=\"social-component\">\n\t\t\t\t\t\t\t\t\t\t\t\t\t\t\t\t\t\t\t<a data-share=\"facebook\" data-href=\"https:\/\/www.facebook.com\/sharer\/sharer.php\" data-url=\"https:\/\/web.afiwai.com\/rwp\/as-osgas-endemicas-das-ilhas-selvagens\/\" class=\"bd-facebook-share bd-social-share\"><i class=\"fab fa-facebook-f\"><\/i><\/a>\n\t\t\t\t\t\t\t\t\t\t\t\t\t\t\t\t\t\t\t\t<a data-share=\"twitter\" data-href=\"https:\/\/twitter.com\/share\" data-text=\"As osgas end\u00e9micas das ilhas Selvagens\" data-url=\"https:\/\/web.afiwai.com\/rwp\/as-osgas-endemicas-das-ilhas-selvagens\/\" class=\"bd-twitter-share bd-social-share\"><i class=\"fab fa-x-twitter\"><\/i><\/a>\n\t\t\t\t\t\t\t\t\t\t\t\t\t\t\t\t\t\t\t\t<a data-share=\"linkedin\" data-href=\"https:\/\/www.linkedin.com\/shareArticle\" data-url=\"https:\/\/web.afiwai.com\/rwp\/as-osgas-endemicas-das-ilhas-selvagens\/\" class=\"bd-linkedin-share bd-social-share\"><i class=\"fab fa-linkedin-in\"><\/i><\/a>\n\t\t\t\t\t\t\t\t\t\t\t\t\t\t\t\t\t\t\t\t<a data-share=\"pinterest\" data-href=\"https:\/\/pinterest.com\/pin\/create\/button\/\" data-url=\"https:\/\/web.afiwai.com\/rwp\/as-osgas-endemicas-das-ilhas-selvagens\/\" data-mdia=\"https:\/\/web.afiwai.com\/rwp\/wp-content\/uploads\/2019\/06\/Tarentola-bischoffi-Vanessagil87-Wikipedia.jpg\" data-description=\"As osgas end\u00e9micas das ilhas Selvagens\" class=\"bd-pinterest-share bd-social-share\"> <i class=\"fab fa-pinterest-p\"><\/i><\/a>\n\t\t\t\t\t\t\t\t\t\t\t\t\t\t\t\t\t<\/div>\n\t\t\t\t\t\t\t\t\t\t\t\t\t\t<\/footer>\n\t\t\t\t\t\t\t\t\t<\/div>\n\t\t\t<\/div>\n\t\t<\/div>\n\t\t\t\t<div class=\"blog_template bdp_blog_template timeline blog-wrap  odd\">\n\t\t\t<div class=\"post_hentry\"><p><i class=\"fas\" data-fa-pseudo-element=\":before\">\uf303<\/i><\/p><div class=\"post_content_wrap\">\n\t\t\t\t\t<div class=\"post_wrapper box-blog\">\n\t\t\t\t\t\t\t\t\t\t\t\t\t<div class=\"bd-post-image photo\">\n\t\t\t\t\t\t\t\t<a href=\"https:\/\/web.afiwai.com\/rwp\/e-se-fosse-possivel-existir-reproducao-sem-um-macho\/\"><img width=\"1280\" height=\"665\" src=\"https:\/\/web.afiwai.com\/rwp\/wp-content\/uploads\/2019\/06\/Cnemidophorus-uniparens-Buffalo-Zoo.jpg\" class=\"attachment-full size-full wp-post-image\" alt=\"\" decoding=\"async\" loading=\"lazy\" srcset=\"https:\/\/web.afiwai.com\/rwp\/wp-content\/uploads\/2019\/06\/Cnemidophorus-uniparens-Buffalo-Zoo.jpg 1280w, https:\/\/web.afiwai.com\/rwp\/wp-content\/uploads\/2019\/06\/Cnemidophorus-uniparens-Buffalo-Zoo-300x156.jpg 300w, https:\/\/web.afiwai.com\/rwp\/wp-content\/uploads\/2019\/06\/Cnemidophorus-uniparens-Buffalo-Zoo-768x399.jpg 768w, https:\/\/web.afiwai.com\/rwp\/wp-content\/uploads\/2019\/06\/Cnemidophorus-uniparens-Buffalo-Zoo-1024x532.jpg 1024w, https:\/\/web.afiwai.com\/rwp\/wp-content\/uploads\/2019\/06\/Cnemidophorus-uniparens-Buffalo-Zoo-1080x561.jpg 1080w, https:\/\/web.afiwai.com\/rwp\/wp-content\/uploads\/2019\/06\/Cnemidophorus-uniparens-Buffalo-Zoo-610x317.jpg 610w\" sizes=\"(max-width: 1280px) 100vw, 1280px\" \/>\t\t\t\t\t\t\t\t\t<span class=\"overlay\"><\/span>\n\t\t\t\t\t\t\t\t<\/a>\n\t\t\t\t\t\t\t<\/div>\n\t\t\t\t\t\t\t\t\t\t\t\t<div class=\"desc\">\n\t\t\t\t\t\t\t<h3 class=\"text-center text-capitalize\"><a href=\"https:\/\/web.afiwai.com\/rwp\/e-se-fosse-possivel-existir-reproducao-sem-um-macho\/\"><span>E se fosse poss\u00edvel existir reprodu\u00e7\u00e3o, sem um macho?<\/span><\/a><\/h3>\n\t\t\t\t\t\t\t\t\t\t\t\t\t\t\t<div class=\"date_wrap\">\n\t\t\t\t\t\t\t\t\t\t\t\t\t\t\t\t\t\t\t<p class='bd-margin-0'><span title=\"Posted By Isadora Pombeiro\"><i class=\"fas fa-user\"><\/i>&nbsp;<a href=\"https:\/\/web.afiwai.com\/rwp\/author\/isadora-pombeiro\/\"><span>Isadora Pombeiro<\/span><\/a><\/span>&nbsp;&nbsp;<\/p>\n\t\t\t\t\t\t\t\t\t\t\t\t\t\t\t\t\t\t\t\t<p class='bd-margin-0'><span class=\"bd-metacomments\"><i class=\"fas fa-comment\"><\/i>&nbsp;<a href=\"https:\/\/web.afiwai.com\/rwp\/e-se-fosse-possivel-existir-reproducao-sem-um-macho\/#respond\">No Comments<\/a>\t\t\t\t\t\t\t\t\t\t\t<\/span><\/p>\n\t\t\t\t\t\t\t\t\t\t\t\t\t\t\t\t\t\t\t\t<div class=\"bd-datetime\">\n\t\t\t\t\t\t\t\t\t\t\t<span class=\"month\">Jun<\/span><span class=\"date\">09<\/span>\n\t\t\t\t\t\t\t\t\t\t<\/div>\n\t\t\t\t\t\t\t\t\t\t\t\t\t\t\t\t\t<\/div>\n\t\t\t\t\t\t\t\t\t\t\t\t\t\t<div class=\"bd-post-content\">\n\t\t\t\t\t\t\t\tA sua opini\u00e3o<div class=\"rw-left\"><div class=\"rw-ui-container rw-class-blog-post rw-urid-312480\"><\/div><\/div>[et_pb_section fb_built=\u201d1\u2033 admin_label=\u201dsection\u201d _builder_version=\u201d3.22\u2033][et_pb_row admin_label=\u201drow\u201d _builder_version=\u201d3.25\u2033 background_size=\u201dinitia\n<span class=\"et_bloom_bottom_trigger\"><\/span>\t\t\t\t\t\t\t<\/div>\n\t\t\t\t\t\t\t\t\t\t\t\t\t\t\t<div class=\"read_more\">\n\t\t\t\t\t\t\t\t\t<a class=\"bd-more-tag\" href=\"https:\/\/web.afiwai.com\/rwp\/e-se-fosse-possivel-existir-reproducao-sem-um-macho\/\"><i class=\"fas fa-plus\"><\/i> Leia mais <\/a>\t\t\t\t\t\t\t\t<\/div>\n\t\t\t\t\t\t\t\t\t\t\t\t\t<\/div>\n\t\t\t\t\t<\/div>\n\t\t\t\t\t\t\t\t\t\t\t<footer class=\"blog_footer text-capitalize\">\n\t\t\t\t\t\t\t\t\t\t\t\t\t\t\t<p class=\"bd-margin-0\"><span class=\"bd-categories\"><i class=\"fas fa-folder\"><\/i>\n\t\t\t\t\t\t\t\t\t\t<span class=\"bd-link-label\">Categories :&nbsp;<\/span><a href=\"https:\/\/web.afiwai.com\/rwp\/category\/blog\/\" rel=\"category tag\">Blog<\/a>\t\t\t\t\t\t\t\t\t<\/span>\n\t\t\t\t\t\t\t\t<\/p>\n\t\t\t\t\t\t\t\t\t\t\t\t\t\t\t\t\t<p class=\"bd-margin-0\">\n\t\t\t\t\t\t\t\t\t\t<span class=\"bd-tags\"><i class=\"fas fa-bookmark\"><\/i>\n\t\t\t\t\t\t\t\t\t\t\t<span class=\"bd-link-label\">Tags :&nbsp;<\/span><a href=\"https:\/\/web.afiwai.com\/rwp\/tag\/aspidoscelis\/\" rel=\"tag\">Aspidoscelis<\/a>, <a href=\"https:\/\/web.afiwai.com\/rwp\/tag\/biotopo\/\" rel=\"tag\">bi\u00f3topo<\/a>, <a href=\"https:\/\/web.afiwai.com\/rwp\/tag\/cnemidophorus\/\" rel=\"tag\">Cnemidophorus<\/a>, <a href=\"https:\/\/web.afiwai.com\/rwp\/tag\/dragao\/\" rel=\"tag\">drag\u00e3o<\/a>, <a href=\"https:\/\/web.afiwai.com\/rwp\/tag\/genetica\/\" rel=\"tag\">gen\u00e9tica<\/a>, <a href=\"https:\/\/web.afiwai.com\/rwp\/tag\/komodoensis\/\" rel=\"tag\">komodoensis<\/a>, <a href=\"https:\/\/web.afiwai.com\/rwp\/tag\/nerodia\/\" rel=\"tag\">Nerodia<\/a>, <a href=\"https:\/\/web.afiwai.com\/rwp\/tag\/parasita\/\" rel=\"tag\">parasita<\/a>, <a href=\"https:\/\/web.afiwai.com\/rwp\/tag\/partenogenese\/\" rel=\"tag\">partenog\u00e9nese<\/a>, <a href=\"https:\/\/web.afiwai.com\/rwp\/tag\/partenogenetica\/\" rel=\"tag\">partenogen\u00e9tica<\/a>, <a href=\"https:\/\/web.afiwai.com\/rwp\/tag\/varanus\/\" rel=\"tag\">Varanus<\/a>, <a href=\"https:\/\/web.afiwai.com\/rwp\/tag\/zoo\/\" rel=\"tag\">Zoo<\/a>\t\t\t\t\t\t\t\t\t\t<\/span>\n\t\t\t\t\t\t\t\t\t<\/p>\n\t\t\t\t\t\t\t\t\t\t\t\t\t\t\t\t\t<div class=\"social-component\">\n\t\t\t\t\t\t\t\t\t\t\t\t\t\t\t\t\t\t\t<a data-share=\"facebook\" data-href=\"https:\/\/www.facebook.com\/sharer\/sharer.php\" data-url=\"https:\/\/web.afiwai.com\/rwp\/e-se-fosse-possivel-existir-reproducao-sem-um-macho\/\" class=\"bd-facebook-share bd-social-share\"><i class=\"fab fa-facebook-f\"><\/i><\/a>\n\t\t\t\t\t\t\t\t\t\t\t\t\t\t\t\t\t\t\t\t<a data-share=\"twitter\" data-href=\"https:\/\/twitter.com\/share\" data-text=\"E se fosse poss\u00edvel existir reprodu\u00e7\u00e3o, sem um macho?\" data-url=\"https:\/\/web.afiwai.com\/rwp\/e-se-fosse-possivel-existir-reproducao-sem-um-macho\/\" class=\"bd-twitter-share bd-social-share\"><i class=\"fab fa-x-twitter\"><\/i><\/a>\n\t\t\t\t\t\t\t\t\t\t\t\t\t\t\t\t\t\t\t\t<a data-share=\"linkedin\" data-href=\"https:\/\/www.linkedin.com\/shareArticle\" data-url=\"https:\/\/web.afiwai.com\/rwp\/e-se-fosse-possivel-existir-reproducao-sem-um-macho\/\" class=\"bd-linkedin-share bd-social-share\"><i class=\"fab fa-linkedin-in\"><\/i><\/a>\n\t\t\t\t\t\t\t\t\t\t\t\t\t\t\t\t\t\t\t\t<a data-share=\"pinterest\" data-href=\"https:\/\/pinterest.com\/pin\/create\/button\/\" data-url=\"https:\/\/web.afiwai.com\/rwp\/e-se-fosse-possivel-existir-reproducao-sem-um-macho\/\" data-mdia=\"https:\/\/web.afiwai.com\/rwp\/wp-content\/uploads\/2019\/06\/Cnemidophorus-uniparens-Buffalo-Zoo.jpg\" data-description=\"E se fosse poss\u00edvel existir reprodu\u00e7\u00e3o, sem um macho?\" class=\"bd-pinterest-share bd-social-share\"> <i class=\"fab fa-pinterest-p\"><\/i><\/a>\n\t\t\t\t\t\t\t\t\t\t\t\t\t\t\t\t\t<\/div>\n\t\t\t\t\t\t\t\t\t\t\t\t\t\t<\/footer>\n\t\t\t\t\t\t\t\t\t<\/div>\n\t\t\t<\/div>\n\t\t<\/div>\n\t\t\t\t<div class=\"blog_template bdp_blog_template timeline blog-wrap  even\">\n\t\t\t<div class=\"post_hentry\"><p><i class=\"fas\" data-fa-pseudo-element=\":before\">\uf303<\/i><\/p><div class=\"post_content_wrap\">\n\t\t\t\t\t<div class=\"post_wrapper box-blog\">\n\t\t\t\t\t\t\t\t\t\t\t\t\t<div class=\"bd-post-image photo\">\n\t\t\t\t\t\t\t\t<a href=\"https:\/\/web.afiwai.com\/rwp\/as-viboras-das-arvores-genero-atheris\/\"><img width=\"640\" height=\"480\" src=\"https:\/\/web.afiwai.com\/rwp\/wp-content\/uploads\/2019\/05\/Atheris-hispida-Bree-McGhee-Flickr.jpg\" class=\"attachment-full size-full wp-post-image\" alt=\"\" decoding=\"async\" loading=\"lazy\" srcset=\"https:\/\/web.afiwai.com\/rwp\/wp-content\/uploads\/2019\/05\/Atheris-hispida-Bree-McGhee-Flickr.jpg 640w, https:\/\/web.afiwai.com\/rwp\/wp-content\/uploads\/2019\/05\/Atheris-hispida-Bree-McGhee-Flickr-300x225.jpg 300w, https:\/\/web.afiwai.com\/rwp\/wp-content\/uploads\/2019\/05\/Atheris-hispida-Bree-McGhee-Flickr-510x382.jpg 510w, https:\/\/web.afiwai.com\/rwp\/wp-content\/uploads\/2019\/05\/Atheris-hispida-Bree-McGhee-Flickr-610x458.jpg 610w\" sizes=\"(max-width: 640px) 100vw, 640px\" \/>\t\t\t\t\t\t\t\t\t<span class=\"overlay\"><\/span>\n\t\t\t\t\t\t\t\t<\/a>\n\t\t\t\t\t\t\t<\/div>\n\t\t\t\t\t\t\t\t\t\t\t\t<div class=\"desc\">\n\t\t\t\t\t\t\t<h3 class=\"text-center text-capitalize\"><a href=\"https:\/\/web.afiwai.com\/rwp\/as-viboras-das-arvores-genero-atheris\/\"><span>As v\u00edboras-das-\u00e1rvores: g\u00e9nero Atheris<\/span><\/a><\/h3>\n\t\t\t\t\t\t\t\t\t\t\t\t\t\t\t<div class=\"date_wrap\">\n\t\t\t\t\t\t\t\t\t\t\t\t\t\t\t\t\t\t\t<p class='bd-margin-0'><span title=\"Posted By Isadora Pombeiro\"><i class=\"fas fa-user\"><\/i>&nbsp;<a href=\"https:\/\/web.afiwai.com\/rwp\/author\/isadora-pombeiro\/\"><span>Isadora Pombeiro<\/span><\/a><\/span>&nbsp;&nbsp;<\/p>\n\t\t\t\t\t\t\t\t\t\t\t\t\t\t\t\t\t\t\t\t<p class='bd-margin-0'><span class=\"bd-metacomments\"><i class=\"fas fa-comment\"><\/i>&nbsp;<a href=\"https:\/\/web.afiwai.com\/rwp\/as-viboras-das-arvores-genero-atheris\/#respond\">No Comments<\/a>\t\t\t\t\t\t\t\t\t\t\t<\/span><\/p>\n\t\t\t\t\t\t\t\t\t\t\t\t\t\t\t\t\t\t\t\t<div class=\"bd-datetime\">\n\t\t\t\t\t\t\t\t\t\t\t<span class=\"month\">Mai<\/span><span class=\"date\">19<\/span>\n\t\t\t\t\t\t\t\t\t\t<\/div>\n\t\t\t\t\t\t\t\t\t\t\t\t\t\t\t\t\t<\/div>\n\t\t\t\t\t\t\t\t\t\t\t\t\t\t<div class=\"bd-post-content\">\n\t\t\t\t\t\t\t\tA sua opini\u00e3o<div class=\"rw-left\"><div class=\"rw-ui-container rw-class-blog-post rw-urid-311050\"><\/div><\/div>[et_pb_section fb_built=\u201d1\u2033 admin_label=\u201dsection\u201d _builder_version=\u201d3.22.3\u2033][et_pb_row admin_label=\u201drow\u201d _builder_version=\u201d3.25\u2033 background_size=\u201dinit\n<span class=\"et_bloom_bottom_trigger\"><\/span>\t\t\t\t\t\t\t<\/div>\n\t\t\t\t\t\t\t\t\t\t\t\t\t\t\t<div class=\"read_more\">\n\t\t\t\t\t\t\t\t\t<a class=\"bd-more-tag\" href=\"https:\/\/web.afiwai.com\/rwp\/as-viboras-das-arvores-genero-atheris\/\"><i class=\"fas fa-plus\"><\/i> Leia mais <\/a>\t\t\t\t\t\t\t\t<\/div>\n\t\t\t\t\t\t\t\t\t\t\t\t\t<\/div>\n\t\t\t\t\t<\/div>\n\t\t\t\t\t\t\t\t\t\t\t<footer class=\"blog_footer text-capitalize\">\n\t\t\t\t\t\t\t\t\t\t\t\t\t\t\t<p class=\"bd-margin-0\"><span class=\"bd-categories\"><i class=\"fas fa-folder\"><\/i>\n\t\t\t\t\t\t\t\t\t\t<span class=\"bd-link-label\">Categories :&nbsp;<\/span><a href=\"https:\/\/web.afiwai.com\/rwp\/category\/blog\/\" rel=\"category tag\">Blog<\/a>\t\t\t\t\t\t\t\t\t<\/span>\n\t\t\t\t\t\t\t\t<\/p>\n\t\t\t\t\t\t\t\t\t\t\t\t\t\t\t\t\t<p class=\"bd-margin-0\">\n\t\t\t\t\t\t\t\t\t\t<span class=\"bd-tags\"><i class=\"fas fa-bookmark\"><\/i>\n\t\t\t\t\t\t\t\t\t\t\t<span class=\"bd-link-label\">Tags :&nbsp;<\/span><a href=\"https:\/\/web.afiwai.com\/rwp\/tag\/anfibios\/\" rel=\"tag\">anf\u00edbios<\/a>, <a href=\"https:\/\/web.afiwai.com\/rwp\/tag\/atheris\/\" rel=\"tag\">Atheris<\/a>, <a href=\"https:\/\/web.afiwai.com\/rwp\/tag\/dragao\/\" rel=\"tag\">drag\u00e3o<\/a>, <a href=\"https:\/\/web.afiwai.com\/rwp\/tag\/preservacao\/\" rel=\"tag\">preserva\u00e7\u00e3o<\/a>, <a href=\"https:\/\/web.afiwai.com\/rwp\/tag\/ras\/\" rel=\"tag\">r\u00e3s<\/a>, <a href=\"https:\/\/web.afiwai.com\/rwp\/tag\/repteis\/\" rel=\"tag\">r\u00e9pteis<\/a>, <a href=\"https:\/\/web.afiwai.com\/rwp\/tag\/reptil\/\" rel=\"tag\">r\u00e9ptil<\/a>, <a href=\"https:\/\/web.afiwai.com\/rwp\/tag\/serpentes\/\" rel=\"tag\">serpentes<\/a>, <a href=\"https:\/\/web.afiwai.com\/rwp\/tag\/veneno\/\" rel=\"tag\">veneno<\/a>, <a href=\"https:\/\/web.afiwai.com\/rwp\/tag\/venenosas\/\" rel=\"tag\">venenosas<\/a>, <a href=\"https:\/\/web.afiwai.com\/rwp\/tag\/viboras\/\" rel=\"tag\">v\u00edboras<\/a>, <a href=\"https:\/\/web.afiwai.com\/rwp\/tag\/viperidae\/\" rel=\"tag\">Viperidae<\/a>, <a href=\"https:\/\/web.afiwai.com\/rwp\/tag\/vipers\/\" rel=\"tag\">vipers<\/a>, <a href=\"https:\/\/web.afiwai.com\/rwp\/tag\/viviparas\/\" rel=\"tag\">viv\u00edparas<\/a>\t\t\t\t\t\t\t\t\t\t<\/span>\n\t\t\t\t\t\t\t\t\t<\/p>\n\t\t\t\t\t\t\t\t\t\t\t\t\t\t\t\t\t<div class=\"social-component\">\n\t\t\t\t\t\t\t\t\t\t\t\t\t\t\t\t\t\t\t<a data-share=\"facebook\" data-href=\"https:\/\/www.facebook.com\/sharer\/sharer.php\" data-url=\"https:\/\/web.afiwai.com\/rwp\/as-viboras-das-arvores-genero-atheris\/\" class=\"bd-facebook-share bd-social-share\"><i class=\"fab fa-facebook-f\"><\/i><\/a>\n\t\t\t\t\t\t\t\t\t\t\t\t\t\t\t\t\t\t\t\t<a data-share=\"twitter\" data-href=\"https:\/\/twitter.com\/share\" data-text=\"As v\u00edboras-das-\u00e1rvores: g\u00e9nero Atheris\" data-url=\"https:\/\/web.afiwai.com\/rwp\/as-viboras-das-arvores-genero-atheris\/\" class=\"bd-twitter-share bd-social-share\"><i class=\"fab fa-x-twitter\"><\/i><\/a>\n\t\t\t\t\t\t\t\t\t\t\t\t\t\t\t\t\t\t\t\t<a data-share=\"linkedin\" data-href=\"https:\/\/www.linkedin.com\/shareArticle\" data-url=\"https:\/\/web.afiwai.com\/rwp\/as-viboras-das-arvores-genero-atheris\/\" class=\"bd-linkedin-share bd-social-share\"><i class=\"fab fa-linkedin-in\"><\/i><\/a>\n\t\t\t\t\t\t\t\t\t\t\t\t\t\t\t\t\t\t\t\t<a data-share=\"pinterest\" data-href=\"https:\/\/pinterest.com\/pin\/create\/button\/\" data-url=\"https:\/\/web.afiwai.com\/rwp\/as-viboras-das-arvores-genero-atheris\/\" data-mdia=\"https:\/\/web.afiwai.com\/rwp\/wp-content\/uploads\/2019\/05\/Atheris-hispida-Bree-McGhee-Flickr.jpg\" data-description=\"As v\u00edboras-das-\u00e1rvores: g\u00e9nero Atheris\" class=\"bd-pinterest-share bd-social-share\"> <i class=\"fab fa-pinterest-p\"><\/i><\/a>\n\t\t\t\t\t\t\t\t\t\t\t\t\t\t\t\t\t<\/div>\n\t\t\t\t\t\t\t\t\t\t\t\t\t\t<\/footer>\n\t\t\t\t\t\t\t\t\t<\/div>\n\t\t\t<\/div>\n\t\t<\/div>\n\t\t\t\t<div class=\"blog_template bdp_blog_template timeline blog-wrap  odd\">\n\t\t\t<div class=\"post_hentry\"><p><i class=\"fas\" data-fa-pseudo-element=\":before\">\uf303<\/i><\/p><div class=\"post_content_wrap\">\n\t\t\t\t\t<div class=\"post_wrapper box-blog\">\n\t\t\t\t\t\t\t\t\t\t\t\t\t<div class=\"bd-post-image photo\">\n\t\t\t\t\t\t\t\t<a href=\"https:\/\/web.afiwai.com\/rwp\/os-incriveis-lagartos-voadores\/\"><img width=\"1000\" height=\"588\" src=\"https:\/\/web.afiwai.com\/rwp\/wp-content\/uploads\/2019\/05\/Draco-zhuxiaoyufishflickr.jpg\" class=\"attachment-full size-full wp-post-image\" alt=\"Draco - cr\u00e9dit: zhuxiaoyufish (flickr)\" decoding=\"async\" loading=\"lazy\" srcset=\"https:\/\/web.afiwai.com\/rwp\/wp-content\/uploads\/2019\/05\/Draco-zhuxiaoyufishflickr.jpg 1000w, https:\/\/web.afiwai.com\/rwp\/wp-content\/uploads\/2019\/05\/Draco-zhuxiaoyufishflickr-300x176.jpg 300w, https:\/\/web.afiwai.com\/rwp\/wp-content\/uploads\/2019\/05\/Draco-zhuxiaoyufishflickr-768x452.jpg 768w, https:\/\/web.afiwai.com\/rwp\/wp-content\/uploads\/2019\/05\/Draco-zhuxiaoyufishflickr-610x359.jpg 610w\" sizes=\"(max-width: 1000px) 100vw, 1000px\" \/>\t\t\t\t\t\t\t\t\t<span class=\"overlay\"><\/span>\n\t\t\t\t\t\t\t\t<\/a>\n\t\t\t\t\t\t\t<\/div>\n\t\t\t\t\t\t\t\t\t\t\t\t<div class=\"desc\">\n\t\t\t\t\t\t\t<h3 class=\"text-center text-capitalize\"><a href=\"https:\/\/web.afiwai.com\/rwp\/os-incriveis-lagartos-voadores\/\"><span>Os incr\u00edveis lagartos \u201dvoadores\u201d<\/span><\/a><\/h3>\n\t\t\t\t\t\t\t\t\t\t\t\t\t\t\t<div class=\"date_wrap\">\n\t\t\t\t\t\t\t\t\t\t\t\t\t\t\t\t\t\t\t<p class='bd-margin-0'><span title=\"Posted By Isadora Pombeiro\"><i class=\"fas fa-user\"><\/i>&nbsp;<a href=\"https:\/\/web.afiwai.com\/rwp\/author\/isadora-pombeiro\/\"><span>Isadora Pombeiro<\/span><\/a><\/span>&nbsp;&nbsp;<\/p>\n\t\t\t\t\t\t\t\t\t\t\t\t\t\t\t\t\t\t\t\t<p class='bd-margin-0'><span class=\"bd-metacomments\"><i class=\"fas fa-comment\"><\/i>&nbsp;<a href=\"https:\/\/web.afiwai.com\/rwp\/os-incriveis-lagartos-voadores\/#respond\">No Comments<\/a>\t\t\t\t\t\t\t\t\t\t\t<\/span><\/p>\n\t\t\t\t\t\t\t\t\t\t\t\t\t\t\t\t\t\t\t\t<div class=\"bd-datetime\">\n\t\t\t\t\t\t\t\t\t\t\t<span class=\"month\">Mai<\/span><span class=\"date\">12<\/span>\n\t\t\t\t\t\t\t\t\t\t<\/div>\n\t\t\t\t\t\t\t\t\t\t\t\t\t\t\t\t\t<\/div>\n\t\t\t\t\t\t\t\t\t\t\t\t\t\t<div class=\"bd-post-content\">\n\t\t\t\t\t\t\t\tA sua opini\u00e3o<div class=\"rw-left\"><div class=\"rw-ui-container rw-class-blog-post rw-urid-310850\"><\/div><\/div>[et_pb_section fb_built=\u201d1\u2033 admin_label=\u201dsection\u201d _builder_version=\u201d3.22.3\u2033][et_pb_row admin_label=\u201drow\u201d _builder_version=\u201d3.25\u2033 background_size=\u201dinit\n<span class=\"et_bloom_bottom_trigger\"><\/span>\t\t\t\t\t\t\t<\/div>\n\t\t\t\t\t\t\t\t\t\t\t\t\t\t\t<div class=\"read_more\">\n\t\t\t\t\t\t\t\t\t<a class=\"bd-more-tag\" href=\"https:\/\/web.afiwai.com\/rwp\/os-incriveis-lagartos-voadores\/\"><i class=\"fas fa-plus\"><\/i> Leia mais <\/a>\t\t\t\t\t\t\t\t<\/div>\n\t\t\t\t\t\t\t\t\t\t\t\t\t<\/div>\n\t\t\t\t\t<\/div>\n\t\t\t\t\t\t\t\t\t\t\t<footer class=\"blog_footer text-capitalize\">\n\t\t\t\t\t\t\t\t\t\t\t\t\t\t\t<p class=\"bd-margin-0\"><span class=\"bd-categories\"><i class=\"fas fa-folder\"><\/i>\n\t\t\t\t\t\t\t\t\t\t<span class=\"bd-link-label\">Categories :&nbsp;<\/span><a href=\"https:\/\/web.afiwai.com\/rwp\/category\/blog\/\" rel=\"category tag\">Blog<\/a>\t\t\t\t\t\t\t\t\t<\/span>\n\t\t\t\t\t\t\t\t<\/p>\n\t\t\t\t\t\t\t\t\t\t\t\t\t\t\t\t\t<p class=\"bd-margin-0\">\n\t\t\t\t\t\t\t\t\t\t<span class=\"bd-tags\"><i class=\"fas fa-bookmark\"><\/i>\n\t\t\t\t\t\t\t\t\t\t\t<span class=\"bd-link-label\">Tags :&nbsp;<\/span><a href=\"https:\/\/web.afiwai.com\/rwp\/tag\/agamidae\/\" rel=\"tag\">Agamidae<\/a>, <a href=\"https:\/\/web.afiwai.com\/rwp\/tag\/agamideos\/\" rel=\"tag\">agam\u00eddeos<\/a>, <a href=\"https:\/\/web.afiwai.com\/rwp\/tag\/arboricolas\/\" rel=\"tag\">arbor\u00edcolas<\/a>, <a href=\"https:\/\/web.afiwai.com\/rwp\/tag\/carnivoros\/\" rel=\"tag\">carn\u00edvoros<\/a>, <a href=\"https:\/\/web.afiwai.com\/rwp\/tag\/chlamydosaurus\/\" rel=\"tag\">Chlamydosaurus<\/a>, <a href=\"https:\/\/web.afiwai.com\/rwp\/tag\/draco\/\" rel=\"tag\">Draco<\/a>, <a href=\"https:\/\/web.afiwai.com\/rwp\/tag\/dragao\/\" rel=\"tag\">drag\u00e3o<\/a>, <a href=\"https:\/\/web.afiwai.com\/rwp\/tag\/dragoes\/\" rel=\"tag\">drag\u00f5es<\/a>, <a href=\"https:\/\/web.afiwai.com\/rwp\/tag\/herbivoros\/\" rel=\"tag\">herb\u00edvoros<\/a>, <a href=\"https:\/\/web.afiwai.com\/rwp\/tag\/insectivoros\/\" rel=\"tag\">insect\u00edvoros<\/a>, <a href=\"https:\/\/web.afiwai.com\/rwp\/tag\/lagartos\/\" rel=\"tag\">Lagartos<\/a>, <a href=\"https:\/\/web.afiwai.com\/rwp\/tag\/leiolepis\/\" rel=\"tag\">Leiolepis<\/a>, <a href=\"https:\/\/web.afiwai.com\/rwp\/tag\/moloch\/\" rel=\"tag\">Moloch<\/a>, <a href=\"https:\/\/web.afiwai.com\/rwp\/tag\/predadores\/\" rel=\"tag\">predadores<\/a>, <a href=\"https:\/\/web.afiwai.com\/rwp\/tag\/reptil\/\" rel=\"tag\">r\u00e9ptil<\/a>\t\t\t\t\t\t\t\t\t\t<\/span>\n\t\t\t\t\t\t\t\t\t<\/p>\n\t\t\t\t\t\t\t\t\t\t\t\t\t\t\t\t\t<div class=\"social-component\">\n\t\t\t\t\t\t\t\t\t\t\t\t\t\t\t\t\t\t\t<a data-share=\"facebook\" data-href=\"https:\/\/www.facebook.com\/sharer\/sharer.php\" data-url=\"https:\/\/web.afiwai.com\/rwp\/os-incriveis-lagartos-voadores\/\" class=\"bd-facebook-share bd-social-share\"><i class=\"fab fa-facebook-f\"><\/i><\/a>\n\t\t\t\t\t\t\t\t\t\t\t\t\t\t\t\t\t\t\t\t<a data-share=\"twitter\" data-href=\"https:\/\/twitter.com\/share\" data-text=\"Os incr\u00edveis lagartos \u201dvoadores\u201d\" data-url=\"https:\/\/web.afiwai.com\/rwp\/os-incriveis-lagartos-voadores\/\" class=\"bd-twitter-share bd-social-share\"><i class=\"fab fa-x-twitter\"><\/i><\/a>\n\t\t\t\t\t\t\t\t\t\t\t\t\t\t\t\t\t\t\t\t<a data-share=\"linkedin\" data-href=\"https:\/\/www.linkedin.com\/shareArticle\" data-url=\"https:\/\/web.afiwai.com\/rwp\/os-incriveis-lagartos-voadores\/\" class=\"bd-linkedin-share bd-social-share\"><i class=\"fab fa-linkedin-in\"><\/i><\/a>\n\t\t\t\t\t\t\t\t\t\t\t\t\t\t\t\t\t\t\t\t<a data-share=\"pinterest\" data-href=\"https:\/\/pinterest.com\/pin\/create\/button\/\" data-url=\"https:\/\/web.afiwai.com\/rwp\/os-incriveis-lagartos-voadores\/\" data-mdia=\"https:\/\/web.afiwai.com\/rwp\/wp-content\/uploads\/2019\/05\/Draco-zhuxiaoyufishflickr.jpg\" data-description=\"Os incr\u00edveis lagartos \u201dvoadores\u201d\" class=\"bd-pinterest-share bd-social-share\"> <i class=\"fab fa-pinterest-p\"><\/i><\/a>\n\t\t\t\t\t\t\t\t\t\t\t\t\t\t\t\t\t<\/div>\n\t\t\t\t\t\t\t\t\t\t\t\t\t\t<\/footer>\n\t\t\t\t\t\t\t\t\t<\/div>\n\t\t\t<\/div>\n\t\t<\/div>\n\t\t\t\t<div class=\"blog_template bdp_blog_template timeline blog-wrap  even\">\n\t\t\t<div class=\"post_hentry\"><p><i class=\"fas\" data-fa-pseudo-element=\":before\">\uf303<\/i><\/p><div class=\"post_content_wrap\">\n\t\t\t\t\t<div class=\"post_wrapper box-blog\">\n\t\t\t\t\t\t\t\t\t\t\t\t\t<div class=\"bd-post-image photo\">\n\t\t\t\t\t\t\t\t<a href=\"https:\/\/web.afiwai.com\/rwp\/australia-piton-mutante-com-3-olhos\/\"><img width=\"1600\" height=\"1066\" src=\"https:\/\/web.afiwai.com\/rwp\/wp-content\/uploads\/2019\/05\/Northern-Territory-Parks-and-Wildlife-bis.jpg\" class=\"attachment-full size-full wp-post-image\" alt=\"\" decoding=\"async\" loading=\"lazy\" srcset=\"https:\/\/web.afiwai.com\/rwp\/wp-content\/uploads\/2019\/05\/Northern-Territory-Parks-and-Wildlife-bis.jpg 1600w, https:\/\/web.afiwai.com\/rwp\/wp-content\/uploads\/2019\/05\/Northern-Territory-Parks-and-Wildlife-bis-300x200.jpg 300w, https:\/\/web.afiwai.com\/rwp\/wp-content\/uploads\/2019\/05\/Northern-Territory-Parks-and-Wildlife-bis-768x512.jpg 768w, https:\/\/web.afiwai.com\/rwp\/wp-content\/uploads\/2019\/05\/Northern-Territory-Parks-and-Wildlife-bis-1024x682.jpg 1024w, https:\/\/web.afiwai.com\/rwp\/wp-content\/uploads\/2019\/05\/Northern-Territory-Parks-and-Wildlife-bis-1080x720.jpg 1080w, https:\/\/web.afiwai.com\/rwp\/wp-content\/uploads\/2019\/05\/Northern-Territory-Parks-and-Wildlife-bis-610x406.jpg 610w\" sizes=\"(max-width: 1600px) 100vw, 1600px\" \/>\t\t\t\t\t\t\t\t\t<span class=\"overlay\"><\/span>\n\t\t\t\t\t\t\t\t<\/a>\n\t\t\t\t\t\t\t<\/div>\n\t\t\t\t\t\t\t\t\t\t\t\t<div class=\"desc\">\n\t\t\t\t\t\t\t<h3 class=\"text-center text-capitalize\"><a href=\"https:\/\/web.afiwai.com\/rwp\/australia-piton-mutante-com-3-olhos\/\"><span>Austr\u00e1lia: P\u00edton mutante com 3 olhos<\/span><\/a><\/h3>\n\t\t\t\t\t\t\t\t\t\t\t\t\t\t\t<div class=\"date_wrap\">\n\t\t\t\t\t\t\t\t\t\t\t\t\t\t\t\t\t\t\t<p class='bd-margin-0'><span title=\"Posted By Jeziel Carvalho\"><i class=\"fas fa-user\"><\/i>&nbsp;<a href=\"https:\/\/web.afiwai.com\/rwp\/author\/jeziel\/\"><span>Jeziel Carvalho<\/span><\/a><\/span>&nbsp;&nbsp;<\/p>\n\t\t\t\t\t\t\t\t\t\t\t\t\t\t\t\t\t\t\t\t<p class='bd-margin-0'><span class=\"bd-metacomments\"><i class=\"fas fa-comment\"><\/i>&nbsp;<a href=\"https:\/\/web.afiwai.com\/rwp\/australia-piton-mutante-com-3-olhos\/#respond\">No Comments<\/a>\t\t\t\t\t\t\t\t\t\t\t<\/span><\/p>\n\t\t\t\t\t\t\t\t\t\t\t\t\t\t\t\t\t\t\t\t<div class=\"bd-datetime\">\n\t\t\t\t\t\t\t\t\t\t\t<span class=\"month\">Mai<\/span><span class=\"date\">02<\/span>\n\t\t\t\t\t\t\t\t\t\t<\/div>\n\t\t\t\t\t\t\t\t\t\t\t\t\t\t\t\t\t<\/div>\n\t\t\t\t\t\t\t\t\t\t\t\t\t\t<div class=\"bd-post-content\">\n\t\t\t\t\t\t\t\tA sua opini\u00e3o<div class=\"rw-left\"><div class=\"rw-ui-container rw-class-blog-post rw-urid-310610\"><\/div><\/div>[et_pb_section fb_built=\u201d1\u2033 admin_label=\u201dsection\u201d _builder_version=\u201d3.22.3\u2033][et_pb_row admin_label=\u201drow\u201d _builder_version=\u201d3.25\u2033 background_size=\u201dinit\n<span class=\"et_bloom_bottom_trigger\"><\/span>\t\t\t\t\t\t\t<\/div>\n\t\t\t\t\t\t\t\t\t\t\t\t\t\t\t<div class=\"read_more\">\n\t\t\t\t\t\t\t\t\t<a class=\"bd-more-tag\" href=\"https:\/\/web.afiwai.com\/rwp\/australia-piton-mutante-com-3-olhos\/\"><i class=\"fas fa-plus\"><\/i> Leia mais <\/a>\t\t\t\t\t\t\t\t<\/div>\n\t\t\t\t\t\t\t\t\t\t\t\t\t<\/div>\n\t\t\t\t\t<\/div>\n\t\t\t\t\t\t\t\t\t\t\t<footer class=\"blog_footer text-capitalize\">\n\t\t\t\t\t\t\t\t\t\t\t\t\t\t\t<p class=\"bd-margin-0\"><span class=\"bd-categories\"><i class=\"fas fa-folder\"><\/i>\n\t\t\t\t\t\t\t\t\t\t<span class=\"bd-link-label\">Categories :&nbsp;<\/span><a href=\"https:\/\/web.afiwai.com\/rwp\/category\/blog\/\" rel=\"category tag\">Blog<\/a>\t\t\t\t\t\t\t\t\t<\/span>\n\t\t\t\t\t\t\t\t<\/p>\n\t\t\t\t\t\t\t\t\t\t\t\t\t\t\t\t\t<p class=\"bd-margin-0\">\n\t\t\t\t\t\t\t\t\t\t<span class=\"bd-tags\"><i class=\"fas fa-bookmark\"><\/i>\n\t\t\t\t\t\t\t\t\t\t\t<span class=\"bd-link-label\">Tags :&nbsp;<\/span><a href=\"https:\/\/web.afiwai.com\/rwp\/tag\/cobra\/\" rel=\"tag\">cobra<\/a>, <a href=\"https:\/\/web.afiwai.com\/rwp\/tag\/piton\/\" rel=\"tag\">p\u00edton<\/a>, <a href=\"https:\/\/web.afiwai.com\/rwp\/tag\/repteis\/\" rel=\"tag\">r\u00e9pteis<\/a>, <a href=\"https:\/\/web.afiwai.com\/rwp\/tag\/wildlife\/\" rel=\"tag\">Wildlife<\/a>\t\t\t\t\t\t\t\t\t\t<\/span>\n\t\t\t\t\t\t\t\t\t<\/p>\n\t\t\t\t\t\t\t\t\t\t\t\t\t\t\t\t\t<div class=\"social-component\">\n\t\t\t\t\t\t\t\t\t\t\t\t\t\t\t\t\t\t\t<a data-share=\"facebook\" data-href=\"https:\/\/www.facebook.com\/sharer\/sharer.php\" data-url=\"https:\/\/web.afiwai.com\/rwp\/australia-piton-mutante-com-3-olhos\/\" class=\"bd-facebook-share bd-social-share\"><i class=\"fab fa-facebook-f\"><\/i><\/a>\n\t\t\t\t\t\t\t\t\t\t\t\t\t\t\t\t\t\t\t\t<a data-share=\"twitter\" data-href=\"https:\/\/twitter.com\/share\" data-text=\"Austr\u00e1lia: P\u00edton mutante com 3 olhos\" data-url=\"https:\/\/web.afiwai.com\/rwp\/australia-piton-mutante-com-3-olhos\/\" class=\"bd-twitter-share bd-social-share\"><i class=\"fab fa-x-twitter\"><\/i><\/a>\n\t\t\t\t\t\t\t\t\t\t\t\t\t\t\t\t\t\t\t\t<a data-share=\"linkedin\" data-href=\"https:\/\/www.linkedin.com\/shareArticle\" data-url=\"https:\/\/web.afiwai.com\/rwp\/australia-piton-mutante-com-3-olhos\/\" class=\"bd-linkedin-share bd-social-share\"><i class=\"fab fa-linkedin-in\"><\/i><\/a>\n\t\t\t\t\t\t\t\t\t\t\t\t\t\t\t\t\t\t\t\t<a data-share=\"pinterest\" data-href=\"https:\/\/pinterest.com\/pin\/create\/button\/\" data-url=\"https:\/\/web.afiwai.com\/rwp\/australia-piton-mutante-com-3-olhos\/\" data-mdia=\"https:\/\/web.afiwai.com\/rwp\/wp-content\/uploads\/2019\/05\/Northern-Territory-Parks-and-Wildlife-bis.jpg\" data-description=\"Austr\u00e1lia: P\u00edton mutante com 3 olhos\" class=\"bd-pinterest-share bd-social-share\"> <i class=\"fab fa-pinterest-p\"><\/i><\/a>\n\t\t\t\t\t\t\t\t\t\t\t\t\t\t\t\t\t<\/div>\n\t\t\t\t\t\t\t\t\t\t\t\t\t\t<\/footer>\n\t\t\t\t\t\t\t\t\t<\/div>\n\t\t\t<\/div>\n\t\t<\/div>\n\t\t\t\t<div class=\"blog_template bdp_blog_template timeline blog-wrap  odd\">\n\t\t\t<div class=\"post_hentry\"><p><i class=\"fas\" data-fa-pseudo-element=\":before\">\uf303<\/i><\/p><div class=\"post_content_wrap\">\n\t\t\t\t\t<div class=\"post_wrapper box-blog\">\n\t\t\t\t\t\t\t\t\t\t\t\t\t<div class=\"bd-post-image photo\">\n\t\t\t\t\t\t\t\t<a href=\"https:\/\/web.afiwai.com\/rwp\/komodo-uma-ilha-especial\/\"><img width=\"1880\" height=\"1253\" src=\"https:\/\/web.afiwai.com\/rwp\/wp-content\/uploads\/2019\/04\/Varanus-komodoensis-Dimitri-Dim.jpeg\" class=\"attachment-full size-full wp-post-image\" alt=\"\" decoding=\"async\" loading=\"lazy\" srcset=\"https:\/\/web.afiwai.com\/rwp\/wp-content\/uploads\/2019\/04\/Varanus-komodoensis-Dimitri-Dim.jpeg 1880w, https:\/\/web.afiwai.com\/rwp\/wp-content\/uploads\/2019\/04\/Varanus-komodoensis-Dimitri-Dim-300x200.jpeg 300w, https:\/\/web.afiwai.com\/rwp\/wp-content\/uploads\/2019\/04\/Varanus-komodoensis-Dimitri-Dim-768x512.jpeg 768w, https:\/\/web.afiwai.com\/rwp\/wp-content\/uploads\/2019\/04\/Varanus-komodoensis-Dimitri-Dim-1024x682.jpeg 1024w, https:\/\/web.afiwai.com\/rwp\/wp-content\/uploads\/2019\/04\/Varanus-komodoensis-Dimitri-Dim-1080x720.jpeg 1080w, https:\/\/web.afiwai.com\/rwp\/wp-content\/uploads\/2019\/04\/Varanus-komodoensis-Dimitri-Dim-610x407.jpeg 610w\" sizes=\"(max-width: 1880px) 100vw, 1880px\" \/>\t\t\t\t\t\t\t\t\t<span class=\"overlay\"><\/span>\n\t\t\t\t\t\t\t\t<\/a>\n\t\t\t\t\t\t\t<\/div>\n\t\t\t\t\t\t\t\t\t\t\t\t<div class=\"desc\">\n\t\t\t\t\t\t\t<h3 class=\"text-center text-capitalize\"><a href=\"https:\/\/web.afiwai.com\/rwp\/komodo-uma-ilha-especial\/\"><span>Komodo: uma ilha especial<\/span><\/a><\/h3>\n\t\t\t\t\t\t\t\t\t\t\t\t\t\t\t<div class=\"date_wrap\">\n\t\t\t\t\t\t\t\t\t\t\t\t\t\t\t\t\t\t\t<p class='bd-margin-0'><span title=\"Posted By Isadora Pombeiro\"><i class=\"fas fa-user\"><\/i>&nbsp;<a href=\"https:\/\/web.afiwai.com\/rwp\/author\/isadora-pombeiro\/\"><span>Isadora Pombeiro<\/span><\/a><\/span>&nbsp;&nbsp;<\/p>\n\t\t\t\t\t\t\t\t\t\t\t\t\t\t\t\t\t\t\t\t<p class='bd-margin-0'><span class=\"bd-metacomments\"><i class=\"fas fa-comment\"><\/i>&nbsp;<a href=\"https:\/\/web.afiwai.com\/rwp\/komodo-uma-ilha-especial\/#respond\">No Comments<\/a>\t\t\t\t\t\t\t\t\t\t\t<\/span><\/p>\n\t\t\t\t\t\t\t\t\t\t\t\t\t\t\t\t\t\t\t\t<div class=\"bd-datetime\">\n\t\t\t\t\t\t\t\t\t\t\t<span class=\"month\">Abr<\/span><span class=\"date\">21<\/span>\n\t\t\t\t\t\t\t\t\t\t<\/div>\n\t\t\t\t\t\t\t\t\t\t\t\t\t\t\t\t\t<\/div>\n\t\t\t\t\t\t\t\t\t\t\t\t\t\t<div class=\"bd-post-content\">\n\t\t\t\t\t\t\t\tA sua opini\u00e3o<div class=\"rw-left\"><div class=\"rw-ui-container rw-class-blog-post rw-urid-310370\"><\/div><\/div>[et_pb_section fb_built=\u201d1\u2033 admin_label=\u201dsection\u201d _builder_version=\u201d3.22.3\u2033][et_pb_row admin_label=\u201drow\u201d _builder_version=\u201d3.25\u2033 background_size=\u201dinit\n<span class=\"et_bloom_bottom_trigger\"><\/span>\t\t\t\t\t\t\t<\/div>\n\t\t\t\t\t\t\t\t\t\t\t\t\t\t\t<div class=\"read_more\">\n\t\t\t\t\t\t\t\t\t<a class=\"bd-more-tag\" href=\"https:\/\/web.afiwai.com\/rwp\/komodo-uma-ilha-especial\/\"><i class=\"fas fa-plus\"><\/i> Leia mais <\/a>\t\t\t\t\t\t\t\t<\/div>\n\t\t\t\t\t\t\t\t\t\t\t\t\t<\/div>\n\t\t\t\t\t<\/div>\n\t\t\t\t\t\t\t\t\t\t\t<footer class=\"blog_footer text-capitalize\">\n\t\t\t\t\t\t\t\t\t\t\t\t\t\t\t<p class=\"bd-margin-0\"><span class=\"bd-categories\"><i class=\"fas fa-folder\"><\/i>\n\t\t\t\t\t\t\t\t\t\t<span class=\"bd-link-label\">Categories :&nbsp;<\/span><a href=\"https:\/\/web.afiwai.com\/rwp\/category\/blog\/\" rel=\"category tag\">Blog<\/a>\t\t\t\t\t\t\t\t\t<\/span>\n\t\t\t\t\t\t\t\t<\/p>\n\t\t\t\t\t\t\t\t\t\t\t\t\t\t\t\t\t<p class=\"bd-margin-0\">\n\t\t\t\t\t\t\t\t\t\t<span class=\"bd-tags\"><i class=\"fas fa-bookmark\"><\/i>\n\t\t\t\t\t\t\t\t\t\t\t<span class=\"bd-link-label\">Tags :&nbsp;<\/span><a href=\"https:\/\/web.afiwai.com\/rwp\/tag\/bifida\/\" rel=\"tag\">b\u00edfida<\/a>, <a href=\"https:\/\/web.afiwai.com\/rwp\/tag\/dragao\/\" rel=\"tag\">drag\u00e3o<\/a>, <a href=\"https:\/\/web.afiwai.com\/rwp\/tag\/dragoes\/\" rel=\"tag\">drag\u00f5es<\/a>, <a href=\"https:\/\/web.afiwai.com\/rwp\/tag\/jacobson\/\" rel=\"tag\">Jacobson<\/a>, <a href=\"https:\/\/web.afiwai.com\/rwp\/tag\/komodo\/\" rel=\"tag\">Komodo<\/a>, <a href=\"https:\/\/web.afiwai.com\/rwp\/tag\/komodoensis\/\" rel=\"tag\">komodoensis<\/a>, <a href=\"https:\/\/web.afiwai.com\/rwp\/tag\/lagartos\/\" rel=\"tag\">Lagartos<\/a>, <a href=\"https:\/\/web.afiwai.com\/rwp\/tag\/predador\/\" rel=\"tag\">predador<\/a>, <a href=\"https:\/\/web.afiwai.com\/rwp\/tag\/repteis\/\" rel=\"tag\">r\u00e9pteis<\/a>, <a href=\"https:\/\/web.afiwai.com\/rwp\/tag\/reptil\/\" rel=\"tag\">r\u00e9ptil<\/a>, <a href=\"https:\/\/web.afiwai.com\/rwp\/tag\/varanus\/\" rel=\"tag\">Varanus<\/a>, <a href=\"https:\/\/web.afiwai.com\/rwp\/tag\/veneno\/\" rel=\"tag\">veneno<\/a>\t\t\t\t\t\t\t\t\t\t<\/span>\n\t\t\t\t\t\t\t\t\t<\/p>\n\t\t\t\t\t\t\t\t\t\t\t\t\t\t\t\t\t<div class=\"social-component\">\n\t\t\t\t\t\t\t\t\t\t\t\t\t\t\t\t\t\t\t<a data-share=\"facebook\" data-href=\"https:\/\/www.facebook.com\/sharer\/sharer.php\" data-url=\"https:\/\/web.afiwai.com\/rwp\/komodo-uma-ilha-especial\/\" class=\"bd-facebook-share bd-social-share\"><i class=\"fab fa-facebook-f\"><\/i><\/a>\n\t\t\t\t\t\t\t\t\t\t\t\t\t\t\t\t\t\t\t\t<a data-share=\"twitter\" data-href=\"https:\/\/twitter.com\/share\" data-text=\"Komodo: uma ilha especial\" data-url=\"https:\/\/web.afiwai.com\/rwp\/komodo-uma-ilha-especial\/\" class=\"bd-twitter-share bd-social-share\"><i class=\"fab fa-x-twitter\"><\/i><\/a>\n\t\t\t\t\t\t\t\t\t\t\t\t\t\t\t\t\t\t\t\t<a data-share=\"linkedin\" data-href=\"https:\/\/www.linkedin.com\/shareArticle\" data-url=\"https:\/\/web.afiwai.com\/rwp\/komodo-uma-ilha-especial\/\" class=\"bd-linkedin-share bd-social-share\"><i class=\"fab fa-linkedin-in\"><\/i><\/a>\n\t\t\t\t\t\t\t\t\t\t\t\t\t\t\t\t\t\t\t\t<a data-share=\"pinterest\" data-href=\"https:\/\/pinterest.com\/pin\/create\/button\/\" data-url=\"https:\/\/web.afiwai.com\/rwp\/komodo-uma-ilha-especial\/\" data-mdia=\"https:\/\/web.afiwai.com\/rwp\/wp-content\/uploads\/2019\/04\/Varanus-komodoensis-Dimitri-Dim.jpeg\" data-description=\"Komodo: uma ilha especial\" class=\"bd-pinterest-share bd-social-share\"> <i class=\"fab fa-pinterest-p\"><\/i><\/a>\n\t\t\t\t\t\t\t\t\t\t\t\t\t\t\t\t\t<\/div>\n\t\t\t\t\t\t\t\t\t\t\t\t\t\t<\/footer>\n\t\t\t\t\t\t\t\t\t<\/div>\n\t\t\t<\/div>\n\t\t<\/div>\n\t\t\t\t<div class=\"blog_template bdp_blog_template timeline blog-wrap  even\">\n\t\t\t<div class=\"post_hentry\"><p><i class=\"fas\" data-fa-pseudo-element=\":before\">\uf303<\/i><\/p><div class=\"post_content_wrap\">\n\t\t\t\t\t<div class=\"post_wrapper box-blog\">\n\t\t\t\t\t\t\t\t\t\t\t\t\t<div class=\"bd-post-image photo\">\n\t\t\t\t\t\t\t\t<a href=\"https:\/\/web.afiwai.com\/rwp\/pequenos-e-extraordinarios\/\"><img width=\"1024\" height=\"743\" src=\"https:\/\/web.afiwai.com\/rwp\/wp-content\/uploads\/2019\/04\/Rhampholeon-spectrum-Bernard-DUPONT.jpg\" class=\"attachment-full size-full wp-post-image\" alt=\"\" decoding=\"async\" loading=\"lazy\" srcset=\"https:\/\/web.afiwai.com\/rwp\/wp-content\/uploads\/2019\/04\/Rhampholeon-spectrum-Bernard-DUPONT.jpg 1024w, https:\/\/web.afiwai.com\/rwp\/wp-content\/uploads\/2019\/04\/Rhampholeon-spectrum-Bernard-DUPONT-300x218.jpg 300w, https:\/\/web.afiwai.com\/rwp\/wp-content\/uploads\/2019\/04\/Rhampholeon-spectrum-Bernard-DUPONT-768x557.jpg 768w, https:\/\/web.afiwai.com\/rwp\/wp-content\/uploads\/2019\/04\/Rhampholeon-spectrum-Bernard-DUPONT-610x443.jpg 610w\" sizes=\"(max-width: 1024px) 100vw, 1024px\" \/>\t\t\t\t\t\t\t\t\t<span class=\"overlay\"><\/span>\n\t\t\t\t\t\t\t\t<\/a>\n\t\t\t\t\t\t\t<\/div>\n\t\t\t\t\t\t\t\t\t\t\t\t<div class=\"desc\">\n\t\t\t\t\t\t\t<h3 class=\"text-center text-capitalize\"><a href=\"https:\/\/web.afiwai.com\/rwp\/pequenos-e-extraordinarios\/\"><span>Pequenos e extraordin\u00e1rios<\/span><\/a><\/h3>\n\t\t\t\t\t\t\t\t\t\t\t\t\t\t\t<div class=\"date_wrap\">\n\t\t\t\t\t\t\t\t\t\t\t\t\t\t\t\t\t\t\t<p class='bd-margin-0'><span title=\"Posted By Isadora Pombeiro\"><i class=\"fas fa-user\"><\/i>&nbsp;<a href=\"https:\/\/web.afiwai.com\/rwp\/author\/isadora-pombeiro\/\"><span>Isadora Pombeiro<\/span><\/a><\/span>&nbsp;&nbsp;<\/p>\n\t\t\t\t\t\t\t\t\t\t\t\t\t\t\t\t\t\t\t\t<p class='bd-margin-0'><span class=\"bd-metacomments\"><i class=\"fas fa-comment\"><\/i>&nbsp;<a href=\"https:\/\/web.afiwai.com\/rwp\/pequenos-e-extraordinarios\/#respond\">No Comments<\/a>\t\t\t\t\t\t\t\t\t\t\t<\/span><\/p>\n\t\t\t\t\t\t\t\t\t\t\t\t\t\t\t\t\t\t\t\t<div class=\"bd-datetime\">\n\t\t\t\t\t\t\t\t\t\t\t<span class=\"month\">Abr<\/span><span class=\"date\">14<\/span>\n\t\t\t\t\t\t\t\t\t\t<\/div>\n\t\t\t\t\t\t\t\t\t\t\t\t\t\t\t\t\t<\/div>\n\t\t\t\t\t\t\t\t\t\t\t\t\t\t<div class=\"bd-post-content\">\n\t\t\t\t\t\t\t\tA sua opini\u00e3o<div class=\"rw-left\"><div class=\"rw-ui-container rw-class-blog-post rw-urid-310200\"><\/div><\/div>[et_pb_section fb_built=\u201d1\u2033 admin_label=\u201dsection\u201d _builder_version=\u201d3.22\u2033][et_pb_row admin_label=\u201drow\u201d _builder_version=\u201d3.25\u2033 background_size=\u201dinitia\n<span class=\"et_bloom_bottom_trigger\"><\/span>\t\t\t\t\t\t\t<\/div>\n\t\t\t\t\t\t\t\t\t\t\t\t\t\t\t<div class=\"read_more\">\n\t\t\t\t\t\t\t\t\t<a class=\"bd-more-tag\" href=\"https:\/\/web.afiwai.com\/rwp\/pequenos-e-extraordinarios\/\"><i class=\"fas fa-plus\"><\/i> Leia mais <\/a>\t\t\t\t\t\t\t\t<\/div>\n\t\t\t\t\t\t\t\t\t\t\t\t\t<\/div>\n\t\t\t\t\t<\/div>\n\t\t\t\t\t\t\t\t\t\t\t<footer class=\"blog_footer text-capitalize\">\n\t\t\t\t\t\t\t\t\t\t\t\t\t\t\t<p class=\"bd-margin-0\"><span class=\"bd-categories\"><i class=\"fas fa-folder\"><\/i>\n\t\t\t\t\t\t\t\t\t\t<span class=\"bd-link-label\">Categories :&nbsp;<\/span><a href=\"https:\/\/web.afiwai.com\/rwp\/category\/blog\/\" rel=\"category tag\">Blog<\/a>\t\t\t\t\t\t\t\t\t<\/span>\n\t\t\t\t\t\t\t\t<\/p>\n\t\t\t\t\t\t\t\t\t\t\t\t\t\t\t\t\t<p class=\"bd-margin-0\">\n\t\t\t\t\t\t\t\t\t\t<span class=\"bd-tags\"><i class=\"fas fa-bookmark\"><\/i>\n\t\t\t\t\t\t\t\t\t\t\t<span class=\"bd-link-label\">Tags :&nbsp;<\/span><a href=\"https:\/\/web.afiwai.com\/rwp\/tag\/anfibios\/\" rel=\"tag\">anf\u00edbios<\/a>, <a href=\"https:\/\/web.afiwai.com\/rwp\/tag\/aracnideos\/\" rel=\"tag\">aracn\u00eddeos<\/a>, <a href=\"https:\/\/web.afiwai.com\/rwp\/tag\/bradypodion\/\" rel=\"tag\">Bradypodion<\/a>, <a href=\"https:\/\/web.afiwai.com\/rwp\/tag\/brookesia\/\" rel=\"tag\">Brookesia<\/a>, <a href=\"https:\/\/web.afiwai.com\/rwp\/tag\/camaleao\/\" rel=\"tag\">camale\u00e3o<\/a>, <a href=\"https:\/\/web.afiwai.com\/rwp\/tag\/camaleoes\/\" rel=\"tag\">camale\u00f5es<\/a>, <a href=\"https:\/\/web.afiwai.com\/rwp\/tag\/insetos\/\" rel=\"tag\">insetos<\/a>, <a href=\"https:\/\/web.afiwai.com\/rwp\/tag\/madagascar\/\" rel=\"tag\">Madag\u00e1scar<\/a>, <a href=\"https:\/\/web.afiwai.com\/rwp\/tag\/newton\/\" rel=\"tag\">Newton<\/a>, <a href=\"https:\/\/web.afiwai.com\/rwp\/tag\/repteis\/\" rel=\"tag\">r\u00e9pteis<\/a>, <a href=\"https:\/\/web.afiwai.com\/rwp\/tag\/rhampholeon\/\" rel=\"tag\">Rhampholeon<\/a>, <a href=\"https:\/\/web.afiwai.com\/rwp\/tag\/termitas\/\" rel=\"tag\">t\u00e9rmitas<\/a>\t\t\t\t\t\t\t\t\t\t<\/span>\n\t\t\t\t\t\t\t\t\t<\/p>\n\t\t\t\t\t\t\t\t\t\t\t\t\t\t\t\t\t<div class=\"social-component\">\n\t\t\t\t\t\t\t\t\t\t\t\t\t\t\t\t\t\t\t<a data-share=\"facebook\" data-href=\"https:\/\/www.facebook.com\/sharer\/sharer.php\" data-url=\"https:\/\/web.afiwai.com\/rwp\/pequenos-e-extraordinarios\/\" class=\"bd-facebook-share bd-social-share\"><i class=\"fab fa-facebook-f\"><\/i><\/a>\n\t\t\t\t\t\t\t\t\t\t\t\t\t\t\t\t\t\t\t\t<a data-share=\"twitter\" data-href=\"https:\/\/twitter.com\/share\" data-text=\"Pequenos e extraordin\u00e1rios\" data-url=\"https:\/\/web.afiwai.com\/rwp\/pequenos-e-extraordinarios\/\" class=\"bd-twitter-share bd-social-share\"><i class=\"fab fa-x-twitter\"><\/i><\/a>\n\t\t\t\t\t\t\t\t\t\t\t\t\t\t\t\t\t\t\t\t<a data-share=\"linkedin\" data-href=\"https:\/\/www.linkedin.com\/shareArticle\" data-url=\"https:\/\/web.afiwai.com\/rwp\/pequenos-e-extraordinarios\/\" class=\"bd-linkedin-share bd-social-share\"><i class=\"fab fa-linkedin-in\"><\/i><\/a>\n\t\t\t\t\t\t\t\t\t\t\t\t\t\t\t\t\t\t\t\t<a data-share=\"pinterest\" data-href=\"https:\/\/pinterest.com\/pin\/create\/button\/\" data-url=\"https:\/\/web.afiwai.com\/rwp\/pequenos-e-extraordinarios\/\" data-mdia=\"https:\/\/web.afiwai.com\/rwp\/wp-content\/uploads\/2019\/04\/Rhampholeon-spectrum-Bernard-DUPONT.jpg\" data-description=\"Pequenos e extraordin\u00e1rios\" class=\"bd-pinterest-share bd-social-share\"> <i class=\"fab fa-pinterest-p\"><\/i><\/a>\n\t\t\t\t\t\t\t\t\t\t\t\t\t\t\t\t\t<\/div>\n\t\t\t\t\t\t\t\t\t\t\t\t\t\t<\/footer>\n\t\t\t\t\t\t\t\t\t<\/div>\n\t\t\t<\/div>\n\t\t<\/div>\n\t\t\t\t<div class=\"blog_template bdp_blog_template timeline blog-wrap  odd\">\n\t\t\t<div class=\"post_hentry\"><p><i class=\"fas\" data-fa-pseudo-element=\":before\">\uf303<\/i><\/p><div class=\"post_content_wrap\">\n\t\t\t\t\t<div class=\"post_wrapper box-blog\">\n\t\t\t\t\t\t\t\t\t\t\t\t\t<div class=\"bd-post-image photo\">\n\t\t\t\t\t\t\t\t<a href=\"https:\/\/web.afiwai.com\/rwp\/conheces-os-fura-pastos-familia-scincidae\/\"><img width=\"4288\" height=\"2848\" src=\"https:\/\/web.afiwai.com\/rwp\/wp-content\/uploads\/2019\/03\/Benny_Trapp_Chalcides_striatus_Spanien.jpg\" class=\"attachment-full size-full wp-post-image\" alt=\"\" decoding=\"async\" loading=\"lazy\" srcset=\"https:\/\/web.afiwai.com\/rwp\/wp-content\/uploads\/2019\/03\/Benny_Trapp_Chalcides_striatus_Spanien.jpg 4288w, https:\/\/web.afiwai.com\/rwp\/wp-content\/uploads\/2019\/03\/Benny_Trapp_Chalcides_striatus_Spanien-300x199.jpg 300w, https:\/\/web.afiwai.com\/rwp\/wp-content\/uploads\/2019\/03\/Benny_Trapp_Chalcides_striatus_Spanien-768x510.jpg 768w, https:\/\/web.afiwai.com\/rwp\/wp-content\/uploads\/2019\/03\/Benny_Trapp_Chalcides_striatus_Spanien-1024x680.jpg 1024w, https:\/\/web.afiwai.com\/rwp\/wp-content\/uploads\/2019\/03\/Benny_Trapp_Chalcides_striatus_Spanien-1080x717.jpg 1080w, https:\/\/web.afiwai.com\/rwp\/wp-content\/uploads\/2019\/03\/Benny_Trapp_Chalcides_striatus_Spanien-610x405.jpg 610w\" sizes=\"(max-width: 4288px) 100vw, 4288px\" \/>\t\t\t\t\t\t\t\t\t<span class=\"overlay\"><\/span>\n\t\t\t\t\t\t\t\t<\/a>\n\t\t\t\t\t\t\t<\/div>\n\t\t\t\t\t\t\t\t\t\t\t\t<div class=\"desc\">\n\t\t\t\t\t\t\t<h3 class=\"text-center text-capitalize\"><a href=\"https:\/\/web.afiwai.com\/rwp\/conheces-os-fura-pastos-familia-scincidae\/\"><span>Conheces os \u201cfura-pastos\u201d? \u2013 Fam\u00edlia Scincidae<\/span><\/a><\/h3>\n\t\t\t\t\t\t\t\t\t\t\t\t\t\t\t<div class=\"date_wrap\">\n\t\t\t\t\t\t\t\t\t\t\t\t\t\t\t\t\t\t\t<p class='bd-margin-0'><span title=\"Posted By Isadora Pombeiro\"><i class=\"fas fa-user\"><\/i>&nbsp;<a href=\"https:\/\/web.afiwai.com\/rwp\/author\/isadora-pombeiro\/\"><span>Isadora Pombeiro<\/span><\/a><\/span>&nbsp;&nbsp;<\/p>\n\t\t\t\t\t\t\t\t\t\t\t\t\t\t\t\t\t\t\t\t<p class='bd-margin-0'><span class=\"bd-metacomments\"><i class=\"fas fa-comment\"><\/i>&nbsp;<a href=\"https:\/\/web.afiwai.com\/rwp\/conheces-os-fura-pastos-familia-scincidae\/#respond\">No Comments<\/a>\t\t\t\t\t\t\t\t\t\t\t<\/span><\/p>\n\t\t\t\t\t\t\t\t\t\t\t\t\t\t\t\t\t\t\t\t<div class=\"bd-datetime\">\n\t\t\t\t\t\t\t\t\t\t\t<span class=\"month\">Mar<\/span><span class=\"date\">30<\/span>\n\t\t\t\t\t\t\t\t\t\t<\/div>\n\t\t\t\t\t\t\t\t\t\t\t\t\t\t\t\t\t<\/div>\n\t\t\t\t\t\t\t\t\t\t\t\t\t\t<div class=\"bd-post-content\">\n\t\t\t\t\t\t\t\tA sua opini\u00e3o<div class=\"rw-left\"><div class=\"rw-ui-container rw-class-blog-post rw-urid-309970\"><\/div><\/div>[et_pb_section fb_built=\u201d1\u2033 admin_label=\u201dsection\u201d _builder_version=\u201d3.22\u2033][et_pb_row admin_label=\u201drow\u201d _builder_version=\u201d3.25\u2033 background_size=\u201dinitia\n<span class=\"et_bloom_bottom_trigger\"><\/span>\t\t\t\t\t\t\t<\/div>\n\t\t\t\t\t\t\t\t\t\t\t\t\t\t\t<div class=\"read_more\">\n\t\t\t\t\t\t\t\t\t<a class=\"bd-more-tag\" href=\"https:\/\/web.afiwai.com\/rwp\/conheces-os-fura-pastos-familia-scincidae\/\"><i class=\"fas fa-plus\"><\/i> Leia mais <\/a>\t\t\t\t\t\t\t\t<\/div>\n\t\t\t\t\t\t\t\t\t\t\t\t\t<\/div>\n\t\t\t\t\t<\/div>\n\t\t\t\t\t\t\t\t\t\t\t<footer class=\"blog_footer text-capitalize\">\n\t\t\t\t\t\t\t\t\t\t\t\t\t\t\t<p class=\"bd-margin-0\"><span class=\"bd-categories\"><i class=\"fas fa-folder\"><\/i>\n\t\t\t\t\t\t\t\t\t\t<span class=\"bd-link-label\">Categories :&nbsp;<\/span><a href=\"https:\/\/web.afiwai.com\/rwp\/category\/blog\/\" rel=\"category tag\">Blog<\/a>\t\t\t\t\t\t\t\t\t<\/span>\n\t\t\t\t\t\t\t\t<\/p>\n\t\t\t\t\t\t\t\t\t\t\t\t\t\t\t\t\t<p class=\"bd-margin-0\">\n\t\t\t\t\t\t\t\t\t\t<span class=\"bd-tags\"><i class=\"fas fa-bookmark\"><\/i>\n\t\t\t\t\t\t\t\t\t\t\t<span class=\"bd-link-label\">Tags :&nbsp;<\/span><a href=\"https:\/\/web.afiwai.com\/rwp\/tag\/arboricola\/\" rel=\"tag\">arbor\u00edcola<\/a>, <a href=\"https:\/\/web.afiwai.com\/rwp\/tag\/autotomia\/\" rel=\"tag\">autotomia<\/a>, <a href=\"https:\/\/web.afiwai.com\/rwp\/tag\/cauda\/\" rel=\"tag\">cauda<\/a>, <a href=\"https:\/\/web.afiwai.com\/rwp\/tag\/chalcides\/\" rel=\"tag\">Chalcides<\/a>, <a href=\"https:\/\/web.afiwai.com\/rwp\/tag\/cobra\/\" rel=\"tag\">cobra<\/a>, <a href=\"https:\/\/web.afiwai.com\/rwp\/tag\/corucia\/\" rel=\"tag\">Corucia<\/a>, <a href=\"https:\/\/web.afiwai.com\/rwp\/tag\/escinco\/\" rel=\"tag\">escinco<\/a>, <a href=\"https:\/\/web.afiwai.com\/rwp\/tag\/lagartixas\/\" rel=\"tag\">lagartixas<\/a>, <a href=\"https:\/\/web.afiwai.com\/rwp\/tag\/lagarto\/\" rel=\"tag\">lagarto<\/a>, <a href=\"https:\/\/web.afiwai.com\/rwp\/tag\/lagartos\/\" rel=\"tag\">Lagartos<\/a>, <a href=\"https:\/\/web.afiwai.com\/rwp\/tag\/prasinohaema\/\" rel=\"tag\">Prasinohaema<\/a>, <a href=\"https:\/\/web.afiwai.com\/rwp\/tag\/repteis\/\" rel=\"tag\">r\u00e9pteis<\/a>, <a href=\"https:\/\/web.afiwai.com\/rwp\/tag\/reptil\/\" rel=\"tag\">r\u00e9ptil<\/a>, <a href=\"https:\/\/web.afiwai.com\/rwp\/tag\/scincidae\/\" rel=\"tag\">Scincidae<\/a>, <a href=\"https:\/\/web.afiwai.com\/rwp\/tag\/tiliqua\/\" rel=\"tag\">Tiliqua<\/a>\t\t\t\t\t\t\t\t\t\t<\/span>\n\t\t\t\t\t\t\t\t\t<\/p>\n\t\t\t\t\t\t\t\t\t\t\t\t\t\t\t\t\t<div class=\"social-component\">\n\t\t\t\t\t\t\t\t\t\t\t\t\t\t\t\t\t\t\t<a data-share=\"facebook\" data-href=\"https:\/\/www.facebook.com\/sharer\/sharer.php\" data-url=\"https:\/\/web.afiwai.com\/rwp\/conheces-os-fura-pastos-familia-scincidae\/\" class=\"bd-facebook-share bd-social-share\"><i class=\"fab fa-facebook-f\"><\/i><\/a>\n\t\t\t\t\t\t\t\t\t\t\t\t\t\t\t\t\t\t\t\t<a data-share=\"twitter\" data-href=\"https:\/\/twitter.com\/share\" data-text=\"Conheces os \u201cfura-pastos\u201d? \u2013 Fam\u00edlia Scincidae\" data-url=\"https:\/\/web.afiwai.com\/rwp\/conheces-os-fura-pastos-familia-scincidae\/\" class=\"bd-twitter-share bd-social-share\"><i class=\"fab fa-x-twitter\"><\/i><\/a>\n\t\t\t\t\t\t\t\t\t\t\t\t\t\t\t\t\t\t\t\t<a data-share=\"linkedin\" data-href=\"https:\/\/www.linkedin.com\/shareArticle\" data-url=\"https:\/\/web.afiwai.com\/rwp\/conheces-os-fura-pastos-familia-scincidae\/\" class=\"bd-linkedin-share bd-social-share\"><i class=\"fab fa-linkedin-in\"><\/i><\/a>\n\t\t\t\t\t\t\t\t\t\t\t\t\t\t\t\t\t\t\t\t<a data-share=\"pinterest\" data-href=\"https:\/\/pinterest.com\/pin\/create\/button\/\" data-url=\"https:\/\/web.afiwai.com\/rwp\/conheces-os-fura-pastos-familia-scincidae\/\" data-mdia=\"https:\/\/web.afiwai.com\/rwp\/wp-content\/uploads\/2019\/03\/Benny_Trapp_Chalcides_striatus_Spanien.jpg\" data-description=\"Conheces os \u201cfura-pastos\u201d? \u2013 Fam\u00edlia Scincidae\" class=\"bd-pinterest-share bd-social-share\"> <i class=\"fab fa-pinterest-p\"><\/i><\/a>\n\t\t\t\t\t\t\t\t\t\t\t\t\t\t\t\t\t<\/div>\n\t\t\t\t\t\t\t\t\t\t\t\t\t\t<\/footer>\n\t\t\t\t\t\t\t\t\t<\/div>\n\t\t\t<\/div>\n\t\t<\/div>\n\t\t\t\t<div class=\"blog_template bdp_blog_template timeline blog-wrap  even\">\n\t\t\t<div class=\"post_hentry\"><p><i class=\"fas\" data-fa-pseudo-element=\":before\">\uf303<\/i><\/p><div class=\"post_content_wrap\">\n\t\t\t\t\t<div class=\"post_wrapper box-blog\">\n\t\t\t\t\t\t\t\t\t\t\t\t\t<div class=\"bd-post-image photo\">\n\t\t\t\t\t\t\t\t<a href=\"https:\/\/web.afiwai.com\/rwp\/revista-txi-9-cobras-lagartos\/\"><img width=\"1709\" height=\"963\" src=\"https:\/\/web.afiwai.com\/rwp\/wp-content\/uploads\/2019\/03\/Txi-9.jpg\" class=\"attachment-full size-full wp-post-image\" alt=\"\" decoding=\"async\" loading=\"lazy\" srcset=\"https:\/\/web.afiwai.com\/rwp\/wp-content\/uploads\/2019\/03\/Txi-9.jpg 1709w, https:\/\/web.afiwai.com\/rwp\/wp-content\/uploads\/2019\/03\/Txi-9-300x169.jpg 300w, https:\/\/web.afiwai.com\/rwp\/wp-content\/uploads\/2019\/03\/Txi-9-768x433.jpg 768w, https:\/\/web.afiwai.com\/rwp\/wp-content\/uploads\/2019\/03\/Txi-9-1024x577.jpg 1024w, https:\/\/web.afiwai.com\/rwp\/wp-content\/uploads\/2019\/03\/Txi-9-1080x609.jpg 1080w, https:\/\/web.afiwai.com\/rwp\/wp-content\/uploads\/2019\/03\/Txi-9-610x344.jpg 610w\" sizes=\"(max-width: 1709px) 100vw, 1709px\" \/>\t\t\t\t\t\t\t\t\t<span class=\"overlay\"><\/span>\n\t\t\t\t\t\t\t\t<\/a>\n\t\t\t\t\t\t\t<\/div>\n\t\t\t\t\t\t\t\t\t\t\t\t<div class=\"desc\">\n\t\t\t\t\t\t\t<h3 class=\"text-center text-capitalize\"><a href=\"https:\/\/web.afiwai.com\/rwp\/revista-txi-9-cobras-lagartos\/\"><span>Revista Txi #9 &#8211; Cobras &#038; Lagartos<\/span><\/a><\/h3>\n\t\t\t\t\t\t\t\t\t\t\t\t\t\t\t<div class=\"date_wrap\">\n\t\t\t\t\t\t\t\t\t\t\t\t\t\t\t\t\t\t\t<p class='bd-margin-0'><span title=\"Posted By Jeziel Carvalho\"><i class=\"fas fa-user\"><\/i>&nbsp;<a href=\"https:\/\/web.afiwai.com\/rwp\/author\/jeziel\/\"><span>Jeziel Carvalho<\/span><\/a><\/span>&nbsp;&nbsp;<\/p>\n\t\t\t\t\t\t\t\t\t\t\t\t\t\t\t\t\t\t\t\t<p class='bd-margin-0'><span class=\"bd-metacomments\"><i class=\"fas fa-comment\"><\/i>&nbsp;<a href=\"https:\/\/web.afiwai.com\/rwp\/revista-txi-9-cobras-lagartos\/#respond\">No Comments<\/a>\t\t\t\t\t\t\t\t\t\t\t<\/span><\/p>\n\t\t\t\t\t\t\t\t\t\t\t\t\t\t\t\t\t\t\t\t<div class=\"bd-datetime\">\n\t\t\t\t\t\t\t\t\t\t\t<span class=\"month\">Mar<\/span><span class=\"date\">29<\/span>\n\t\t\t\t\t\t\t\t\t\t<\/div>\n\t\t\t\t\t\t\t\t\t\t\t\t\t\t\t\t\t<\/div>\n\t\t\t\t\t\t\t\t\t\t\t\t\t\t<div class=\"bd-post-content\">\n\t\t\t\t\t\t\t\tA sua opini\u00e3o<div class=\"rw-left\"><div class=\"rw-ui-container rw-class-blog-post rw-urid-309850\"><\/div><\/div>[et_pb_section fb_built=\u201d1\u2033 admin_label=\u201dsection\u201d _builder_version=\u201d3.22\u2033][et_pb_row admin_label=\u201drow\u201d _builder_version=\u201d3.25\u2033 background_size=\u201dinitia\n<span class=\"et_bloom_bottom_trigger\"><\/span>\t\t\t\t\t\t\t<\/div>\n\t\t\t\t\t\t\t\t\t\t\t\t\t\t\t<div class=\"read_more\">\n\t\t\t\t\t\t\t\t\t<a class=\"bd-more-tag\" href=\"https:\/\/web.afiwai.com\/rwp\/revista-txi-9-cobras-lagartos\/\"><i class=\"fas fa-plus\"><\/i> Leia mais <\/a>\t\t\t\t\t\t\t\t<\/div>\n\t\t\t\t\t\t\t\t\t\t\t\t\t<\/div>\n\t\t\t\t\t<\/div>\n\t\t\t\t\t\t\t\t\t\t\t<footer class=\"blog_footer text-capitalize\">\n\t\t\t\t\t\t\t\t\t\t\t\t\t\t\t<p class=\"bd-margin-0\"><span class=\"bd-categories\"><i class=\"fas fa-folder\"><\/i>\n\t\t\t\t\t\t\t\t\t\t<span class=\"bd-link-label\">Categories :&nbsp;<\/span><a href=\"https:\/\/web.afiwai.com\/rwp\/category\/blog\/\" rel=\"category tag\">Blog<\/a>\t\t\t\t\t\t\t\t\t<\/span>\n\t\t\t\t\t\t\t\t<\/p>\n\t\t\t\t\t\t\t\t\t\t\t\t\t\t\t\t\t<p class=\"bd-margin-0\">\n\t\t\t\t\t\t\t\t\t\t<span class=\"bd-tags\"><i class=\"fas fa-bookmark\"><\/i>\n\t\t\t\t\t\t\t\t\t\t\t<span class=\"bd-link-label\">Tags :&nbsp;<\/span><a href=\"https:\/\/web.afiwai.com\/rwp\/tag\/txi\/\" rel=\"tag\">Txi<\/a>\t\t\t\t\t\t\t\t\t\t<\/span>\n\t\t\t\t\t\t\t\t\t<\/p>\n\t\t\t\t\t\t\t\t\t\t\t\t\t\t\t\t\t<div class=\"social-component\">\n\t\t\t\t\t\t\t\t\t\t\t\t\t\t\t\t\t\t\t<a data-share=\"facebook\" data-href=\"https:\/\/www.facebook.com\/sharer\/sharer.php\" data-url=\"https:\/\/web.afiwai.com\/rwp\/revista-txi-9-cobras-lagartos\/\" class=\"bd-facebook-share bd-social-share\"><i class=\"fab fa-facebook-f\"><\/i><\/a>\n\t\t\t\t\t\t\t\t\t\t\t\t\t\t\t\t\t\t\t\t<a data-share=\"twitter\" data-href=\"https:\/\/twitter.com\/share\" data-text=\"Revista Txi #9 &#8211; Cobras &#038; Lagartos\" data-url=\"https:\/\/web.afiwai.com\/rwp\/revista-txi-9-cobras-lagartos\/\" class=\"bd-twitter-share bd-social-share\"><i class=\"fab fa-x-twitter\"><\/i><\/a>\n\t\t\t\t\t\t\t\t\t\t\t\t\t\t\t\t\t\t\t\t<a data-share=\"linkedin\" data-href=\"https:\/\/www.linkedin.com\/shareArticle\" data-url=\"https:\/\/web.afiwai.com\/rwp\/revista-txi-9-cobras-lagartos\/\" class=\"bd-linkedin-share bd-social-share\"><i class=\"fab fa-linkedin-in\"><\/i><\/a>\n\t\t\t\t\t\t\t\t\t\t\t\t\t\t\t\t\t\t\t\t<a data-share=\"pinterest\" data-href=\"https:\/\/pinterest.com\/pin\/create\/button\/\" data-url=\"https:\/\/web.afiwai.com\/rwp\/revista-txi-9-cobras-lagartos\/\" data-mdia=\"https:\/\/web.afiwai.com\/rwp\/wp-content\/uploads\/2019\/03\/Txi-9.jpg\" data-description=\"Revista Txi #9 &#8211; Cobras &#038; Lagartos\" class=\"bd-pinterest-share bd-social-share\"> <i class=\"fab fa-pinterest-p\"><\/i><\/a>\n\t\t\t\t\t\t\t\t\t\t\t\t\t\t\t\t\t<\/div>\n\t\t\t\t\t\t\t\t\t\t\t\t\t\t<\/footer>\n\t\t\t\t\t\t\t\t\t<\/div>\n\t\t\t<\/div>\n\t\t<\/div>\n\t\t\t\t<div class=\"blog_template bdp_blog_template timeline blog-wrap  odd\">\n\t\t\t<div class=\"post_hentry\"><p><i class=\"fas\" data-fa-pseudo-element=\":before\">\uf303<\/i><\/p><div class=\"post_content_wrap\">\n\t\t\t\t\t<div class=\"post_wrapper box-blog\">\n\t\t\t\t\t\t\t\t\t\t\t\t\t<div class=\"bd-post-image photo\">\n\t\t\t\t\t\t\t\t<a href=\"https:\/\/web.afiwai.com\/rwp\/como-e-o-comportamento-social-nos-repteis\/\"><img width=\"1920\" height=\"1285\" src=\"https:\/\/web.afiwai.com\/rwp\/wp-content\/uploads\/2019\/03\/Amblyrhynchus-cristatus.png\" class=\"attachment-full size-full wp-post-image\" alt=\"\" decoding=\"async\" loading=\"lazy\" srcset=\"https:\/\/web.afiwai.com\/rwp\/wp-content\/uploads\/2019\/03\/Amblyrhynchus-cristatus.png 1920w, https:\/\/web.afiwai.com\/rwp\/wp-content\/uploads\/2019\/03\/Amblyrhynchus-cristatus-300x201.png 300w, https:\/\/web.afiwai.com\/rwp\/wp-content\/uploads\/2019\/03\/Amblyrhynchus-cristatus-768x514.png 768w, https:\/\/web.afiwai.com\/rwp\/wp-content\/uploads\/2019\/03\/Amblyrhynchus-cristatus-1024x685.png 1024w, https:\/\/web.afiwai.com\/rwp\/wp-content\/uploads\/2019\/03\/Amblyrhynchus-cristatus-1080x723.png 1080w, https:\/\/web.afiwai.com\/rwp\/wp-content\/uploads\/2019\/03\/Amblyrhynchus-cristatus-610x408.png 610w\" sizes=\"(max-width: 1920px) 100vw, 1920px\" \/>\t\t\t\t\t\t\t\t\t<span class=\"overlay\"><\/span>\n\t\t\t\t\t\t\t\t<\/a>\n\t\t\t\t\t\t\t<\/div>\n\t\t\t\t\t\t\t\t\t\t\t\t<div class=\"desc\">\n\t\t\t\t\t\t\t<h3 class=\"text-center text-capitalize\"><a href=\"https:\/\/web.afiwai.com\/rwp\/como-e-o-comportamento-social-nos-repteis\/\"><span>Como \u00e9 o comportamento social, nos r\u00e9pteis?<\/span><\/a><\/h3>\n\t\t\t\t\t\t\t\t\t\t\t\t\t\t\t<div class=\"date_wrap\">\n\t\t\t\t\t\t\t\t\t\t\t\t\t\t\t\t\t\t\t<p class='bd-margin-0'><span title=\"Posted By Isadora Pombeiro\"><i class=\"fas fa-user\"><\/i>&nbsp;<a href=\"https:\/\/web.afiwai.com\/rwp\/author\/isadora-pombeiro\/\"><span>Isadora Pombeiro<\/span><\/a><\/span>&nbsp;&nbsp;<\/p>\n\t\t\t\t\t\t\t\t\t\t\t\t\t\t\t\t\t\t\t\t<p class='bd-margin-0'><span class=\"bd-metacomments\"><i class=\"fas fa-comment\"><\/i>&nbsp;<a href=\"https:\/\/web.afiwai.com\/rwp\/como-e-o-comportamento-social-nos-repteis\/#respond\">No Comments<\/a>\t\t\t\t\t\t\t\t\t\t\t<\/span><\/p>\n\t\t\t\t\t\t\t\t\t\t\t\t\t\t\t\t\t\t\t\t<div class=\"bd-datetime\">\n\t\t\t\t\t\t\t\t\t\t\t<span class=\"month\">Mar<\/span><span class=\"date\">24<\/span>\n\t\t\t\t\t\t\t\t\t\t<\/div>\n\t\t\t\t\t\t\t\t\t\t\t\t\t\t\t\t\t<\/div>\n\t\t\t\t\t\t\t\t\t\t\t\t\t\t<div class=\"bd-post-content\">\n\t\t\t\t\t\t\t\tA sua opini\u00e3o<div class=\"rw-left\"><div class=\"rw-ui-container rw-class-blog-post rw-urid-309590\"><\/div><\/div>[et_pb_section fb_built=\u201d1\u2033 admin_label=\u201dsection\u201d _builder_version=\u201d3.22\u2033][et_pb_row admin_label=\u201drow\u201d _builder_version=\u201d3.25\u2033 background_size=\u201dinitia\n<span class=\"et_bloom_bottom_trigger\"><\/span>\t\t\t\t\t\t\t<\/div>\n\t\t\t\t\t\t\t\t\t\t\t\t\t\t\t<div class=\"read_more\">\n\t\t\t\t\t\t\t\t\t<a class=\"bd-more-tag\" href=\"https:\/\/web.afiwai.com\/rwp\/como-e-o-comportamento-social-nos-repteis\/\"><i class=\"fas fa-plus\"><\/i> Leia mais <\/a>\t\t\t\t\t\t\t\t<\/div>\n\t\t\t\t\t\t\t\t\t\t\t\t\t<\/div>\n\t\t\t\t\t<\/div>\n\t\t\t\t\t\t\t\t\t\t\t<footer class=\"blog_footer text-capitalize\">\n\t\t\t\t\t\t\t\t\t\t\t\t\t\t\t<p class=\"bd-margin-0\"><span class=\"bd-categories\"><i class=\"fas fa-folder\"><\/i>\n\t\t\t\t\t\t\t\t\t\t<span class=\"bd-link-label\">Categories :&nbsp;<\/span><a href=\"https:\/\/web.afiwai.com\/rwp\/category\/blog\/\" rel=\"category tag\">Blog<\/a>\t\t\t\t\t\t\t\t\t<\/span>\n\t\t\t\t\t\t\t\t<\/p>\n\t\t\t\t\t\t\t\t\t\t\t\t\t\t\t\t\t<p class=\"bd-margin-0\">\n\t\t\t\t\t\t\t\t\t\t<span class=\"bd-tags\"><i class=\"fas fa-bookmark\"><\/i>\n\t\t\t\t\t\t\t\t\t\t\t<span class=\"bd-link-label\">Tags :&nbsp;<\/span><a href=\"https:\/\/web.afiwai.com\/rwp\/tag\/amblyrhynchus\/\" rel=\"tag\">Amblyrhynchus<\/a>, <a href=\"https:\/\/web.afiwai.com\/rwp\/tag\/carapaca\/\" rel=\"tag\">carapa\u00e7a<\/a>, <a href=\"https:\/\/web.afiwai.com\/rwp\/tag\/chrysemys\/\" rel=\"tag\">Chrysemys<\/a>, <a href=\"https:\/\/web.afiwai.com\/rwp\/tag\/crocodilos\/\" rel=\"tag\">crocodilos<\/a>, <a href=\"https:\/\/web.afiwai.com\/rwp\/tag\/glandulas\/\" rel=\"tag\">gl\u00e2ndulas<\/a>, <a href=\"https:\/\/web.afiwai.com\/rwp\/tag\/hibernar\/\" rel=\"tag\">hibernar<\/a>, <a href=\"https:\/\/web.afiwai.com\/rwp\/tag\/iguana\/\" rel=\"tag\">iguana<\/a>, <a href=\"https:\/\/web.afiwai.com\/rwp\/tag\/iguanas\/\" rel=\"tag\">iguanas<\/a>, <a href=\"https:\/\/web.afiwai.com\/rwp\/tag\/jacobson\/\" rel=\"tag\">Jacobson<\/a>, <a href=\"https:\/\/web.afiwai.com\/rwp\/tag\/lagartos\/\" rel=\"tag\">Lagartos<\/a>, <a href=\"https:\/\/web.afiwai.com\/rwp\/tag\/mandibulas\/\" rel=\"tag\">mand\u00edbulas<\/a>, <a href=\"https:\/\/web.afiwai.com\/rwp\/tag\/migratorias\/\" rel=\"tag\">migrat\u00f3rias<\/a>, <a href=\"https:\/\/web.afiwai.com\/rwp\/tag\/natrix\/\" rel=\"tag\">Natrix<\/a>, <a href=\"https:\/\/web.afiwai.com\/rwp\/tag\/nidificarem\/\" rel=\"tag\">nidificarem<\/a>, <a href=\"https:\/\/web.afiwai.com\/rwp\/tag\/predador\/\" rel=\"tag\">predador<\/a>, <a href=\"https:\/\/web.afiwai.com\/rwp\/tag\/predadores\/\" rel=\"tag\">predadores<\/a>, <a href=\"https:\/\/web.afiwai.com\/rwp\/tag\/repteis\/\" rel=\"tag\">r\u00e9pteis<\/a>, <a href=\"https:\/\/web.afiwai.com\/rwp\/tag\/tartarugas\/\" rel=\"tag\">tartarugas<\/a>\t\t\t\t\t\t\t\t\t\t<\/span>\n\t\t\t\t\t\t\t\t\t<\/p>\n\t\t\t\t\t\t\t\t\t\t\t\t\t\t\t\t\t<div class=\"social-component\">\n\t\t\t\t\t\t\t\t\t\t\t\t\t\t\t\t\t\t\t<a data-share=\"facebook\" data-href=\"https:\/\/www.facebook.com\/sharer\/sharer.php\" data-url=\"https:\/\/web.afiwai.com\/rwp\/como-e-o-comportamento-social-nos-repteis\/\" class=\"bd-facebook-share bd-social-share\"><i class=\"fab fa-facebook-f\"><\/i><\/a>\n\t\t\t\t\t\t\t\t\t\t\t\t\t\t\t\t\t\t\t\t<a data-share=\"twitter\" data-href=\"https:\/\/twitter.com\/share\" data-text=\"Como \u00e9 o comportamento social, nos r\u00e9pteis?\" data-url=\"https:\/\/web.afiwai.com\/rwp\/como-e-o-comportamento-social-nos-repteis\/\" class=\"bd-twitter-share bd-social-share\"><i class=\"fab fa-x-twitter\"><\/i><\/a>\n\t\t\t\t\t\t\t\t\t\t\t\t\t\t\t\t\t\t\t\t<a data-share=\"linkedin\" data-href=\"https:\/\/www.linkedin.com\/shareArticle\" data-url=\"https:\/\/web.afiwai.com\/rwp\/como-e-o-comportamento-social-nos-repteis\/\" class=\"bd-linkedin-share bd-social-share\"><i class=\"fab fa-linkedin-in\"><\/i><\/a>\n\t\t\t\t\t\t\t\t\t\t\t\t\t\t\t\t\t\t\t\t<a data-share=\"pinterest\" data-href=\"https:\/\/pinterest.com\/pin\/create\/button\/\" data-url=\"https:\/\/web.afiwai.com\/rwp\/como-e-o-comportamento-social-nos-repteis\/\" data-mdia=\"https:\/\/web.afiwai.com\/rwp\/wp-content\/uploads\/2019\/03\/Amblyrhynchus-cristatus.png\" data-description=\"Como \u00e9 o comportamento social, nos r\u00e9pteis?\" class=\"bd-pinterest-share bd-social-share\"> <i class=\"fab fa-pinterest-p\"><\/i><\/a>\n\t\t\t\t\t\t\t\t\t\t\t\t\t\t\t\t\t<\/div>\n\t\t\t\t\t\t\t\t\t\t\t\t\t\t<\/footer>\n\t\t\t\t\t\t\t\t\t<\/div>\n\t\t\t<\/div>\n\t\t<\/div>\n\t\t\t\t<div class=\"blog_template bdp_blog_template timeline blog-wrap  even\">\n\t\t\t<div class=\"post_hentry\"><p><i class=\"fas\" data-fa-pseudo-element=\":before\">\uf303<\/i><\/p><div class=\"post_content_wrap\">\n\t\t\t\t\t<div class=\"post_wrapper box-blog\">\n\t\t\t\t\t\t\t\t\t\t\t\t\t<div class=\"bd-post-image photo\">\n\t\t\t\t\t\t\t\t<a href=\"https:\/\/web.afiwai.com\/rwp\/cacadoras-eximias-as-fantasticas-percecoes-sensoriais-dos-ofidios\/\"><img width=\"1920\" height=\"1284\" src=\"https:\/\/web.afiwai.com\/rwp\/wp-content\/uploads\/2019\/03\/european-grass-snake-950565_1920.jpg\" class=\"attachment-full size-full wp-post-image\" alt=\"\" decoding=\"async\" loading=\"lazy\" srcset=\"https:\/\/web.afiwai.com\/rwp\/wp-content\/uploads\/2019\/03\/european-grass-snake-950565_1920.jpg 1920w, https:\/\/web.afiwai.com\/rwp\/wp-content\/uploads\/2019\/03\/european-grass-snake-950565_1920-300x201.jpg 300w, https:\/\/web.afiwai.com\/rwp\/wp-content\/uploads\/2019\/03\/european-grass-snake-950565_1920-768x514.jpg 768w, https:\/\/web.afiwai.com\/rwp\/wp-content\/uploads\/2019\/03\/european-grass-snake-950565_1920-1024x685.jpg 1024w, https:\/\/web.afiwai.com\/rwp\/wp-content\/uploads\/2019\/03\/european-grass-snake-950565_1920-1080x722.jpg 1080w, https:\/\/web.afiwai.com\/rwp\/wp-content\/uploads\/2019\/03\/european-grass-snake-950565_1920-610x408.jpg 610w\" sizes=\"(max-width: 1920px) 100vw, 1920px\" \/>\t\t\t\t\t\t\t\t\t<span class=\"overlay\"><\/span>\n\t\t\t\t\t\t\t\t<\/a>\n\t\t\t\t\t\t\t<\/div>\n\t\t\t\t\t\t\t\t\t\t\t\t<div class=\"desc\">\n\t\t\t\t\t\t\t<h3 class=\"text-center text-capitalize\"><a href=\"https:\/\/web.afiwai.com\/rwp\/cacadoras-eximias-as-fantasticas-percecoes-sensoriais-dos-ofidios\/\"><span>Ca\u00e7adoras ex\u00edmias \u2013 as fant\u00e1sticas perce\u00e7\u00f5es sensoriais dos of\u00eddios<\/span><\/a><\/h3>\n\t\t\t\t\t\t\t\t\t\t\t\t\t\t\t<div class=\"date_wrap\">\n\t\t\t\t\t\t\t\t\t\t\t\t\t\t\t\t\t\t\t<p class='bd-margin-0'><span title=\"Posted By Isadora Pombeiro\"><i class=\"fas fa-user\"><\/i>&nbsp;<a href=\"https:\/\/web.afiwai.com\/rwp\/author\/isadora-pombeiro\/\"><span>Isadora Pombeiro<\/span><\/a><\/span>&nbsp;&nbsp;<\/p>\n\t\t\t\t\t\t\t\t\t\t\t\t\t\t\t\t\t\t\t\t<p class='bd-margin-0'><span class=\"bd-metacomments\"><i class=\"fas fa-comment\"><\/i>&nbsp;<a href=\"https:\/\/web.afiwai.com\/rwp\/cacadoras-eximias-as-fantasticas-percecoes-sensoriais-dos-ofidios\/#respond\">No Comments<\/a>\t\t\t\t\t\t\t\t\t\t\t<\/span><\/p>\n\t\t\t\t\t\t\t\t\t\t\t\t\t\t\t\t\t\t\t\t<div class=\"bd-datetime\">\n\t\t\t\t\t\t\t\t\t\t\t<span class=\"month\">Mar<\/span><span class=\"date\">16<\/span>\n\t\t\t\t\t\t\t\t\t\t<\/div>\n\t\t\t\t\t\t\t\t\t\t\t\t\t\t\t\t\t<\/div>\n\t\t\t\t\t\t\t\t\t\t\t\t\t\t<div class=\"bd-post-content\">\n\t\t\t\t\t\t\t\tA sua opini\u00e3o<div class=\"rw-left\"><div class=\"rw-ui-container rw-class-blog-post rw-urid-309250\"><\/div><\/div>[et_pb_section fb_built=\u201d1\u2033 admin_label=\u201dsection\u201d _builder_version=\u201d3.22\u2033][et_pb_row admin_label=\u201drow\u201d _builder_version=\u201d3.25\u2033 background_size=\u201dinitia\n<span class=\"et_bloom_bottom_trigger\"><\/span>\t\t\t\t\t\t\t<\/div>\n\t\t\t\t\t\t\t\t\t\t\t\t\t\t\t<div class=\"read_more\">\n\t\t\t\t\t\t\t\t\t<a class=\"bd-more-tag\" href=\"https:\/\/web.afiwai.com\/rwp\/cacadoras-eximias-as-fantasticas-percecoes-sensoriais-dos-ofidios\/\"><i class=\"fas fa-plus\"><\/i> Leia mais <\/a>\t\t\t\t\t\t\t\t<\/div>\n\t\t\t\t\t\t\t\t\t\t\t\t\t<\/div>\n\t\t\t\t\t<\/div>\n\t\t\t\t\t\t\t\t\t\t\t<footer class=\"blog_footer text-capitalize\">\n\t\t\t\t\t\t\t\t\t\t\t\t\t\t\t<p class=\"bd-margin-0\"><span class=\"bd-categories\"><i class=\"fas fa-folder\"><\/i>\n\t\t\t\t\t\t\t\t\t\t<span class=\"bd-link-label\">Categories :&nbsp;<\/span><a href=\"https:\/\/web.afiwai.com\/rwp\/category\/blog\/\" rel=\"category tag\">Blog<\/a>\t\t\t\t\t\t\t\t\t<\/span>\n\t\t\t\t\t\t\t\t<\/p>\n\t\t\t\t\t\t\t\t\t\t\t\t\t\t\t\t\t<p class=\"bd-margin-0\">\n\t\t\t\t\t\t\t\t\t\t<span class=\"bd-tags\"><i class=\"fas fa-bookmark\"><\/i>\n\t\t\t\t\t\t\t\t\t\t\t<span class=\"bd-link-label\">Tags :&nbsp;<\/span><a href=\"https:\/\/web.afiwai.com\/rwp\/tag\/arboricolas\/\" rel=\"tag\">arbor\u00edcolas<\/a>, <a href=\"https:\/\/web.afiwai.com\/rwp\/tag\/bifida\/\" rel=\"tag\">b\u00edfida<\/a>, <a href=\"https:\/\/web.afiwai.com\/rwp\/tag\/biologia\/\" rel=\"tag\">biologia<\/a>, <a href=\"https:\/\/web.afiwai.com\/rwp\/tag\/cacadores\/\" rel=\"tag\">ca\u00e7adores<\/a>, <a href=\"https:\/\/web.afiwai.com\/rwp\/tag\/caracois\/\" rel=\"tag\">carac\u00f3is<\/a>, <a href=\"https:\/\/web.afiwai.com\/rwp\/tag\/corallus\/\" rel=\"tag\">Corallus<\/a>, <a href=\"https:\/\/web.afiwai.com\/rwp\/tag\/crotalus\/\" rel=\"tag\">crotalus<\/a>, <a href=\"https:\/\/web.afiwai.com\/rwp\/tag\/jacobson\/\" rel=\"tag\">Jacobson<\/a>, <a href=\"https:\/\/web.afiwai.com\/rwp\/tag\/mandibulas\/\" rel=\"tag\">mand\u00edbulas<\/a>, <a href=\"https:\/\/web.afiwai.com\/rwp\/tag\/ofidio\/\" rel=\"tag\">of\u00eddio<\/a>, <a href=\"https:\/\/web.afiwai.com\/rwp\/tag\/ofidios\/\" rel=\"tag\">of\u00eddios<\/a>, <a href=\"https:\/\/web.afiwai.com\/rwp\/tag\/olfato\/\" rel=\"tag\">olfato<\/a>, <a href=\"https:\/\/web.afiwai.com\/rwp\/tag\/orgaos\/\" rel=\"tag\">\u00f3rg\u00e3os<\/a>, <a href=\"https:\/\/web.afiwai.com\/rwp\/tag\/palpebras\/\" rel=\"tag\">p\u00e1lpebras<\/a>, <a href=\"https:\/\/web.afiwai.com\/rwp\/tag\/predador\/\" rel=\"tag\">predador<\/a>, <a href=\"https:\/\/web.afiwai.com\/rwp\/tag\/repteis\/\" rel=\"tag\">r\u00e9pteis<\/a>, <a href=\"https:\/\/web.afiwai.com\/rwp\/tag\/reptil\/\" rel=\"tag\">r\u00e9ptil<\/a>, <a href=\"https:\/\/web.afiwai.com\/rwp\/tag\/serpentes\/\" rel=\"tag\">serpentes<\/a>, <a href=\"https:\/\/web.afiwai.com\/rwp\/tag\/vibracoes\/\" rel=\"tag\">vibra\u00e7\u00f5es<\/a>\t\t\t\t\t\t\t\t\t\t<\/span>\n\t\t\t\t\t\t\t\t\t<\/p>\n\t\t\t\t\t\t\t\t\t\t\t\t\t\t\t\t\t<div class=\"social-component\">\n\t\t\t\t\t\t\t\t\t\t\t\t\t\t\t\t\t\t\t<a data-share=\"facebook\" data-href=\"https:\/\/www.facebook.com\/sharer\/sharer.php\" data-url=\"https:\/\/web.afiwai.com\/rwp\/cacadoras-eximias-as-fantasticas-percecoes-sensoriais-dos-ofidios\/\" class=\"bd-facebook-share bd-social-share\"><i class=\"fab fa-facebook-f\"><\/i><\/a>\n\t\t\t\t\t\t\t\t\t\t\t\t\t\t\t\t\t\t\t\t<a data-share=\"twitter\" data-href=\"https:\/\/twitter.com\/share\" data-text=\"Ca\u00e7adoras ex\u00edmias \u2013 as fant\u00e1sticas perce\u00e7\u00f5es sensoriais dos of\u00eddios\" data-url=\"https:\/\/web.afiwai.com\/rwp\/cacadoras-eximias-as-fantasticas-percecoes-sensoriais-dos-ofidios\/\" class=\"bd-twitter-share bd-social-share\"><i class=\"fab fa-x-twitter\"><\/i><\/a>\n\t\t\t\t\t\t\t\t\t\t\t\t\t\t\t\t\t\t\t\t<a data-share=\"linkedin\" data-href=\"https:\/\/www.linkedin.com\/shareArticle\" data-url=\"https:\/\/web.afiwai.com\/rwp\/cacadoras-eximias-as-fantasticas-percecoes-sensoriais-dos-ofidios\/\" class=\"bd-linkedin-share bd-social-share\"><i class=\"fab fa-linkedin-in\"><\/i><\/a>\n\t\t\t\t\t\t\t\t\t\t\t\t\t\t\t\t\t\t\t\t<a data-share=\"pinterest\" data-href=\"https:\/\/pinterest.com\/pin\/create\/button\/\" data-url=\"https:\/\/web.afiwai.com\/rwp\/cacadoras-eximias-as-fantasticas-percecoes-sensoriais-dos-ofidios\/\" data-mdia=\"https:\/\/web.afiwai.com\/rwp\/wp-content\/uploads\/2019\/03\/european-grass-snake-950565_1920.jpg\" data-description=\"Ca\u00e7adoras ex\u00edmias \u2013 as fant\u00e1sticas perce\u00e7\u00f5es sensoriais dos of\u00eddios\" class=\"bd-pinterest-share bd-social-share\"> <i class=\"fab fa-pinterest-p\"><\/i><\/a>\n\t\t\t\t\t\t\t\t\t\t\t\t\t\t\t\t\t<\/div>\n\t\t\t\t\t\t\t\t\t\t\t\t\t\t<\/footer>\n\t\t\t\t\t\t\t\t\t<\/div>\n\t\t\t<\/div>\n\t\t<\/div>\n\t\t\t\t<div class=\"blog_template bdp_blog_template timeline blog-wrap  odd\">\n\t\t\t<div class=\"post_hentry\"><p><i class=\"fas\" data-fa-pseudo-element=\":before\">\uf303<\/i><\/p><div class=\"post_content_wrap\">\n\t\t\t\t\t<div class=\"post_wrapper box-blog\">\n\t\t\t\t\t\t\t\t\t\t\t\t\t<div class=\"bd-post-image photo\">\n\t\t\t\t\t\t\t\t<a href=\"https:\/\/web.afiwai.com\/rwp\/tuatara-um-fossil-vivo\/\"><img width=\"2048\" height=\"1255\" src=\"https:\/\/web.afiwai.com\/rwp\/wp-content\/uploads\/2019\/03\/Tuatara-Bernard-Spragg.jpg\" class=\"attachment-full size-full wp-post-image\" alt=\"\" decoding=\"async\" loading=\"lazy\" srcset=\"https:\/\/web.afiwai.com\/rwp\/wp-content\/uploads\/2019\/03\/Tuatara-Bernard-Spragg.jpg 2048w, https:\/\/web.afiwai.com\/rwp\/wp-content\/uploads\/2019\/03\/Tuatara-Bernard-Spragg-300x184.jpg 300w, https:\/\/web.afiwai.com\/rwp\/wp-content\/uploads\/2019\/03\/Tuatara-Bernard-Spragg-768x471.jpg 768w, https:\/\/web.afiwai.com\/rwp\/wp-content\/uploads\/2019\/03\/Tuatara-Bernard-Spragg-1024x628.jpg 1024w, https:\/\/web.afiwai.com\/rwp\/wp-content\/uploads\/2019\/03\/Tuatara-Bernard-Spragg-1080x662.jpg 1080w, https:\/\/web.afiwai.com\/rwp\/wp-content\/uploads\/2019\/03\/Tuatara-Bernard-Spragg-610x374.jpg 610w\" sizes=\"(max-width: 2048px) 100vw, 2048px\" \/>\t\t\t\t\t\t\t\t\t<span class=\"overlay\"><\/span>\n\t\t\t\t\t\t\t\t<\/a>\n\t\t\t\t\t\t\t<\/div>\n\t\t\t\t\t\t\t\t\t\t\t\t<div class=\"desc\">\n\t\t\t\t\t\t\t<h3 class=\"text-center text-capitalize\"><a href=\"https:\/\/web.afiwai.com\/rwp\/tuatara-um-fossil-vivo\/\"><span>Tuatara \u2013 um f\u00f3ssil vivo<\/span><\/a><\/h3>\n\t\t\t\t\t\t\t\t\t\t\t\t\t\t\t<div class=\"date_wrap\">\n\t\t\t\t\t\t\t\t\t\t\t\t\t\t\t\t\t\t\t<p class='bd-margin-0'><span title=\"Posted By Isadora Pombeiro\"><i class=\"fas fa-user\"><\/i>&nbsp;<a href=\"https:\/\/web.afiwai.com\/rwp\/author\/isadora-pombeiro\/\"><span>Isadora Pombeiro<\/span><\/a><\/span>&nbsp;&nbsp;<\/p>\n\t\t\t\t\t\t\t\t\t\t\t\t\t\t\t\t\t\t\t\t<p class='bd-margin-0'><span class=\"bd-metacomments\"><i class=\"fas fa-comment\"><\/i>&nbsp;<a href=\"https:\/\/web.afiwai.com\/rwp\/tuatara-um-fossil-vivo\/#respond\">No Comments<\/a>\t\t\t\t\t\t\t\t\t\t\t<\/span><\/p>\n\t\t\t\t\t\t\t\t\t\t\t\t\t\t\t\t\t\t\t\t<div class=\"bd-datetime\">\n\t\t\t\t\t\t\t\t\t\t\t<span class=\"month\">Mar<\/span><span class=\"date\">09<\/span>\n\t\t\t\t\t\t\t\t\t\t<\/div>\n\t\t\t\t\t\t\t\t\t\t\t\t\t\t\t\t\t<\/div>\n\t\t\t\t\t\t\t\t\t\t\t\t\t\t<div class=\"bd-post-content\">\n\t\t\t\t\t\t\t\tA sua opini\u00e3o<div class=\"rw-left\"><div class=\"rw-ui-container rw-class-blog-post rw-urid-307270\"><\/div><\/div>[et_pb_section fb_built=\u201d1\u2033 admin_label=\u201dsection\u201d _builder_version=\u201d3.22\u2033][et_pb_row admin_label=\u201drow\u201d _builder_version=\u201d3.25\u2033 background_size=\u201dinitia\n<span class=\"et_bloom_bottom_trigger\"><\/span>\t\t\t\t\t\t\t<\/div>\n\t\t\t\t\t\t\t\t\t\t\t\t\t\t\t<div class=\"read_more\">\n\t\t\t\t\t\t\t\t\t<a class=\"bd-more-tag\" href=\"https:\/\/web.afiwai.com\/rwp\/tuatara-um-fossil-vivo\/\"><i class=\"fas fa-plus\"><\/i> Leia mais <\/a>\t\t\t\t\t\t\t\t<\/div>\n\t\t\t\t\t\t\t\t\t\t\t\t\t<\/div>\n\t\t\t\t\t<\/div>\n\t\t\t\t\t\t\t\t\t\t\t<footer class=\"blog_footer text-capitalize\">\n\t\t\t\t\t\t\t\t\t\t\t\t\t\t\t<p class=\"bd-margin-0\"><span class=\"bd-categories\"><i class=\"fas fa-folder\"><\/i>\n\t\t\t\t\t\t\t\t\t\t<span class=\"bd-link-label\">Categories :&nbsp;<\/span><a href=\"https:\/\/web.afiwai.com\/rwp\/category\/blog\/\" rel=\"category tag\">Blog<\/a>\t\t\t\t\t\t\t\t\t<\/span>\n\t\t\t\t\t\t\t\t<\/p>\n\t\t\t\t\t\t\t\t\t\t\t\t\t\t\t\t\t<p class=\"bd-margin-0\">\n\t\t\t\t\t\t\t\t\t\t<span class=\"bd-tags\"><i class=\"fas fa-bookmark\"><\/i>\n\t\t\t\t\t\t\t\t\t\t\t<span class=\"bd-link-label\">Tags :&nbsp;<\/span><a href=\"https:\/\/web.afiwai.com\/rwp\/tag\/anfibios\/\" rel=\"tag\">anf\u00edbios<\/a>, <a href=\"https:\/\/web.afiwai.com\/rwp\/tag\/crocodilos\/\" rel=\"tag\">crocodilos<\/a>, <a href=\"https:\/\/web.afiwai.com\/rwp\/tag\/fossador\/\" rel=\"tag\">fossador<\/a>, <a href=\"https:\/\/web.afiwai.com\/rwp\/tag\/genetica\/\" rel=\"tag\">gen\u00e9tica<\/a>, <a href=\"https:\/\/web.afiwai.com\/rwp\/tag\/incubacao\/\" rel=\"tag\">incuba\u00e7\u00e3o<\/a>, <a href=\"https:\/\/web.afiwai.com\/rwp\/tag\/lagartos\/\" rel=\"tag\">Lagartos<\/a>, <a href=\"https:\/\/web.afiwai.com\/rwp\/tag\/orgao\/\" rel=\"tag\">\u00f3rg\u00e3o<\/a>, <a href=\"https:\/\/web.afiwai.com\/rwp\/tag\/predadores\/\" rel=\"tag\">predadores<\/a>, <a href=\"https:\/\/web.afiwai.com\/rwp\/tag\/repteis\/\" rel=\"tag\">r\u00e9pteis<\/a>, <a href=\"https:\/\/web.afiwai.com\/rwp\/tag\/reptil\/\" rel=\"tag\">r\u00e9ptil<\/a>, <a href=\"https:\/\/web.afiwai.com\/rwp\/tag\/rhynchocephalia\/\" rel=\"tag\">Rhynchocephalia<\/a>, <a href=\"https:\/\/web.afiwai.com\/rwp\/tag\/sphenodontidae\/\" rel=\"tag\">Sphenodontidae<\/a>, <a href=\"https:\/\/web.afiwai.com\/rwp\/tag\/tartarugas\/\" rel=\"tag\">tartarugas<\/a>, <a href=\"https:\/\/web.afiwai.com\/rwp\/tag\/tuatara\/\" rel=\"tag\">tuatara<\/a>, <a href=\"https:\/\/web.afiwai.com\/rwp\/tag\/tuataras\/\" rel=\"tag\">tuataras<\/a>, <a href=\"https:\/\/web.afiwai.com\/rwp\/tag\/zoo\/\" rel=\"tag\">Zoo<\/a>\t\t\t\t\t\t\t\t\t\t<\/span>\n\t\t\t\t\t\t\t\t\t<\/p>\n\t\t\t\t\t\t\t\t\t\t\t\t\t\t\t\t\t<div class=\"social-component\">\n\t\t\t\t\t\t\t\t\t\t\t\t\t\t\t\t\t\t\t<a data-share=\"facebook\" data-href=\"https:\/\/www.facebook.com\/sharer\/sharer.php\" data-url=\"https:\/\/web.afiwai.com\/rwp\/tuatara-um-fossil-vivo\/\" class=\"bd-facebook-share bd-social-share\"><i class=\"fab fa-facebook-f\"><\/i><\/a>\n\t\t\t\t\t\t\t\t\t\t\t\t\t\t\t\t\t\t\t\t<a data-share=\"twitter\" data-href=\"https:\/\/twitter.com\/share\" data-text=\"Tuatara \u2013 um f\u00f3ssil vivo\" data-url=\"https:\/\/web.afiwai.com\/rwp\/tuatara-um-fossil-vivo\/\" class=\"bd-twitter-share bd-social-share\"><i class=\"fab fa-x-twitter\"><\/i><\/a>\n\t\t\t\t\t\t\t\t\t\t\t\t\t\t\t\t\t\t\t\t<a data-share=\"linkedin\" data-href=\"https:\/\/www.linkedin.com\/shareArticle\" data-url=\"https:\/\/web.afiwai.com\/rwp\/tuatara-um-fossil-vivo\/\" class=\"bd-linkedin-share bd-social-share\"><i class=\"fab fa-linkedin-in\"><\/i><\/a>\n\t\t\t\t\t\t\t\t\t\t\t\t\t\t\t\t\t\t\t\t<a data-share=\"pinterest\" data-href=\"https:\/\/pinterest.com\/pin\/create\/button\/\" data-url=\"https:\/\/web.afiwai.com\/rwp\/tuatara-um-fossil-vivo\/\" data-mdia=\"https:\/\/web.afiwai.com\/rwp\/wp-content\/uploads\/2019\/03\/Tuatara-Bernard-Spragg.jpg\" data-description=\"Tuatara \u2013 um f\u00f3ssil vivo\" class=\"bd-pinterest-share bd-social-share\"> <i class=\"fab fa-pinterest-p\"><\/i><\/a>\n\t\t\t\t\t\t\t\t\t\t\t\t\t\t\t\t\t<\/div>\n\t\t\t\t\t\t\t\t\t\t\t\t\t\t<\/footer>\n\t\t\t\t\t\t\t\t\t<\/div>\n\t\t\t<\/div>\n\t\t<\/div>\n\t\t\t\t<div class=\"blog_template bdp_blog_template timeline blog-wrap  even\">\n\t\t\t<div class=\"post_hentry\"><p><i class=\"fas\" data-fa-pseudo-element=\":before\">\uf303<\/i><\/p><div class=\"post_content_wrap\">\n\t\t\t\t\t<div class=\"post_wrapper box-blog\">\n\t\t\t\t\t\t\t\t\t\t\t\t\t<div class=\"bd-post-image photo\">\n\t\t\t\t\t\t\t\t<a href=\"https:\/\/web.afiwai.com\/rwp\/resumo-dos-ultimos-meses-do-reptilario-de-aveiro\/\"><img width=\"1600\" height=\"1066\" src=\"https:\/\/web.afiwai.com\/rwp\/wp-content\/uploads\/2019\/03\/IMG_9099-NOTICIA.jpg\" class=\"attachment-full size-full wp-post-image\" alt=\"\" decoding=\"async\" loading=\"lazy\" srcset=\"https:\/\/web.afiwai.com\/rwp\/wp-content\/uploads\/2019\/03\/IMG_9099-NOTICIA.jpg 1600w, https:\/\/web.afiwai.com\/rwp\/wp-content\/uploads\/2019\/03\/IMG_9099-NOTICIA-300x200.jpg 300w, https:\/\/web.afiwai.com\/rwp\/wp-content\/uploads\/2019\/03\/IMG_9099-NOTICIA-768x512.jpg 768w, https:\/\/web.afiwai.com\/rwp\/wp-content\/uploads\/2019\/03\/IMG_9099-NOTICIA-1024x682.jpg 1024w, https:\/\/web.afiwai.com\/rwp\/wp-content\/uploads\/2019\/03\/IMG_9099-NOTICIA-1080x720.jpg 1080w, https:\/\/web.afiwai.com\/rwp\/wp-content\/uploads\/2019\/03\/IMG_9099-NOTICIA-610x406.jpg 610w\" sizes=\"(max-width: 1600px) 100vw, 1600px\" \/>\t\t\t\t\t\t\t\t\t<span class=\"overlay\"><\/span>\n\t\t\t\t\t\t\t\t<\/a>\n\t\t\t\t\t\t\t<\/div>\n\t\t\t\t\t\t\t\t\t\t\t\t<div class=\"desc\">\n\t\t\t\t\t\t\t<h3 class=\"text-center text-capitalize\"><a href=\"https:\/\/web.afiwai.com\/rwp\/resumo-dos-ultimos-meses-do-reptilario-de-aveiro\/\"><span>Resumo dos \u00faltimos meses do Reptil\u00e1rio de Aveiro<\/span><\/a><\/h3>\n\t\t\t\t\t\t\t\t\t\t\t\t\t\t\t<div class=\"date_wrap\">\n\t\t\t\t\t\t\t\t\t\t\t\t\t\t\t\t\t\t\t<p class='bd-margin-0'><span title=\"Posted By Jeziel Carvalho\"><i class=\"fas fa-user\"><\/i>&nbsp;<a href=\"https:\/\/web.afiwai.com\/rwp\/author\/jeziel\/\"><span>Jeziel Carvalho<\/span><\/a><\/span>&nbsp;&nbsp;<\/p>\n\t\t\t\t\t\t\t\t\t\t\t\t\t\t\t\t\t\t\t\t<p class='bd-margin-0'><span class=\"bd-metacomments\"><i class=\"fas fa-comment\"><\/i>&nbsp;<a href=\"https:\/\/web.afiwai.com\/rwp\/resumo-dos-ultimos-meses-do-reptilario-de-aveiro\/#respond\">No Comments<\/a>\t\t\t\t\t\t\t\t\t\t\t<\/span><\/p>\n\t\t\t\t\t\t\t\t\t\t\t\t\t\t\t\t\t\t\t\t<div class=\"bd-datetime\">\n\t\t\t\t\t\t\t\t\t\t\t<span class=\"month\">Mar<\/span><span class=\"date\">06<\/span>\n\t\t\t\t\t\t\t\t\t\t<\/div>\n\t\t\t\t\t\t\t\t\t\t\t\t\t\t\t\t\t<\/div>\n\t\t\t\t\t\t\t\t\t\t\t\t\t\t<div class=\"bd-post-content\">\n\t\t\t\t\t\t\t\tA sua opini\u00e3o<div class=\"rw-left\"><div class=\"rw-ui-container rw-class-blog-post rw-urid-307110\"><\/div><\/div>[et_pb_section fb_built=\u201d1\u2033 admin_label=\u201dsection\u201d _builder_version=\u201d3.22\u2033][et_pb_row admin_label=\u201drow\u201d _builder_version=\u201d3.25\u2033 background_size=\u201dinitia\n<span class=\"et_bloom_bottom_trigger\"><\/span>\t\t\t\t\t\t\t<\/div>\n\t\t\t\t\t\t\t\t\t\t\t\t\t\t\t<div class=\"read_more\">\n\t\t\t\t\t\t\t\t\t<a class=\"bd-more-tag\" href=\"https:\/\/web.afiwai.com\/rwp\/resumo-dos-ultimos-meses-do-reptilario-de-aveiro\/\"><i class=\"fas fa-plus\"><\/i> Leia mais <\/a>\t\t\t\t\t\t\t\t<\/div>\n\t\t\t\t\t\t\t\t\t\t\t\t\t<\/div>\n\t\t\t\t\t<\/div>\n\t\t\t\t\t\t\t\t\t\t\t<footer class=\"blog_footer text-capitalize\">\n\t\t\t\t\t\t\t\t\t\t\t\t\t\t\t<p class=\"bd-margin-0\"><span class=\"bd-categories\"><i class=\"fas fa-folder\"><\/i>\n\t\t\t\t\t\t\t\t\t\t<span class=\"bd-link-label\">Categories :&nbsp;<\/span><a href=\"https:\/\/web.afiwai.com\/rwp\/category\/blog\/\" rel=\"category tag\">Blog<\/a>\t\t\t\t\t\t\t\t\t<\/span>\n\t\t\t\t\t\t\t\t<\/p>\n\t\t\t\t\t\t\t\t\t\t\t\t\t\t\t\t\t<p class=\"bd-margin-0\">\n\t\t\t\t\t\t\t\t\t\t<span class=\"bd-tags\"><i class=\"fas fa-bookmark\"><\/i>\n\t\t\t\t\t\t\t\t\t\t\t<span class=\"bd-link-label\">Tags :&nbsp;<\/span><a href=\"https:\/\/web.afiwai.com\/rwp\/tag\/arquiteta\/\" rel=\"tag\">arquiteta<\/a>, <a href=\"https:\/\/web.afiwai.com\/rwp\/tag\/biologa\/\" rel=\"tag\">bi\u00f3loga<\/a>, <a href=\"https:\/\/web.afiwai.com\/rwp\/tag\/biologos\/\" rel=\"tag\">bi\u00f3logos<\/a>, <a href=\"https:\/\/web.afiwai.com\/rwp\/tag\/candidaturas\/\" rel=\"tag\">candidaturas<\/a>, <a href=\"https:\/\/web.afiwai.com\/rwp\/tag\/concurso\/\" rel=\"tag\">concurso<\/a>, <a href=\"https:\/\/web.afiwai.com\/rwp\/tag\/iddnet\/\" rel=\"tag\">IDDNET<\/a>, <a href=\"https:\/\/web.afiwai.com\/rwp\/tag\/inovadores\/\" rel=\"tag\">inovadores<\/a>, <a href=\"https:\/\/web.afiwai.com\/rwp\/tag\/newton\/\" rel=\"tag\">Newton<\/a>, <a href=\"https:\/\/web.afiwai.com\/rwp\/tag\/newton2\/\" rel=\"tag\">Newton2<\/a>, <a href=\"https:\/\/web.afiwai.com\/rwp\/tag\/paisagista\/\" rel=\"tag\">paisagista<\/a>, <a href=\"https:\/\/web.afiwai.com\/rwp\/tag\/portugal\/\" rel=\"tag\">Portugal<\/a>, <a href=\"https:\/\/web.afiwai.com\/rwp\/tag\/projetos\/\" rel=\"tag\">projetos<\/a>, <a href=\"https:\/\/web.afiwai.com\/rwp\/tag\/repteis\/\" rel=\"tag\">r\u00e9pteis<\/a>, <a href=\"https:\/\/web.afiwai.com\/rwp\/tag\/reptilario\/\" rel=\"tag\">Reptil\u00e1rio<\/a>, <a href=\"https:\/\/web.afiwai.com\/rwp\/tag\/rierc\/\" rel=\"tag\">RIERC<\/a>, <a href=\"https:\/\/web.afiwai.com\/rwp\/tag\/turismo\/\" rel=\"tag\">Turismo<\/a>, <a href=\"https:\/\/web.afiwai.com\/rwp\/tag\/veterinarios\/\" rel=\"tag\">veterin\u00e1rios<\/a>\t\t\t\t\t\t\t\t\t\t<\/span>\n\t\t\t\t\t\t\t\t\t<\/p>\n\t\t\t\t\t\t\t\t\t\t\t\t\t\t\t\t\t<div class=\"social-component\">\n\t\t\t\t\t\t\t\t\t\t\t\t\t\t\t\t\t\t\t<a data-share=\"facebook\" data-href=\"https:\/\/www.facebook.com\/sharer\/sharer.php\" data-url=\"https:\/\/web.afiwai.com\/rwp\/resumo-dos-ultimos-meses-do-reptilario-de-aveiro\/\" class=\"bd-facebook-share bd-social-share\"><i class=\"fab fa-facebook-f\"><\/i><\/a>\n\t\t\t\t\t\t\t\t\t\t\t\t\t\t\t\t\t\t\t\t<a data-share=\"twitter\" data-href=\"https:\/\/twitter.com\/share\" data-text=\"Resumo dos \u00faltimos meses do Reptil\u00e1rio de Aveiro\" data-url=\"https:\/\/web.afiwai.com\/rwp\/resumo-dos-ultimos-meses-do-reptilario-de-aveiro\/\" class=\"bd-twitter-share bd-social-share\"><i class=\"fab fa-x-twitter\"><\/i><\/a>\n\t\t\t\t\t\t\t\t\t\t\t\t\t\t\t\t\t\t\t\t<a data-share=\"linkedin\" data-href=\"https:\/\/www.linkedin.com\/shareArticle\" data-url=\"https:\/\/web.afiwai.com\/rwp\/resumo-dos-ultimos-meses-do-reptilario-de-aveiro\/\" class=\"bd-linkedin-share bd-social-share\"><i class=\"fab fa-linkedin-in\"><\/i><\/a>\n\t\t\t\t\t\t\t\t\t\t\t\t\t\t\t\t\t\t\t\t<a data-share=\"pinterest\" data-href=\"https:\/\/pinterest.com\/pin\/create\/button\/\" data-url=\"https:\/\/web.afiwai.com\/rwp\/resumo-dos-ultimos-meses-do-reptilario-de-aveiro\/\" data-mdia=\"https:\/\/web.afiwai.com\/rwp\/wp-content\/uploads\/2019\/03\/IMG_9099-NOTICIA.jpg\" data-description=\"Resumo dos \u00faltimos meses do Reptil\u00e1rio de Aveiro\" class=\"bd-pinterest-share bd-social-share\"> <i class=\"fab fa-pinterest-p\"><\/i><\/a>\n\t\t\t\t\t\t\t\t\t\t\t\t\t\t\t\t\t<\/div>\n\t\t\t\t\t\t\t\t\t\t\t\t\t\t<\/footer>\n\t\t\t\t\t\t\t\t\t<\/div>\n\t\t\t<\/div>\n\t\t<\/div>\n\t\t\t\t<div class=\"blog_template bdp_blog_template timeline blog-wrap  odd\">\n\t\t\t<div class=\"post_hentry\"><p><i class=\"fas\" data-fa-pseudo-element=\":before\">\uf303<\/i><\/p><div class=\"post_content_wrap\">\n\t\t\t\t\t<div class=\"post_wrapper box-blog\">\n\t\t\t\t\t\t\t\t\t\t\t\t\t<div class=\"bd-post-image photo\">\n\t\t\t\t\t\t\t\t<a href=\"https:\/\/web.afiwai.com\/rwp\/a-aderencia-das-patas-nos-gekkonidae\/\"><img width=\"1920\" height=\"1440\" src=\"https:\/\/web.afiwai.com\/rwp\/wp-content\/uploads\/2019\/03\/lizard-2732989_1920.jpg\" class=\"attachment-full size-full wp-post-image\" alt=\"\" decoding=\"async\" loading=\"lazy\" srcset=\"https:\/\/web.afiwai.com\/rwp\/wp-content\/uploads\/2019\/03\/lizard-2732989_1920.jpg 1920w, https:\/\/web.afiwai.com\/rwp\/wp-content\/uploads\/2019\/03\/lizard-2732989_1920-300x225.jpg 300w, https:\/\/web.afiwai.com\/rwp\/wp-content\/uploads\/2019\/03\/lizard-2732989_1920-768x576.jpg 768w, https:\/\/web.afiwai.com\/rwp\/wp-content\/uploads\/2019\/03\/lizard-2732989_1920-1024x768.jpg 1024w, https:\/\/web.afiwai.com\/rwp\/wp-content\/uploads\/2019\/03\/lizard-2732989_1920-510x382.jpg 510w, https:\/\/web.afiwai.com\/rwp\/wp-content\/uploads\/2019\/03\/lizard-2732989_1920-1080x810.jpg 1080w, https:\/\/web.afiwai.com\/rwp\/wp-content\/uploads\/2019\/03\/lizard-2732989_1920-610x458.jpg 610w\" sizes=\"(max-width: 1920px) 100vw, 1920px\" \/>\t\t\t\t\t\t\t\t\t<span class=\"overlay\"><\/span>\n\t\t\t\t\t\t\t\t<\/a>\n\t\t\t\t\t\t\t<\/div>\n\t\t\t\t\t\t\t\t\t\t\t\t<div class=\"desc\">\n\t\t\t\t\t\t\t<h3 class=\"text-center text-capitalize\"><a href=\"https:\/\/web.afiwai.com\/rwp\/a-aderencia-das-patas-nos-gekkonidae\/\"><span>A ader\u00eancia das patas \u2013 nos Gekkonidae<\/span><\/a><\/h3>\n\t\t\t\t\t\t\t\t\t\t\t\t\t\t\t<div class=\"date_wrap\">\n\t\t\t\t\t\t\t\t\t\t\t\t\t\t\t\t\t\t\t<p class='bd-margin-0'><span title=\"Posted By Isadora Pombeiro\"><i class=\"fas fa-user\"><\/i>&nbsp;<a href=\"https:\/\/web.afiwai.com\/rwp\/author\/isadora-pombeiro\/\"><span>Isadora Pombeiro<\/span><\/a><\/span>&nbsp;&nbsp;<\/p>\n\t\t\t\t\t\t\t\t\t\t\t\t\t\t\t\t\t\t\t\t<p class='bd-margin-0'><span class=\"bd-metacomments\"><i class=\"fas fa-comment\"><\/i>&nbsp;<a href=\"https:\/\/web.afiwai.com\/rwp\/a-aderencia-das-patas-nos-gekkonidae\/#respond\">No Comments<\/a>\t\t\t\t\t\t\t\t\t\t\t<\/span><\/p>\n\t\t\t\t\t\t\t\t\t\t\t\t\t\t\t\t\t\t\t\t<div class=\"bd-datetime\">\n\t\t\t\t\t\t\t\t\t\t\t<span class=\"month\">Mar<\/span><span class=\"date\">03<\/span>\n\t\t\t\t\t\t\t\t\t\t<\/div>\n\t\t\t\t\t\t\t\t\t\t\t\t\t\t\t\t\t<\/div>\n\t\t\t\t\t\t\t\t\t\t\t\t\t\t<div class=\"bd-post-content\">\n\t\t\t\t\t\t\t\tA sua opini\u00e3o<div class=\"rw-left\"><div class=\"rw-ui-container rw-class-blog-post rw-urid-306790\"><\/div><\/div>[et_pb_section fb_built=\u201d1\u2033 admin_label=\u201dsection\u201d _builder_version=\u201d3.22\u2033][et_pb_row admin_label=\u201drow\u201d _builder_version=\u201d3.25\u2033 background_size=\u201dinitia\n<span class=\"et_bloom_bottom_trigger\"><\/span>\t\t\t\t\t\t\t<\/div>\n\t\t\t\t\t\t\t\t\t\t\t\t\t\t\t<div class=\"read_more\">\n\t\t\t\t\t\t\t\t\t<a class=\"bd-more-tag\" href=\"https:\/\/web.afiwai.com\/rwp\/a-aderencia-das-patas-nos-gekkonidae\/\"><i class=\"fas fa-plus\"><\/i> Leia mais <\/a>\t\t\t\t\t\t\t\t<\/div>\n\t\t\t\t\t\t\t\t\t\t\t\t\t<\/div>\n\t\t\t\t\t<\/div>\n\t\t\t\t\t\t\t\t\t\t\t<footer class=\"blog_footer text-capitalize\">\n\t\t\t\t\t\t\t\t\t\t\t\t\t\t\t<p class=\"bd-margin-0\"><span class=\"bd-categories\"><i class=\"fas fa-folder\"><\/i>\n\t\t\t\t\t\t\t\t\t\t<span class=\"bd-link-label\">Categories :&nbsp;<\/span><a href=\"https:\/\/web.afiwai.com\/rwp\/category\/blog\/\" rel=\"category tag\">Blog<\/a>\t\t\t\t\t\t\t\t\t<\/span>\n\t\t\t\t\t\t\t\t<\/p>\n\t\t\t\t\t\t\t\t\t\t\t\t\t\t\t\t\t<p class=\"bd-margin-0\">\n\t\t\t\t\t\t\t\t\t\t<span class=\"bd-tags\"><i class=\"fas fa-bookmark\"><\/i>\n\t\t\t\t\t\t\t\t\t\t\t<span class=\"bd-link-label\">Tags :&nbsp;<\/span><a href=\"https:\/\/web.afiwai.com\/rwp\/tag\/adesivo\/\" rel=\"tag\">Adesivo<\/a>, <a href=\"https:\/\/web.afiwai.com\/rwp\/tag\/animais\/\" rel=\"tag\">animais<\/a>, <a href=\"https:\/\/web.afiwai.com\/rwp\/tag\/animal\/\" rel=\"tag\">animal<\/a>, <a href=\"https:\/\/web.afiwai.com\/rwp\/tag\/aranhas\/\" rel=\"tag\">aranhas<\/a>, <a href=\"https:\/\/web.afiwai.com\/rwp\/tag\/geckos\/\" rel=\"tag\">geckos<\/a>, <a href=\"https:\/\/web.afiwai.com\/rwp\/tag\/gekkonidae\/\" rel=\"tag\">Gekkonidae<\/a>, <a href=\"https:\/\/web.afiwai.com\/rwp\/tag\/insetos\/\" rel=\"tag\">insetos<\/a>, <a href=\"https:\/\/web.afiwai.com\/rwp\/tag\/osga\/\" rel=\"tag\">osga<\/a>, <a href=\"https:\/\/web.afiwai.com\/rwp\/tag\/osgas\/\" rel=\"tag\">osgas<\/a>, <a href=\"https:\/\/web.afiwai.com\/rwp\/tag\/repteis\/\" rel=\"tag\">r\u00e9pteis<\/a>, <a href=\"https:\/\/web.afiwai.com\/rwp\/tag\/ventosas\/\" rel=\"tag\">ventosas<\/a>\t\t\t\t\t\t\t\t\t\t<\/span>\n\t\t\t\t\t\t\t\t\t<\/p>\n\t\t\t\t\t\t\t\t\t\t\t\t\t\t\t\t\t<div class=\"social-component\">\n\t\t\t\t\t\t\t\t\t\t\t\t\t\t\t\t\t\t\t<a data-share=\"facebook\" data-href=\"https:\/\/www.facebook.com\/sharer\/sharer.php\" data-url=\"https:\/\/web.afiwai.com\/rwp\/a-aderencia-das-patas-nos-gekkonidae\/\" class=\"bd-facebook-share bd-social-share\"><i class=\"fab fa-facebook-f\"><\/i><\/a>\n\t\t\t\t\t\t\t\t\t\t\t\t\t\t\t\t\t\t\t\t<a data-share=\"twitter\" data-href=\"https:\/\/twitter.com\/share\" data-text=\"A ader\u00eancia das patas \u2013 nos Gekkonidae\" data-url=\"https:\/\/web.afiwai.com\/rwp\/a-aderencia-das-patas-nos-gekkonidae\/\" class=\"bd-twitter-share bd-social-share\"><i class=\"fab fa-x-twitter\"><\/i><\/a>\n\t\t\t\t\t\t\t\t\t\t\t\t\t\t\t\t\t\t\t\t<a data-share=\"linkedin\" data-href=\"https:\/\/www.linkedin.com\/shareArticle\" data-url=\"https:\/\/web.afiwai.com\/rwp\/a-aderencia-das-patas-nos-gekkonidae\/\" class=\"bd-linkedin-share bd-social-share\"><i class=\"fab fa-linkedin-in\"><\/i><\/a>\n\t\t\t\t\t\t\t\t\t\t\t\t\t\t\t\t\t\t\t\t<a data-share=\"pinterest\" data-href=\"https:\/\/pinterest.com\/pin\/create\/button\/\" data-url=\"https:\/\/web.afiwai.com\/rwp\/a-aderencia-das-patas-nos-gekkonidae\/\" data-mdia=\"https:\/\/web.afiwai.com\/rwp\/wp-content\/uploads\/2019\/03\/lizard-2732989_1920.jpg\" data-description=\"A ader\u00eancia das patas \u2013 nos Gekkonidae\" class=\"bd-pinterest-share bd-social-share\"> <i class=\"fab fa-pinterest-p\"><\/i><\/a>\n\t\t\t\t\t\t\t\t\t\t\t\t\t\t\t\t\t<\/div>\n\t\t\t\t\t\t\t\t\t\t\t\t\t\t<\/footer>\n\t\t\t\t\t\t\t\t\t<\/div>\n\t\t\t<\/div>\n\t\t<\/div>\n\t\t\t\t<div class=\"blog_template bdp_blog_template timeline blog-wrap  even\">\n\t\t\t<div class=\"post_hentry\"><p><i class=\"fas\" data-fa-pseudo-element=\":before\">\uf303<\/i><\/p><div class=\"post_content_wrap\">\n\t\t\t\t\t<div class=\"post_wrapper box-blog\">\n\t\t\t\t\t\t\t\t\t\t\t\t\t<div class=\"bd-post-image photo\">\n\t\t\t\t\t\t\t\t<a href=\"https:\/\/web.afiwai.com\/rwp\/ilhas-magicas-especie-rara-reencontrada-nas-galapagos\/\"><img width=\"777\" height=\"583\" src=\"https:\/\/web.afiwai.com\/rwp\/wp-content\/uploads\/2019\/02\/52465993_10156131998561680_1907686217885941760_nBIS.jpg\" class=\"attachment-full size-full wp-post-image\" alt=\"\" decoding=\"async\" loading=\"lazy\" srcset=\"https:\/\/web.afiwai.com\/rwp\/wp-content\/uploads\/2019\/02\/52465993_10156131998561680_1907686217885941760_nBIS.jpg 777w, https:\/\/web.afiwai.com\/rwp\/wp-content\/uploads\/2019\/02\/52465993_10156131998561680_1907686217885941760_nBIS-300x225.jpg 300w, https:\/\/web.afiwai.com\/rwp\/wp-content\/uploads\/2019\/02\/52465993_10156131998561680_1907686217885941760_nBIS-768x576.jpg 768w, https:\/\/web.afiwai.com\/rwp\/wp-content\/uploads\/2019\/02\/52465993_10156131998561680_1907686217885941760_nBIS-510x382.jpg 510w, https:\/\/web.afiwai.com\/rwp\/wp-content\/uploads\/2019\/02\/52465993_10156131998561680_1907686217885941760_nBIS-610x458.jpg 610w\" sizes=\"(max-width: 777px) 100vw, 777px\" \/>\t\t\t\t\t\t\t\t\t<span class=\"overlay\"><\/span>\n\t\t\t\t\t\t\t\t<\/a>\n\t\t\t\t\t\t\t<\/div>\n\t\t\t\t\t\t\t\t\t\t\t\t<div class=\"desc\">\n\t\t\t\t\t\t\t<h3 class=\"text-center text-capitalize\"><a href=\"https:\/\/web.afiwai.com\/rwp\/ilhas-magicas-especie-rara-reencontrada-nas-galapagos\/\"><span>Ilhas m\u00e1gicas: esp\u00e9cie rara reencontrada nas Gal\u00e1pagos<\/span><\/a><\/h3>\n\t\t\t\t\t\t\t\t\t\t\t\t\t\t\t<div class=\"date_wrap\">\n\t\t\t\t\t\t\t\t\t\t\t\t\t\t\t\t\t\t\t<p class='bd-margin-0'><span title=\"Posted By Isadora Pombeiro\"><i class=\"fas fa-user\"><\/i>&nbsp;<a href=\"https:\/\/web.afiwai.com\/rwp\/author\/isadora-pombeiro\/\"><span>Isadora Pombeiro<\/span><\/a><\/span>&nbsp;&nbsp;<\/p>\n\t\t\t\t\t\t\t\t\t\t\t\t\t\t\t\t\t\t\t\t<p class='bd-margin-0'><span class=\"bd-metacomments\"><i class=\"fas fa-comment\"><\/i>&nbsp;<a href=\"https:\/\/web.afiwai.com\/rwp\/ilhas-magicas-especie-rara-reencontrada-nas-galapagos\/#respond\">No Comments<\/a>\t\t\t\t\t\t\t\t\t\t\t<\/span><\/p>\n\t\t\t\t\t\t\t\t\t\t\t\t\t\t\t\t\t\t\t\t<div class=\"bd-datetime\">\n\t\t\t\t\t\t\t\t\t\t\t<span class=\"month\">Fev<\/span><span class=\"date\">22<\/span>\n\t\t\t\t\t\t\t\t\t\t<\/div>\n\t\t\t\t\t\t\t\t\t\t\t\t\t\t\t\t\t<\/div>\n\t\t\t\t\t\t\t\t\t\t\t\t\t\t<div class=\"bd-post-content\">\n\t\t\t\t\t\t\t\tA sua opini\u00e3o<div class=\"rw-left\"><div class=\"rw-ui-container rw-class-blog-post rw-urid-306280\"><\/div><\/div>[et_pb_section fb_built=\u201d1\u2033 admin_label=\u201dsection\u201d _builder_version=\u201d3.22\u2033][et_pb_row admin_label=\u201drow\u201d _builder_version=\u201d3.25\u2033 background_size=\u201dinitia\n<span class=\"et_bloom_bottom_trigger\"><\/span>\t\t\t\t\t\t\t<\/div>\n\t\t\t\t\t\t\t\t\t\t\t\t\t\t\t<div class=\"read_more\">\n\t\t\t\t\t\t\t\t\t<a class=\"bd-more-tag\" href=\"https:\/\/web.afiwai.com\/rwp\/ilhas-magicas-especie-rara-reencontrada-nas-galapagos\/\"><i class=\"fas fa-plus\"><\/i> Leia mais <\/a>\t\t\t\t\t\t\t\t<\/div>\n\t\t\t\t\t\t\t\t\t\t\t\t\t<\/div>\n\t\t\t\t\t<\/div>\n\t\t\t\t\t\t\t\t\t\t\t<footer class=\"blog_footer text-capitalize\">\n\t\t\t\t\t\t\t\t\t\t\t\t\t\t\t<p class=\"bd-margin-0\"><span class=\"bd-categories\"><i class=\"fas fa-folder\"><\/i>\n\t\t\t\t\t\t\t\t\t\t<span class=\"bd-link-label\">Categories :&nbsp;<\/span><a href=\"https:\/\/web.afiwai.com\/rwp\/category\/blog\/\" rel=\"category tag\">Blog<\/a>\t\t\t\t\t\t\t\t\t<\/span>\n\t\t\t\t\t\t\t\t<\/p>\n\t\t\t\t\t\t\t\t\t\t\t\t\t\t\t\t\t<p class=\"bd-margin-0\">\n\t\t\t\t\t\t\t\t\t\t<span class=\"bd-tags\"><i class=\"fas fa-bookmark\"><\/i>\n\t\t\t\t\t\t\t\t\t\t\t<span class=\"bd-link-label\">Tags :&nbsp;<\/span><a href=\"https:\/\/web.afiwai.com\/rwp\/tag\/animais\/\" rel=\"tag\">animais<\/a>, <a href=\"https:\/\/web.afiwai.com\/rwp\/tag\/biologia\/\" rel=\"tag\">biologia<\/a>, <a href=\"https:\/\/web.afiwai.com\/rwp\/tag\/chelonoidis\/\" rel=\"tag\">Chelonoidis<\/a>, <a href=\"https:\/\/web.afiwai.com\/rwp\/tag\/galapagos\/\" rel=\"tag\">Gal\u00e1pagos<\/a>, <a href=\"https:\/\/web.afiwai.com\/rwp\/tag\/reproducao\/\" rel=\"tag\">reprodu\u00e7\u00e3o<\/a>, <a href=\"https:\/\/web.afiwai.com\/rwp\/tag\/tartarugas\/\" rel=\"tag\">tartarugas<\/a>\t\t\t\t\t\t\t\t\t\t<\/span>\n\t\t\t\t\t\t\t\t\t<\/p>\n\t\t\t\t\t\t\t\t\t\t\t\t\t\t\t\t\t<div class=\"social-component\">\n\t\t\t\t\t\t\t\t\t\t\t\t\t\t\t\t\t\t\t<a data-share=\"facebook\" data-href=\"https:\/\/www.facebook.com\/sharer\/sharer.php\" data-url=\"https:\/\/web.afiwai.com\/rwp\/ilhas-magicas-especie-rara-reencontrada-nas-galapagos\/\" class=\"bd-facebook-share bd-social-share\"><i class=\"fab fa-facebook-f\"><\/i><\/a>\n\t\t\t\t\t\t\t\t\t\t\t\t\t\t\t\t\t\t\t\t<a data-share=\"twitter\" data-href=\"https:\/\/twitter.com\/share\" data-text=\"Ilhas m\u00e1gicas: esp\u00e9cie rara reencontrada nas Gal\u00e1pagos\" data-url=\"https:\/\/web.afiwai.com\/rwp\/ilhas-magicas-especie-rara-reencontrada-nas-galapagos\/\" class=\"bd-twitter-share bd-social-share\"><i class=\"fab fa-x-twitter\"><\/i><\/a>\n\t\t\t\t\t\t\t\t\t\t\t\t\t\t\t\t\t\t\t\t<a data-share=\"linkedin\" data-href=\"https:\/\/www.linkedin.com\/shareArticle\" data-url=\"https:\/\/web.afiwai.com\/rwp\/ilhas-magicas-especie-rara-reencontrada-nas-galapagos\/\" class=\"bd-linkedin-share bd-social-share\"><i class=\"fab fa-linkedin-in\"><\/i><\/a>\n\t\t\t\t\t\t\t\t\t\t\t\t\t\t\t\t\t\t\t\t<a data-share=\"pinterest\" data-href=\"https:\/\/pinterest.com\/pin\/create\/button\/\" data-url=\"https:\/\/web.afiwai.com\/rwp\/ilhas-magicas-especie-rara-reencontrada-nas-galapagos\/\" data-mdia=\"https:\/\/web.afiwai.com\/rwp\/wp-content\/uploads\/2019\/02\/52465993_10156131998561680_1907686217885941760_nBIS.jpg\" data-description=\"Ilhas m\u00e1gicas: esp\u00e9cie rara reencontrada nas Gal\u00e1pagos\" class=\"bd-pinterest-share bd-social-share\"> <i class=\"fab fa-pinterest-p\"><\/i><\/a>\n\t\t\t\t\t\t\t\t\t\t\t\t\t\t\t\t\t<\/div>\n\t\t\t\t\t\t\t\t\t\t\t\t\t\t<\/footer>\n\t\t\t\t\t\t\t\t\t<\/div>\n\t\t\t<\/div>\n\t\t<\/div>\n\t\t\t\t<div class=\"blog_template bdp_blog_template timeline blog-wrap  odd\">\n\t\t\t<div class=\"post_hentry\"><p><i class=\"fas\" data-fa-pseudo-element=\":before\">\uf303<\/i><\/p><div class=\"post_content_wrap\">\n\t\t\t\t\t<div class=\"post_wrapper box-blog\">\n\t\t\t\t\t\t\t\t\t\t\t\t\t<div class=\"bd-post-image photo\">\n\t\t\t\t\t\t\t\t<a href=\"https:\/\/web.afiwai.com\/rwp\/mandibulas-ferozes-crocodylia\/\"><img width=\"1920\" height=\"1080\" src=\"https:\/\/web.afiwai.com\/rwp\/wp-content\/uploads\/2019\/02\/crocodile-1730510_1920.jpg\" class=\"attachment-full size-full wp-post-image\" alt=\"\" decoding=\"async\" loading=\"lazy\" srcset=\"https:\/\/web.afiwai.com\/rwp\/wp-content\/uploads\/2019\/02\/crocodile-1730510_1920.jpg 1920w, https:\/\/web.afiwai.com\/rwp\/wp-content\/uploads\/2019\/02\/crocodile-1730510_1920-300x169.jpg 300w, https:\/\/web.afiwai.com\/rwp\/wp-content\/uploads\/2019\/02\/crocodile-1730510_1920-768x432.jpg 768w, https:\/\/web.afiwai.com\/rwp\/wp-content\/uploads\/2019\/02\/crocodile-1730510_1920-1024x576.jpg 1024w, https:\/\/web.afiwai.com\/rwp\/wp-content\/uploads\/2019\/02\/crocodile-1730510_1920-1080x608.jpg 1080w, https:\/\/web.afiwai.com\/rwp\/wp-content\/uploads\/2019\/02\/crocodile-1730510_1920-610x343.jpg 610w\" sizes=\"(max-width: 1920px) 100vw, 1920px\" \/>\t\t\t\t\t\t\t\t\t<span class=\"overlay\"><\/span>\n\t\t\t\t\t\t\t\t<\/a>\n\t\t\t\t\t\t\t<\/div>\n\t\t\t\t\t\t\t\t\t\t\t\t<div class=\"desc\">\n\t\t\t\t\t\t\t<h3 class=\"text-center text-capitalize\"><a href=\"https:\/\/web.afiwai.com\/rwp\/mandibulas-ferozes-crocodylia\/\"><span>Mand\u00edbulas ferozes \u2013 Crocodylia<\/span><\/a><\/h3>\n\t\t\t\t\t\t\t\t\t\t\t\t\t\t\t<div class=\"date_wrap\">\n\t\t\t\t\t\t\t\t\t\t\t\t\t\t\t\t\t\t\t<p class='bd-margin-0'><span title=\"Posted By Isadora Pombeiro\"><i class=\"fas fa-user\"><\/i>&nbsp;<a href=\"https:\/\/web.afiwai.com\/rwp\/author\/isadora-pombeiro\/\"><span>Isadora Pombeiro<\/span><\/a><\/span>&nbsp;&nbsp;<\/p>\n\t\t\t\t\t\t\t\t\t\t\t\t\t\t\t\t\t\t\t\t<p class='bd-margin-0'><span class=\"bd-metacomments\"><i class=\"fas fa-comment\"><\/i>&nbsp;<a href=\"https:\/\/web.afiwai.com\/rwp\/mandibulas-ferozes-crocodylia\/#respond\">No Comments<\/a>\t\t\t\t\t\t\t\t\t\t\t<\/span><\/p>\n\t\t\t\t\t\t\t\t\t\t\t\t\t\t\t\t\t\t\t\t<div class=\"bd-datetime\">\n\t\t\t\t\t\t\t\t\t\t\t<span class=\"month\">Fev<\/span><span class=\"date\">21<\/span>\n\t\t\t\t\t\t\t\t\t\t<\/div>\n\t\t\t\t\t\t\t\t\t\t\t\t\t\t\t\t\t<\/div>\n\t\t\t\t\t\t\t\t\t\t\t\t\t\t<div class=\"bd-post-content\">\n\t\t\t\t\t\t\t\tA sua opini\u00e3o<div class=\"rw-left\"><div class=\"rw-ui-container rw-class-blog-post rw-urid-306140\"><\/div><\/div>[et_pb_section fb_built=\u201d1\u2033 admin_label=\u201dsection\u201d _builder_version=\u201d3.0.47\u2033][et_pb_row admin_label=\u201drow\u201d _builder_version=\u201d3.0.48\u2033 background_size=\u201din\n<span class=\"et_bloom_bottom_trigger\"><\/span>\t\t\t\t\t\t\t<\/div>\n\t\t\t\t\t\t\t\t\t\t\t\t\t\t\t<div class=\"read_more\">\n\t\t\t\t\t\t\t\t\t<a class=\"bd-more-tag\" href=\"https:\/\/web.afiwai.com\/rwp\/mandibulas-ferozes-crocodylia\/\"><i class=\"fas fa-plus\"><\/i> Leia mais <\/a>\t\t\t\t\t\t\t\t<\/div>\n\t\t\t\t\t\t\t\t\t\t\t\t\t<\/div>\n\t\t\t\t\t<\/div>\n\t\t\t\t\t\t\t\t\t\t\t<footer class=\"blog_footer text-capitalize\">\n\t\t\t\t\t\t\t\t\t\t\t\t\t\t\t<p class=\"bd-margin-0\"><span class=\"bd-categories\"><i class=\"fas fa-folder\"><\/i>\n\t\t\t\t\t\t\t\t\t\t<span class=\"bd-link-label\">Categories :&nbsp;<\/span><a href=\"https:\/\/web.afiwai.com\/rwp\/category\/blog\/\" rel=\"category tag\">Blog<\/a>\t\t\t\t\t\t\t\t\t<\/span>\n\t\t\t\t\t\t\t\t<\/p>\n\t\t\t\t\t\t\t\t\t\t\t\t\t\t\t\t<div class=\"social-component\">\n\t\t\t\t\t\t\t\t\t\t\t\t\t\t\t\t\t\t\t<a data-share=\"facebook\" data-href=\"https:\/\/www.facebook.com\/sharer\/sharer.php\" data-url=\"https:\/\/web.afiwai.com\/rwp\/mandibulas-ferozes-crocodylia\/\" class=\"bd-facebook-share bd-social-share\"><i class=\"fab fa-facebook-f\"><\/i><\/a>\n\t\t\t\t\t\t\t\t\t\t\t\t\t\t\t\t\t\t\t\t<a data-share=\"twitter\" data-href=\"https:\/\/twitter.com\/share\" data-text=\"Mand\u00edbulas ferozes \u2013 Crocodylia\" data-url=\"https:\/\/web.afiwai.com\/rwp\/mandibulas-ferozes-crocodylia\/\" class=\"bd-twitter-share bd-social-share\"><i class=\"fab fa-x-twitter\"><\/i><\/a>\n\t\t\t\t\t\t\t\t\t\t\t\t\t\t\t\t\t\t\t\t<a data-share=\"linkedin\" data-href=\"https:\/\/www.linkedin.com\/shareArticle\" data-url=\"https:\/\/web.afiwai.com\/rwp\/mandibulas-ferozes-crocodylia\/\" class=\"bd-linkedin-share bd-social-share\"><i class=\"fab fa-linkedin-in\"><\/i><\/a>\n\t\t\t\t\t\t\t\t\t\t\t\t\t\t\t\t\t\t\t\t<a data-share=\"pinterest\" data-href=\"https:\/\/pinterest.com\/pin\/create\/button\/\" data-url=\"https:\/\/web.afiwai.com\/rwp\/mandibulas-ferozes-crocodylia\/\" data-mdia=\"https:\/\/web.afiwai.com\/rwp\/wp-content\/uploads\/2019\/02\/crocodile-1730510_1920.jpg\" data-description=\"Mand\u00edbulas ferozes \u2013 Crocodylia\" class=\"bd-pinterest-share bd-social-share\"> <i class=\"fab fa-pinterest-p\"><\/i><\/a>\n\t\t\t\t\t\t\t\t\t\t\t\t\t\t\t\t\t<\/div>\n\t\t\t\t\t\t\t\t\t\t\t\t\t\t<\/footer>\n\t\t\t\t\t\t\t\t\t<\/div>\n\t\t\t<\/div>\n\t\t<\/div>\n\t\t\t\t<div class=\"blog_template bdp_blog_template timeline blog-wrap  even\">\n\t\t\t<div class=\"post_hentry\"><p><i class=\"fas\" data-fa-pseudo-element=\":before\">\uf303<\/i><\/p><div class=\"post_content_wrap\">\n\t\t\t\t\t<div class=\"post_wrapper box-blog\">\n\t\t\t\t\t\t\t\t\t\t\t\t\t<div class=\"bd-post-image photo\">\n\t\t\t\t\t\t\t\t<a href=\"https:\/\/web.afiwai.com\/rwp\/a-flexibilidade-das-mandibulas-nos-ofidios\/\"><img width=\"1920\" height=\"1280\" src=\"https:\/\/web.afiwai.com\/rwp\/wp-content\/uploads\/2019\/02\/anatomy-20758_1920.jpg\" class=\"attachment-full size-full wp-post-image\" alt=\"\" decoding=\"async\" loading=\"lazy\" srcset=\"https:\/\/web.afiwai.com\/rwp\/wp-content\/uploads\/2019\/02\/anatomy-20758_1920.jpg 1920w, https:\/\/web.afiwai.com\/rwp\/wp-content\/uploads\/2019\/02\/anatomy-20758_1920-300x200.jpg 300w, https:\/\/web.afiwai.com\/rwp\/wp-content\/uploads\/2019\/02\/anatomy-20758_1920-768x512.jpg 768w, https:\/\/web.afiwai.com\/rwp\/wp-content\/uploads\/2019\/02\/anatomy-20758_1920-1024x683.jpg 1024w, https:\/\/web.afiwai.com\/rwp\/wp-content\/uploads\/2019\/02\/anatomy-20758_1920-1080x720.jpg 1080w, https:\/\/web.afiwai.com\/rwp\/wp-content\/uploads\/2019\/02\/anatomy-20758_1920-610x407.jpg 610w\" sizes=\"(max-width: 1920px) 100vw, 1920px\" \/>\t\t\t\t\t\t\t\t\t<span class=\"overlay\"><\/span>\n\t\t\t\t\t\t\t\t<\/a>\n\t\t\t\t\t\t\t<\/div>\n\t\t\t\t\t\t\t\t\t\t\t\t<div class=\"desc\">\n\t\t\t\t\t\t\t<h3 class=\"text-center text-capitalize\"><a href=\"https:\/\/web.afiwai.com\/rwp\/a-flexibilidade-das-mandibulas-nos-ofidios\/\"><span>A flexibilidade das mand\u00edbulas \u2013 nos of\u00eddios<\/span><\/a><\/h3>\n\t\t\t\t\t\t\t\t\t\t\t\t\t\t\t<div class=\"date_wrap\">\n\t\t\t\t\t\t\t\t\t\t\t\t\t\t\t\t\t\t\t<p class='bd-margin-0'><span title=\"Posted By Isadora Pombeiro\"><i class=\"fas fa-user\"><\/i>&nbsp;<a href=\"https:\/\/web.afiwai.com\/rwp\/author\/isadora-pombeiro\/\"><span>Isadora Pombeiro<\/span><\/a><\/span>&nbsp;&nbsp;<\/p>\n\t\t\t\t\t\t\t\t\t\t\t\t\t\t\t\t\t\t\t\t<p class='bd-margin-0'><span class=\"bd-metacomments\"><i class=\"fas fa-comment\"><\/i>&nbsp;<a href=\"https:\/\/web.afiwai.com\/rwp\/a-flexibilidade-das-mandibulas-nos-ofidios\/#respond\">No Comments<\/a>\t\t\t\t\t\t\t\t\t\t\t<\/span><\/p>\n\t\t\t\t\t\t\t\t\t\t\t\t\t\t\t\t\t\t\t\t<div class=\"bd-datetime\">\n\t\t\t\t\t\t\t\t\t\t\t<span class=\"month\">Fev<\/span><span class=\"date\">13<\/span>\n\t\t\t\t\t\t\t\t\t\t<\/div>\n\t\t\t\t\t\t\t\t\t\t\t\t\t\t\t\t\t<\/div>\n\t\t\t\t\t\t\t\t\t\t\t\t\t\t<div class=\"bd-post-content\">\n\t\t\t\t\t\t\t\tA sua opini\u00e3o<div class=\"rw-left\"><div class=\"rw-ui-container rw-class-blog-post rw-urid-302570\"><\/div><\/div>[et_pb_section fb_built=\u201d1\u2033 admin_label=\u201dsection\u201d _builder_version=\u201d3.0.47\u2033][et_pb_row admin_label=\u201drow\u201d _builder_version=\u201d3.19.12\u2033 background_size=\u201di\n<span class=\"et_bloom_bottom_trigger\"><\/span>\t\t\t\t\t\t\t<\/div>\n\t\t\t\t\t\t\t\t\t\t\t\t\t\t\t<div class=\"read_more\">\n\t\t\t\t\t\t\t\t\t<a class=\"bd-more-tag\" href=\"https:\/\/web.afiwai.com\/rwp\/a-flexibilidade-das-mandibulas-nos-ofidios\/\"><i class=\"fas fa-plus\"><\/i> Leia mais <\/a>\t\t\t\t\t\t\t\t<\/div>\n\t\t\t\t\t\t\t\t\t\t\t\t\t<\/div>\n\t\t\t\t\t<\/div>\n\t\t\t\t\t\t\t\t\t\t\t<footer class=\"blog_footer text-capitalize\">\n\t\t\t\t\t\t\t\t\t\t\t\t\t\t\t<p class=\"bd-margin-0\"><span class=\"bd-categories\"><i class=\"fas fa-folder\"><\/i>\n\t\t\t\t\t\t\t\t\t\t<span class=\"bd-link-label\">Categories :&nbsp;<\/span><a href=\"https:\/\/web.afiwai.com\/rwp\/category\/blog\/\" rel=\"category tag\">Blog<\/a>\t\t\t\t\t\t\t\t\t<\/span>\n\t\t\t\t\t\t\t\t<\/p>\n\t\t\t\t\t\t\t\t\t\t\t\t\t\t\t\t<div class=\"social-component\">\n\t\t\t\t\t\t\t\t\t\t\t\t\t\t\t\t\t\t\t<a data-share=\"facebook\" data-href=\"https:\/\/www.facebook.com\/sharer\/sharer.php\" data-url=\"https:\/\/web.afiwai.com\/rwp\/a-flexibilidade-das-mandibulas-nos-ofidios\/\" class=\"bd-facebook-share bd-social-share\"><i class=\"fab fa-facebook-f\"><\/i><\/a>\n\t\t\t\t\t\t\t\t\t\t\t\t\t\t\t\t\t\t\t\t<a data-share=\"twitter\" data-href=\"https:\/\/twitter.com\/share\" data-text=\"A flexibilidade das mand\u00edbulas \u2013 nos of\u00eddios\" data-url=\"https:\/\/web.afiwai.com\/rwp\/a-flexibilidade-das-mandibulas-nos-ofidios\/\" class=\"bd-twitter-share bd-social-share\"><i class=\"fab fa-x-twitter\"><\/i><\/a>\n\t\t\t\t\t\t\t\t\t\t\t\t\t\t\t\t\t\t\t\t<a data-share=\"linkedin\" data-href=\"https:\/\/www.linkedin.com\/shareArticle\" data-url=\"https:\/\/web.afiwai.com\/rwp\/a-flexibilidade-das-mandibulas-nos-ofidios\/\" class=\"bd-linkedin-share bd-social-share\"><i class=\"fab fa-linkedin-in\"><\/i><\/a>\n\t\t\t\t\t\t\t\t\t\t\t\t\t\t\t\t\t\t\t\t<a data-share=\"pinterest\" data-href=\"https:\/\/pinterest.com\/pin\/create\/button\/\" data-url=\"https:\/\/web.afiwai.com\/rwp\/a-flexibilidade-das-mandibulas-nos-ofidios\/\" data-mdia=\"https:\/\/web.afiwai.com\/rwp\/wp-content\/uploads\/2019\/02\/anatomy-20758_1920.jpg\" data-description=\"A flexibilidade das mand\u00edbulas \u2013 nos of\u00eddios\" class=\"bd-pinterest-share bd-social-share\"> <i class=\"fab fa-pinterest-p\"><\/i><\/a>\n\t\t\t\t\t\t\t\t\t\t\t\t\t\t\t\t\t<\/div>\n\t\t\t\t\t\t\t\t\t\t\t\t\t\t<\/footer>\n\t\t\t\t\t\t\t\t\t<\/div>\n\t\t\t<\/div>\n\t\t<\/div>\n\t\t\t\t<div class=\"blog_template bdp_blog_template timeline blog-wrap  odd\">\n\t\t\t<div class=\"post_hentry\"><p><i class=\"fas\" data-fa-pseudo-element=\":before\">\uf303<\/i><\/p><div class=\"post_content_wrap\">\n\t\t\t\t\t<div class=\"post_wrapper box-blog\">\n\t\t\t\t\t\t\t\t\t\t\t\t\t<div class=\"bd-post-image photo\">\n\t\t\t\t\t\t\t\t<a href=\"https:\/\/web.afiwai.com\/rwp\/os-fossadores-exclusivos\/\"><img width=\"800\" height=\"600\" src=\"https:\/\/web.afiwai.com\/rwp\/wp-content\/uploads\/2019\/02\/Culebra_Ciega_-_panoramio.jpg\" class=\"attachment-full size-full wp-post-image\" alt=\"\" decoding=\"async\" loading=\"lazy\" srcset=\"https:\/\/web.afiwai.com\/rwp\/wp-content\/uploads\/2019\/02\/Culebra_Ciega_-_panoramio.jpg 800w, https:\/\/web.afiwai.com\/rwp\/wp-content\/uploads\/2019\/02\/Culebra_Ciega_-_panoramio-300x225.jpg 300w, https:\/\/web.afiwai.com\/rwp\/wp-content\/uploads\/2019\/02\/Culebra_Ciega_-_panoramio-768x576.jpg 768w, https:\/\/web.afiwai.com\/rwp\/wp-content\/uploads\/2019\/02\/Culebra_Ciega_-_panoramio-510x382.jpg 510w, https:\/\/web.afiwai.com\/rwp\/wp-content\/uploads\/2019\/02\/Culebra_Ciega_-_panoramio-610x458.jpg 610w\" sizes=\"(max-width: 800px) 100vw, 800px\" \/>\t\t\t\t\t\t\t\t\t<span class=\"overlay\"><\/span>\n\t\t\t\t\t\t\t\t<\/a>\n\t\t\t\t\t\t\t<\/div>\n\t\t\t\t\t\t\t\t\t\t\t\t<div class=\"desc\">\n\t\t\t\t\t\t\t<h3 class=\"text-center text-capitalize\"><a href=\"https:\/\/web.afiwai.com\/rwp\/os-fossadores-exclusivos\/\"><span>Os fossadores exclusivos<\/span><\/a><\/h3>\n\t\t\t\t\t\t\t\t\t\t\t\t\t\t\t<div class=\"date_wrap\">\n\t\t\t\t\t\t\t\t\t\t\t\t\t\t\t\t\t\t\t<p class='bd-margin-0'><span title=\"Posted By Isadora Pombeiro\"><i class=\"fas fa-user\"><\/i>&nbsp;<a href=\"https:\/\/web.afiwai.com\/rwp\/author\/isadora-pombeiro\/\"><span>Isadora Pombeiro<\/span><\/a><\/span>&nbsp;&nbsp;<\/p>\n\t\t\t\t\t\t\t\t\t\t\t\t\t\t\t\t\t\t\t\t<p class='bd-margin-0'><span class=\"bd-metacomments\"><i class=\"fas fa-comment\"><\/i>&nbsp;<a href=\"https:\/\/web.afiwai.com\/rwp\/os-fossadores-exclusivos\/#respond\">No Comments<\/a>\t\t\t\t\t\t\t\t\t\t\t<\/span><\/p>\n\t\t\t\t\t\t\t\t\t\t\t\t\t\t\t\t\t\t\t\t<div class=\"bd-datetime\">\n\t\t\t\t\t\t\t\t\t\t\t<span class=\"month\">Fev<\/span><span class=\"date\">08<\/span>\n\t\t\t\t\t\t\t\t\t\t<\/div>\n\t\t\t\t\t\t\t\t\t\t\t\t\t\t\t\t\t<\/div>\n\t\t\t\t\t\t\t\t\t\t\t\t\t\t<div class=\"bd-post-content\">\n\t\t\t\t\t\t\t\tA sua opini\u00e3o<div class=\"rw-left\"><div class=\"rw-ui-container rw-class-blog-post rw-urid-302410\"><\/div><\/div>[et_pb_section fb_built=\u201d1\u2033 admin_label=\u201dsection\u201d _builder_version=\u201d3.0.47\u2033][et_pb_row admin_label=\u201drow\u201d _builder_version=\u201d3.19.12\u2033 background_size=\u201di\n<span class=\"et_bloom_bottom_trigger\"><\/span>\t\t\t\t\t\t\t<\/div>\n\t\t\t\t\t\t\t\t\t\t\t\t\t\t\t<div class=\"read_more\">\n\t\t\t\t\t\t\t\t\t<a class=\"bd-more-tag\" href=\"https:\/\/web.afiwai.com\/rwp\/os-fossadores-exclusivos\/\"><i class=\"fas fa-plus\"><\/i> Leia mais <\/a>\t\t\t\t\t\t\t\t<\/div>\n\t\t\t\t\t\t\t\t\t\t\t\t\t<\/div>\n\t\t\t\t\t<\/div>\n\t\t\t\t\t\t\t\t\t\t\t<footer class=\"blog_footer text-capitalize\">\n\t\t\t\t\t\t\t\t\t\t\t\t\t\t\t<p class=\"bd-margin-0\"><span class=\"bd-categories\"><i class=\"fas fa-folder\"><\/i>\n\t\t\t\t\t\t\t\t\t\t<span class=\"bd-link-label\">Categories :&nbsp;<\/span><a href=\"https:\/\/web.afiwai.com\/rwp\/category\/blog\/\" rel=\"category tag\">Blog<\/a>\t\t\t\t\t\t\t\t\t<\/span>\n\t\t\t\t\t\t\t\t<\/p>\n\t\t\t\t\t\t\t\t\t\t\t\t\t\t\t\t<div class=\"social-component\">\n\t\t\t\t\t\t\t\t\t\t\t\t\t\t\t\t\t\t\t<a data-share=\"facebook\" data-href=\"https:\/\/www.facebook.com\/sharer\/sharer.php\" data-url=\"https:\/\/web.afiwai.com\/rwp\/os-fossadores-exclusivos\/\" class=\"bd-facebook-share bd-social-share\"><i class=\"fab fa-facebook-f\"><\/i><\/a>\n\t\t\t\t\t\t\t\t\t\t\t\t\t\t\t\t\t\t\t\t<a data-share=\"twitter\" data-href=\"https:\/\/twitter.com\/share\" data-text=\"Os fossadores exclusivos\" data-url=\"https:\/\/web.afiwai.com\/rwp\/os-fossadores-exclusivos\/\" class=\"bd-twitter-share bd-social-share\"><i class=\"fab fa-x-twitter\"><\/i><\/a>\n\t\t\t\t\t\t\t\t\t\t\t\t\t\t\t\t\t\t\t\t<a data-share=\"linkedin\" data-href=\"https:\/\/www.linkedin.com\/shareArticle\" data-url=\"https:\/\/web.afiwai.com\/rwp\/os-fossadores-exclusivos\/\" class=\"bd-linkedin-share bd-social-share\"><i class=\"fab fa-linkedin-in\"><\/i><\/a>\n\t\t\t\t\t\t\t\t\t\t\t\t\t\t\t\t\t\t\t\t<a data-share=\"pinterest\" data-href=\"https:\/\/pinterest.com\/pin\/create\/button\/\" data-url=\"https:\/\/web.afiwai.com\/rwp\/os-fossadores-exclusivos\/\" data-mdia=\"https:\/\/web.afiwai.com\/rwp\/wp-content\/uploads\/2019\/02\/Culebra_Ciega_-_panoramio.jpg\" data-description=\"Os fossadores exclusivos\" class=\"bd-pinterest-share bd-social-share\"> <i class=\"fab fa-pinterest-p\"><\/i><\/a>\n\t\t\t\t\t\t\t\t\t\t\t\t\t\t\t\t\t<\/div>\n\t\t\t\t\t\t\t\t\t\t\t\t\t\t<\/footer>\n\t\t\t\t\t\t\t\t\t<\/div>\n\t\t\t<\/div>\n\t\t<\/div>\n\t\t\t\t<div class=\"blog_template bdp_blog_template timeline blog-wrap  even\">\n\t\t\t<div class=\"post_hentry\"><p><i class=\"fas\" data-fa-pseudo-element=\":before\">\uf303<\/i><\/p><div class=\"post_content_wrap\">\n\t\t\t\t\t<div class=\"post_wrapper box-blog\">\n\t\t\t\t\t\t\t\t\t\t\t\t\t<div class=\"bd-post-image photo\">\n\t\t\t\t\t\t\t\t<a href=\"https:\/\/web.afiwai.com\/rwp\/a-capacidade-de-regeneracao\/\"><img width=\"2532\" height=\"1752\" src=\"https:\/\/web.afiwai.com\/rwp\/wp-content\/uploads\/2019\/02\/lizard-742445.jpg\" class=\"attachment-full size-full wp-post-image\" alt=\"\" decoding=\"async\" loading=\"lazy\" srcset=\"https:\/\/web.afiwai.com\/rwp\/wp-content\/uploads\/2019\/02\/lizard-742445.jpg 2532w, https:\/\/web.afiwai.com\/rwp\/wp-content\/uploads\/2019\/02\/lizard-742445-300x208.jpg 300w, https:\/\/web.afiwai.com\/rwp\/wp-content\/uploads\/2019\/02\/lizard-742445-768x531.jpg 768w, https:\/\/web.afiwai.com\/rwp\/wp-content\/uploads\/2019\/02\/lizard-742445-1024x709.jpg 1024w, https:\/\/web.afiwai.com\/rwp\/wp-content\/uploads\/2019\/02\/lizard-742445-1080x747.jpg 1080w, https:\/\/web.afiwai.com\/rwp\/wp-content\/uploads\/2019\/02\/lizard-742445-610x422.jpg 610w\" sizes=\"(max-width: 2532px) 100vw, 2532px\" \/>\t\t\t\t\t\t\t\t\t<span class=\"overlay\"><\/span>\n\t\t\t\t\t\t\t\t<\/a>\n\t\t\t\t\t\t\t<\/div>\n\t\t\t\t\t\t\t\t\t\t\t\t<div class=\"desc\">\n\t\t\t\t\t\t\t<h3 class=\"text-center text-capitalize\"><a href=\"https:\/\/web.afiwai.com\/rwp\/a-capacidade-de-regeneracao\/\"><span>A capacidade de regenera\u00e7\u00e3o<\/span><\/a><\/h3>\n\t\t\t\t\t\t\t\t\t\t\t\t\t\t\t<div class=\"date_wrap\">\n\t\t\t\t\t\t\t\t\t\t\t\t\t\t\t\t\t\t\t<p class='bd-margin-0'><span title=\"Posted By Isadora Pombeiro\"><i class=\"fas fa-user\"><\/i>&nbsp;<a href=\"https:\/\/web.afiwai.com\/rwp\/author\/isadora-pombeiro\/\"><span>Isadora Pombeiro<\/span><\/a><\/span>&nbsp;&nbsp;<\/p>\n\t\t\t\t\t\t\t\t\t\t\t\t\t\t\t\t\t\t\t\t<p class='bd-margin-0'><span class=\"bd-metacomments\"><i class=\"fas fa-comment\"><\/i>&nbsp;<a href=\"https:\/\/web.afiwai.com\/rwp\/a-capacidade-de-regeneracao\/#comments\">4 Comments<\/a>\t\t\t\t\t\t\t\t\t\t\t<\/span><\/p>\n\t\t\t\t\t\t\t\t\t\t\t\t\t\t\t\t\t\t\t\t<div class=\"bd-datetime\">\n\t\t\t\t\t\t\t\t\t\t\t<span class=\"month\">Fev<\/span><span class=\"date\">01<\/span>\n\t\t\t\t\t\t\t\t\t\t<\/div>\n\t\t\t\t\t\t\t\t\t\t\t\t\t\t\t\t\t<\/div>\n\t\t\t\t\t\t\t\t\t\t\t\t\t\t<div class=\"bd-post-content\">\n\t\t\t\t\t\t\t\tA sua opini\u00e3o<div class=\"rw-left\"><div class=\"rw-ui-container rw-class-blog-post rw-urid-300200\"><\/div><\/div>[et_pb_section fb_built=\u201d1\u2033 admin_label=\u201dsection\u201d _builder_version=\u201d3.0.47\u2033][et_pb_row admin_label=\u201drow\u201d _builder_version=\u201d3.0.48\u2033 background_size=\u201din\n<span class=\"et_bloom_bottom_trigger\"><\/span>\t\t\t\t\t\t\t<\/div>\n\t\t\t\t\t\t\t\t\t\t\t\t\t\t\t<div class=\"read_more\">\n\t\t\t\t\t\t\t\t\t<a class=\"bd-more-tag\" href=\"https:\/\/web.afiwai.com\/rwp\/a-capacidade-de-regeneracao\/\"><i class=\"fas fa-plus\"><\/i> Leia mais <\/a>\t\t\t\t\t\t\t\t<\/div>\n\t\t\t\t\t\t\t\t\t\t\t\t\t<\/div>\n\t\t\t\t\t<\/div>\n\t\t\t\t\t\t\t\t\t\t\t<footer class=\"blog_footer text-capitalize\">\n\t\t\t\t\t\t\t\t\t\t\t\t\t\t\t<p class=\"bd-margin-0\"><span class=\"bd-categories\"><i class=\"fas fa-folder\"><\/i>\n\t\t\t\t\t\t\t\t\t\t<span class=\"bd-link-label\">Categories :&nbsp;<\/span><a href=\"https:\/\/web.afiwai.com\/rwp\/category\/blog\/\" rel=\"category tag\">Blog<\/a>\t\t\t\t\t\t\t\t\t<\/span>\n\t\t\t\t\t\t\t\t<\/p>\n\t\t\t\t\t\t\t\t\t\t\t\t\t\t\t\t<div class=\"social-component\">\n\t\t\t\t\t\t\t\t\t\t\t\t\t\t\t\t\t\t\t<a data-share=\"facebook\" data-href=\"https:\/\/www.facebook.com\/sharer\/sharer.php\" data-url=\"https:\/\/web.afiwai.com\/rwp\/a-capacidade-de-regeneracao\/\" class=\"bd-facebook-share bd-social-share\"><i class=\"fab fa-facebook-f\"><\/i><\/a>\n\t\t\t\t\t\t\t\t\t\t\t\t\t\t\t\t\t\t\t\t<a data-share=\"twitter\" data-href=\"https:\/\/twitter.com\/share\" data-text=\"A capacidade de regenera\u00e7\u00e3o\" data-url=\"https:\/\/web.afiwai.com\/rwp\/a-capacidade-de-regeneracao\/\" class=\"bd-twitter-share bd-social-share\"><i class=\"fab fa-x-twitter\"><\/i><\/a>\n\t\t\t\t\t\t\t\t\t\t\t\t\t\t\t\t\t\t\t\t<a data-share=\"linkedin\" data-href=\"https:\/\/www.linkedin.com\/shareArticle\" data-url=\"https:\/\/web.afiwai.com\/rwp\/a-capacidade-de-regeneracao\/\" class=\"bd-linkedin-share bd-social-share\"><i class=\"fab fa-linkedin-in\"><\/i><\/a>\n\t\t\t\t\t\t\t\t\t\t\t\t\t\t\t\t\t\t\t\t<a data-share=\"pinterest\" data-href=\"https:\/\/pinterest.com\/pin\/create\/button\/\" data-url=\"https:\/\/web.afiwai.com\/rwp\/a-capacidade-de-regeneracao\/\" data-mdia=\"https:\/\/web.afiwai.com\/rwp\/wp-content\/uploads\/2019\/02\/lizard-742445.jpg\" data-description=\"A capacidade de regenera\u00e7\u00e3o\" class=\"bd-pinterest-share bd-social-share\"> <i class=\"fab fa-pinterest-p\"><\/i><\/a>\n\t\t\t\t\t\t\t\t\t\t\t\t\t\t\t\t\t<\/div>\n\t\t\t\t\t\t\t\t\t\t\t\t\t\t<\/footer>\n\t\t\t\t\t\t\t\t\t<\/div>\n\t\t\t<\/div>\n\t\t<\/div>\n\t\t\t\t<div class=\"blog_template bdp_blog_template timeline blog-wrap  odd\">\n\t\t\t<div class=\"post_hentry\"><p><i class=\"fas\" data-fa-pseudo-element=\":before\">\uf303<\/i><\/p><div class=\"post_content_wrap\">\n\t\t\t\t\t<div class=\"post_wrapper box-blog\">\n\t\t\t\t\t\t\t\t\t\t\t\t\t<div class=\"bd-post-image photo\">\n\t\t\t\t\t\t\t\t<a href=\"https:\/\/web.afiwai.com\/rwp\/os-mestres-do-mimetismo-e-o-engenho-da-camuflagem\/\"><img width=\"3072\" height=\"2320\" src=\"https:\/\/web.afiwai.com\/rwp\/wp-content\/uploads\/2019\/01\/nature-3108740.jpg\" class=\"attachment-full size-full wp-post-image\" alt=\"\" decoding=\"async\" loading=\"lazy\" srcset=\"https:\/\/web.afiwai.com\/rwp\/wp-content\/uploads\/2019\/01\/nature-3108740.jpg 3072w, https:\/\/web.afiwai.com\/rwp\/wp-content\/uploads\/2019\/01\/nature-3108740-300x227.jpg 300w, https:\/\/web.afiwai.com\/rwp\/wp-content\/uploads\/2019\/01\/nature-3108740-768x580.jpg 768w, https:\/\/web.afiwai.com\/rwp\/wp-content\/uploads\/2019\/01\/nature-3108740-1024x773.jpg 1024w, https:\/\/web.afiwai.com\/rwp\/wp-content\/uploads\/2019\/01\/nature-3108740-1080x816.jpg 1080w, https:\/\/web.afiwai.com\/rwp\/wp-content\/uploads\/2019\/01\/nature-3108740-610x461.jpg 610w\" sizes=\"(max-width: 3072px) 100vw, 3072px\" \/>\t\t\t\t\t\t\t\t\t<span class=\"overlay\"><\/span>\n\t\t\t\t\t\t\t\t<\/a>\n\t\t\t\t\t\t\t<\/div>\n\t\t\t\t\t\t\t\t\t\t\t\t<div class=\"desc\">\n\t\t\t\t\t\t\t<h3 class=\"text-center text-capitalize\"><a href=\"https:\/\/web.afiwai.com\/rwp\/os-mestres-do-mimetismo-e-o-engenho-da-camuflagem\/\"><span>Os mestres do mimetismo e o engenho da camuflagem.<\/span><\/a><\/h3>\n\t\t\t\t\t\t\t\t\t\t\t\t\t\t\t<div class=\"date_wrap\">\n\t\t\t\t\t\t\t\t\t\t\t\t\t\t\t\t\t\t\t<p class='bd-margin-0'><span title=\"Posted By Isadora Pombeiro\"><i class=\"fas fa-user\"><\/i>&nbsp;<a href=\"https:\/\/web.afiwai.com\/rwp\/author\/isadora-pombeiro\/\"><span>Isadora Pombeiro<\/span><\/a><\/span>&nbsp;&nbsp;<\/p>\n\t\t\t\t\t\t\t\t\t\t\t\t\t\t\t\t\t\t\t\t<p class='bd-margin-0'><span class=\"bd-metacomments\"><i class=\"fas fa-comment\"><\/i>&nbsp;<a href=\"https:\/\/web.afiwai.com\/rwp\/os-mestres-do-mimetismo-e-o-engenho-da-camuflagem\/#respond\">No Comments<\/a>\t\t\t\t\t\t\t\t\t\t\t<\/span><\/p>\n\t\t\t\t\t\t\t\t\t\t\t\t\t\t\t\t\t\t\t\t<div class=\"bd-datetime\">\n\t\t\t\t\t\t\t\t\t\t\t<span class=\"month\">Jan<\/span><span class=\"date\">22<\/span>\n\t\t\t\t\t\t\t\t\t\t<\/div>\n\t\t\t\t\t\t\t\t\t\t\t\t\t\t\t\t\t<\/div>\n\t\t\t\t\t\t\t\t\t\t\t\t\t\t<div class=\"bd-post-content\">\n\t\t\t\t\t\t\t\tA sua opini\u00e3o<div class=\"rw-left\"><div class=\"rw-ui-container rw-class-blog-post rw-urid-298140\"><\/div><\/div>[et_pb_section fb_built=\u201d1\u2033 admin_label=\u201dsection\u201d _builder_version=\u201d3.0.47\u2033][et_pb_row admin_label=\u201drow\u201d _builder_version=\u201d3.0.48\u2033 background_size=\u201din\n<span class=\"et_bloom_bottom_trigger\"><\/span>\t\t\t\t\t\t\t<\/div>\n\t\t\t\t\t\t\t\t\t\t\t\t\t\t\t<div class=\"read_more\">\n\t\t\t\t\t\t\t\t\t<a class=\"bd-more-tag\" href=\"https:\/\/web.afiwai.com\/rwp\/os-mestres-do-mimetismo-e-o-engenho-da-camuflagem\/\"><i class=\"fas fa-plus\"><\/i> Leia mais <\/a>\t\t\t\t\t\t\t\t<\/div>\n\t\t\t\t\t\t\t\t\t\t\t\t\t<\/div>\n\t\t\t\t\t<\/div>\n\t\t\t\t\t\t\t\t\t\t\t<footer class=\"blog_footer text-capitalize\">\n\t\t\t\t\t\t\t\t\t\t\t\t\t\t\t<p class=\"bd-margin-0\"><span class=\"bd-categories\"><i class=\"fas fa-folder\"><\/i>\n\t\t\t\t\t\t\t\t\t\t<span class=\"bd-link-label\">Categories :&nbsp;<\/span><a href=\"https:\/\/web.afiwai.com\/rwp\/category\/blog\/\" rel=\"category tag\">Blog<\/a>\t\t\t\t\t\t\t\t\t<\/span>\n\t\t\t\t\t\t\t\t<\/p>\n\t\t\t\t\t\t\t\t\t\t\t\t\t\t\t\t<div class=\"social-component\">\n\t\t\t\t\t\t\t\t\t\t\t\t\t\t\t\t\t\t\t<a data-share=\"facebook\" data-href=\"https:\/\/www.facebook.com\/sharer\/sharer.php\" data-url=\"https:\/\/web.afiwai.com\/rwp\/os-mestres-do-mimetismo-e-o-engenho-da-camuflagem\/\" class=\"bd-facebook-share bd-social-share\"><i class=\"fab fa-facebook-f\"><\/i><\/a>\n\t\t\t\t\t\t\t\t\t\t\t\t\t\t\t\t\t\t\t\t<a data-share=\"twitter\" data-href=\"https:\/\/twitter.com\/share\" data-text=\"Os mestres do mimetismo e o engenho da camuflagem.\" data-url=\"https:\/\/web.afiwai.com\/rwp\/os-mestres-do-mimetismo-e-o-engenho-da-camuflagem\/\" class=\"bd-twitter-share bd-social-share\"><i class=\"fab fa-x-twitter\"><\/i><\/a>\n\t\t\t\t\t\t\t\t\t\t\t\t\t\t\t\t\t\t\t\t<a data-share=\"linkedin\" data-href=\"https:\/\/www.linkedin.com\/shareArticle\" data-url=\"https:\/\/web.afiwai.com\/rwp\/os-mestres-do-mimetismo-e-o-engenho-da-camuflagem\/\" class=\"bd-linkedin-share bd-social-share\"><i class=\"fab fa-linkedin-in\"><\/i><\/a>\n\t\t\t\t\t\t\t\t\t\t\t\t\t\t\t\t\t\t\t\t<a data-share=\"pinterest\" data-href=\"https:\/\/pinterest.com\/pin\/create\/button\/\" data-url=\"https:\/\/web.afiwai.com\/rwp\/os-mestres-do-mimetismo-e-o-engenho-da-camuflagem\/\" data-mdia=\"https:\/\/web.afiwai.com\/rwp\/wp-content\/uploads\/2019\/01\/nature-3108740.jpg\" data-description=\"Os mestres do mimetismo e o engenho da camuflagem.\" class=\"bd-pinterest-share bd-social-share\"> <i class=\"fab fa-pinterest-p\"><\/i><\/a>\n\t\t\t\t\t\t\t\t\t\t\t\t\t\t\t\t\t<\/div>\n\t\t\t\t\t\t\t\t\t\t\t\t\t\t<\/footer>\n\t\t\t\t\t\t\t\t\t<\/div>\n\t\t\t<\/div>\n\t\t<\/div>\n\t\t\t\t<div class=\"blog_template bdp_blog_template timeline blog-wrap  even\">\n\t\t\t<div class=\"post_hentry\"><p><i class=\"fas\" data-fa-pseudo-element=\":before\">\uf303<\/i><\/p><div class=\"post_content_wrap\">\n\t\t\t\t\t<div class=\"post_wrapper box-blog\">\n\t\t\t\t\t\t\t\t\t\t\t\t\t<div class=\"bd-post-image photo\">\n\t\t\t\t\t\t\t\t<a href=\"https:\/\/web.afiwai.com\/rwp\/os-repteis-estes-animais-do-passado-ainda-tem-um-futuro\/\"><img width=\"1962\" height=\"1361\" src=\"https:\/\/web.afiwai.com\/rwp\/wp-content\/uploads\/2019\/01\/Tortue-pollution-sac.jpg\" class=\"attachment-full size-full wp-post-image\" alt=\"\" decoding=\"async\" loading=\"lazy\" srcset=\"https:\/\/web.afiwai.com\/rwp\/wp-content\/uploads\/2019\/01\/Tortue-pollution-sac.jpg 1962w, https:\/\/web.afiwai.com\/rwp\/wp-content\/uploads\/2019\/01\/Tortue-pollution-sac-300x208.jpg 300w, https:\/\/web.afiwai.com\/rwp\/wp-content\/uploads\/2019\/01\/Tortue-pollution-sac-768x533.jpg 768w, https:\/\/web.afiwai.com\/rwp\/wp-content\/uploads\/2019\/01\/Tortue-pollution-sac-1024x710.jpg 1024w, https:\/\/web.afiwai.com\/rwp\/wp-content\/uploads\/2019\/01\/Tortue-pollution-sac-1080x749.jpg 1080w, https:\/\/web.afiwai.com\/rwp\/wp-content\/uploads\/2019\/01\/Tortue-pollution-sac-610x423.jpg 610w\" sizes=\"(max-width: 1962px) 100vw, 1962px\" \/>\t\t\t\t\t\t\t\t\t<span class=\"overlay\"><\/span>\n\t\t\t\t\t\t\t\t<\/a>\n\t\t\t\t\t\t\t<\/div>\n\t\t\t\t\t\t\t\t\t\t\t\t<div class=\"desc\">\n\t\t\t\t\t\t\t<h3 class=\"text-center text-capitalize\"><a href=\"https:\/\/web.afiwai.com\/rwp\/os-repteis-estes-animais-do-passado-ainda-tem-um-futuro\/\"><span>Os r\u00e9pteis\u2026 Estes animais do passado, ainda t\u00eam um futuro?<\/span><\/a><\/h3>\n\t\t\t\t\t\t\t\t\t\t\t\t\t\t\t<div class=\"date_wrap\">\n\t\t\t\t\t\t\t\t\t\t\t\t\t\t\t\t\t\t\t<p class='bd-margin-0'><span title=\"Posted By Jeziel Carvalho\"><i class=\"fas fa-user\"><\/i>&nbsp;<a href=\"https:\/\/web.afiwai.com\/rwp\/author\/jeziel\/\"><span>Jeziel Carvalho<\/span><\/a><\/span>&nbsp;&nbsp;<\/p>\n\t\t\t\t\t\t\t\t\t\t\t\t\t\t\t\t\t\t\t\t<p class='bd-margin-0'><span class=\"bd-metacomments\"><i class=\"fas fa-comment\"><\/i>&nbsp;<a href=\"https:\/\/web.afiwai.com\/rwp\/os-repteis-estes-animais-do-passado-ainda-tem-um-futuro\/#respond\">No Comments<\/a>\t\t\t\t\t\t\t\t\t\t\t<\/span><\/p>\n\t\t\t\t\t\t\t\t\t\t\t\t\t\t\t\t\t\t\t\t<div class=\"bd-datetime\">\n\t\t\t\t\t\t\t\t\t\t\t<span class=\"month\">Jan<\/span><span class=\"date\">18<\/span>\n\t\t\t\t\t\t\t\t\t\t<\/div>\n\t\t\t\t\t\t\t\t\t\t\t\t\t\t\t\t\t<\/div>\n\t\t\t\t\t\t\t\t\t\t\t\t\t\t<div class=\"bd-post-content\">\n\t\t\t\t\t\t\t\tA sua opini\u00e3o<div class=\"rw-left\"><div class=\"rw-ui-container rw-class-blog-post rw-urid-297030\"><\/div><\/div>[et_pb_section fb_built=\u201d1\u2033 admin_label=\u201dsection\u201d _builder_version=\u201d3.0.47\u2033][et_pb_row admin_label=\u201drow\u201d _builder_version=\u201d3.0.48\u2033 background_size=\u201din\n<span class=\"et_bloom_bottom_trigger\"><\/span>\t\t\t\t\t\t\t<\/div>\n\t\t\t\t\t\t\t\t\t\t\t\t\t\t\t<div class=\"read_more\">\n\t\t\t\t\t\t\t\t\t<a class=\"bd-more-tag\" href=\"https:\/\/web.afiwai.com\/rwp\/os-repteis-estes-animais-do-passado-ainda-tem-um-futuro\/\"><i class=\"fas fa-plus\"><\/i> Leia mais <\/a>\t\t\t\t\t\t\t\t<\/div>\n\t\t\t\t\t\t\t\t\t\t\t\t\t<\/div>\n\t\t\t\t\t<\/div>\n\t\t\t\t\t\t\t\t\t\t\t<footer class=\"blog_footer text-capitalize\">\n\t\t\t\t\t\t\t\t\t\t\t\t\t\t\t<p class=\"bd-margin-0\"><span class=\"bd-categories\"><i class=\"fas fa-folder\"><\/i>\n\t\t\t\t\t\t\t\t\t\t<span class=\"bd-link-label\">Categories :&nbsp;<\/span><a href=\"https:\/\/web.afiwai.com\/rwp\/category\/blog\/\" rel=\"category tag\">Blog<\/a>\t\t\t\t\t\t\t\t\t<\/span>\n\t\t\t\t\t\t\t\t<\/p>\n\t\t\t\t\t\t\t\t\t\t\t\t\t\t\t\t<div class=\"social-component\">\n\t\t\t\t\t\t\t\t\t\t\t\t\t\t\t\t\t\t\t<a data-share=\"facebook\" data-href=\"https:\/\/www.facebook.com\/sharer\/sharer.php\" data-url=\"https:\/\/web.afiwai.com\/rwp\/os-repteis-estes-animais-do-passado-ainda-tem-um-futuro\/\" class=\"bd-facebook-share bd-social-share\"><i class=\"fab fa-facebook-f\"><\/i><\/a>\n\t\t\t\t\t\t\t\t\t\t\t\t\t\t\t\t\t\t\t\t<a data-share=\"twitter\" data-href=\"https:\/\/twitter.com\/share\" data-text=\"Os r\u00e9pteis\u2026 Estes animais do passado, ainda t\u00eam um futuro?\" data-url=\"https:\/\/web.afiwai.com\/rwp\/os-repteis-estes-animais-do-passado-ainda-tem-um-futuro\/\" class=\"bd-twitter-share bd-social-share\"><i class=\"fab fa-x-twitter\"><\/i><\/a>\n\t\t\t\t\t\t\t\t\t\t\t\t\t\t\t\t\t\t\t\t<a data-share=\"linkedin\" data-href=\"https:\/\/www.linkedin.com\/shareArticle\" data-url=\"https:\/\/web.afiwai.com\/rwp\/os-repteis-estes-animais-do-passado-ainda-tem-um-futuro\/\" class=\"bd-linkedin-share bd-social-share\"><i class=\"fab fa-linkedin-in\"><\/i><\/a>\n\t\t\t\t\t\t\t\t\t\t\t\t\t\t\t\t\t\t\t\t<a data-share=\"pinterest\" data-href=\"https:\/\/pinterest.com\/pin\/create\/button\/\" data-url=\"https:\/\/web.afiwai.com\/rwp\/os-repteis-estes-animais-do-passado-ainda-tem-um-futuro\/\" data-mdia=\"https:\/\/web.afiwai.com\/rwp\/wp-content\/uploads\/2019\/01\/Tortue-pollution-sac.jpg\" data-description=\"Os r\u00e9pteis\u2026 Estes animais do passado, ainda t\u00eam um futuro?\" class=\"bd-pinterest-share bd-social-share\"> <i class=\"fab fa-pinterest-p\"><\/i><\/a>\n\t\t\t\t\t\t\t\t\t\t\t\t\t\t\t\t\t<\/div>\n\t\t\t\t\t\t\t\t\t\t\t\t\t\t<\/footer>\n\t\t\t\t\t\t\t\t\t<\/div>\n\t\t\t<\/div>\n\t\t<\/div>\n\t\t\t\t<div class=\"blog_template bdp_blog_template timeline blog-wrap  odd\">\n\t\t\t<div class=\"post_hentry\"><p><i class=\"fas\" data-fa-pseudo-element=\":before\">\uf303<\/i><\/p><div class=\"post_content_wrap\">\n\t\t\t\t\t<div class=\"post_wrapper box-blog\">\n\t\t\t\t\t\t\t\t\t\t\t\t\t<div class=\"bd-post-image photo\">\n\t\t\t\t\t\t\t\t<a href=\"https:\/\/web.afiwai.com\/rwp\/sabes-o-que-e-o-dimorfismo-sexual\/\"><img width=\"1920\" height=\"1440\" src=\"https:\/\/web.afiwai.com\/rwp\/wp-content\/uploads\/2019\/01\/collared-lizards-2016391.jpg\" class=\"attachment-full size-full wp-post-image\" alt=\"\" decoding=\"async\" loading=\"lazy\" srcset=\"https:\/\/web.afiwai.com\/rwp\/wp-content\/uploads\/2019\/01\/collared-lizards-2016391.jpg 1920w, https:\/\/web.afiwai.com\/rwp\/wp-content\/uploads\/2019\/01\/collared-lizards-2016391-300x225.jpg 300w, https:\/\/web.afiwai.com\/rwp\/wp-content\/uploads\/2019\/01\/collared-lizards-2016391-768x576.jpg 768w, https:\/\/web.afiwai.com\/rwp\/wp-content\/uploads\/2019\/01\/collared-lizards-2016391-1024x768.jpg 1024w, https:\/\/web.afiwai.com\/rwp\/wp-content\/uploads\/2019\/01\/collared-lizards-2016391-510x382.jpg 510w, https:\/\/web.afiwai.com\/rwp\/wp-content\/uploads\/2019\/01\/collared-lizards-2016391-1080x810.jpg 1080w, https:\/\/web.afiwai.com\/rwp\/wp-content\/uploads\/2019\/01\/collared-lizards-2016391-610x458.jpg 610w\" sizes=\"(max-width: 1920px) 100vw, 1920px\" \/>\t\t\t\t\t\t\t\t\t<span class=\"overlay\"><\/span>\n\t\t\t\t\t\t\t\t<\/a>\n\t\t\t\t\t\t\t<\/div>\n\t\t\t\t\t\t\t\t\t\t\t\t<div class=\"desc\">\n\t\t\t\t\t\t\t<h3 class=\"text-center text-capitalize\"><a href=\"https:\/\/web.afiwai.com\/rwp\/sabes-o-que-e-o-dimorfismo-sexual\/\"><span>Sabes o que \u00e9 o dimorfismo sexual?<\/span><\/a><\/h3>\n\t\t\t\t\t\t\t\t\t\t\t\t\t\t\t<div class=\"date_wrap\">\n\t\t\t\t\t\t\t\t\t\t\t\t\t\t\t\t\t\t\t<p class='bd-margin-0'><span title=\"Posted By Isadora Pombeiro\"><i class=\"fas fa-user\"><\/i>&nbsp;<a href=\"https:\/\/web.afiwai.com\/rwp\/author\/isadora-pombeiro\/\"><span>Isadora Pombeiro<\/span><\/a><\/span>&nbsp;&nbsp;<\/p>\n\t\t\t\t\t\t\t\t\t\t\t\t\t\t\t\t\t\t\t\t<p class='bd-margin-0'><span class=\"bd-metacomments\"><i class=\"fas fa-comment\"><\/i>&nbsp;<a href=\"https:\/\/web.afiwai.com\/rwp\/sabes-o-que-e-o-dimorfismo-sexual\/#respond\">No Comments<\/a>\t\t\t\t\t\t\t\t\t\t\t<\/span><\/p>\n\t\t\t\t\t\t\t\t\t\t\t\t\t\t\t\t\t\t\t\t<div class=\"bd-datetime\">\n\t\t\t\t\t\t\t\t\t\t\t<span class=\"month\">Jan<\/span><span class=\"date\">16<\/span>\n\t\t\t\t\t\t\t\t\t\t<\/div>\n\t\t\t\t\t\t\t\t\t\t\t\t\t\t\t\t\t<\/div>\n\t\t\t\t\t\t\t\t\t\t\t\t\t\t<div class=\"bd-post-content\">\n\t\t\t\t\t\t\t\tA sua opini\u00e3o<div class=\"rw-left\"><div class=\"rw-ui-container rw-class-blog-post rw-urid-295410\"><\/div><\/div>[et_pb_section fb_built=\u201d1\u2033 admin_label=\u201dsection\u201d _builder_version=\u201d3.0.47\u2033][et_pb_row admin_label=\u201drow\u201d _builder_version=\u201d3.0.48\u2033 background_size=\u201din\n<span class=\"et_bloom_bottom_trigger\"><\/span>\t\t\t\t\t\t\t<\/div>\n\t\t\t\t\t\t\t\t\t\t\t\t\t\t\t<div class=\"read_more\">\n\t\t\t\t\t\t\t\t\t<a class=\"bd-more-tag\" href=\"https:\/\/web.afiwai.com\/rwp\/sabes-o-que-e-o-dimorfismo-sexual\/\"><i class=\"fas fa-plus\"><\/i> Leia mais <\/a>\t\t\t\t\t\t\t\t<\/div>\n\t\t\t\t\t\t\t\t\t\t\t\t\t<\/div>\n\t\t\t\t\t<\/div>\n\t\t\t\t\t\t\t\t\t\t\t<footer class=\"blog_footer text-capitalize\">\n\t\t\t\t\t\t\t\t\t\t\t\t\t\t\t<p class=\"bd-margin-0\"><span class=\"bd-categories\"><i class=\"fas fa-folder\"><\/i>\n\t\t\t\t\t\t\t\t\t\t<span class=\"bd-link-label\">Categories :&nbsp;<\/span><a href=\"https:\/\/web.afiwai.com\/rwp\/category\/blog\/\" rel=\"category tag\">Blog<\/a>\t\t\t\t\t\t\t\t\t<\/span>\n\t\t\t\t\t\t\t\t<\/p>\n\t\t\t\t\t\t\t\t\t\t\t\t\t\t\t\t<div class=\"social-component\">\n\t\t\t\t\t\t\t\t\t\t\t\t\t\t\t\t\t\t\t<a data-share=\"facebook\" data-href=\"https:\/\/www.facebook.com\/sharer\/sharer.php\" data-url=\"https:\/\/web.afiwai.com\/rwp\/sabes-o-que-e-o-dimorfismo-sexual\/\" class=\"bd-facebook-share bd-social-share\"><i class=\"fab fa-facebook-f\"><\/i><\/a>\n\t\t\t\t\t\t\t\t\t\t\t\t\t\t\t\t\t\t\t\t<a data-share=\"twitter\" data-href=\"https:\/\/twitter.com\/share\" data-text=\"Sabes o que \u00e9 o dimorfismo sexual?\" data-url=\"https:\/\/web.afiwai.com\/rwp\/sabes-o-que-e-o-dimorfismo-sexual\/\" class=\"bd-twitter-share bd-social-share\"><i class=\"fab fa-x-twitter\"><\/i><\/a>\n\t\t\t\t\t\t\t\t\t\t\t\t\t\t\t\t\t\t\t\t<a data-share=\"linkedin\" data-href=\"https:\/\/www.linkedin.com\/shareArticle\" data-url=\"https:\/\/web.afiwai.com\/rwp\/sabes-o-que-e-o-dimorfismo-sexual\/\" class=\"bd-linkedin-share bd-social-share\"><i class=\"fab fa-linkedin-in\"><\/i><\/a>\n\t\t\t\t\t\t\t\t\t\t\t\t\t\t\t\t\t\t\t\t<a data-share=\"pinterest\" data-href=\"https:\/\/pinterest.com\/pin\/create\/button\/\" data-url=\"https:\/\/web.afiwai.com\/rwp\/sabes-o-que-e-o-dimorfismo-sexual\/\" data-mdia=\"https:\/\/web.afiwai.com\/rwp\/wp-content\/uploads\/2019\/01\/collared-lizards-2016391.jpg\" data-description=\"Sabes o que \u00e9 o dimorfismo sexual?\" class=\"bd-pinterest-share bd-social-share\"> <i class=\"fab fa-pinterest-p\"><\/i><\/a>\n\t\t\t\t\t\t\t\t\t\t\t\t\t\t\t\t\t<\/div>\n\t\t\t\t\t\t\t\t\t\t\t\t\t\t<\/footer>\n\t\t\t\t\t\t\t\t\t<\/div>\n\t\t\t<\/div>\n\t\t<\/div>\n\t\t\t\t<div class=\"blog_template bdp_blog_template timeline blog-wrap  even\">\n\t\t\t<div class=\"post_hentry\"><p><i class=\"fas\" data-fa-pseudo-element=\":before\">\uf303<\/i><\/p><div class=\"post_content_wrap\">\n\t\t\t\t\t<div class=\"post_wrapper box-blog\">\n\t\t\t\t\t\t\t\t\t\t\t\t\t<div class=\"bd-post-image photo\">\n\t\t\t\t\t\t\t\t<a href=\"https:\/\/web.afiwai.com\/rwp\/repteis-os-sobreviventes\/\"><img width=\"1280\" height=\"803\" src=\"https:\/\/web.afiwai.com\/rwp\/wp-content\/uploads\/2019\/01\/iguane.png\" class=\"attachment-full size-full wp-post-image\" alt=\"\" decoding=\"async\" loading=\"lazy\" srcset=\"https:\/\/web.afiwai.com\/rwp\/wp-content\/uploads\/2019\/01\/iguane.png 1280w, https:\/\/web.afiwai.com\/rwp\/wp-content\/uploads\/2019\/01\/iguane-300x188.png 300w, https:\/\/web.afiwai.com\/rwp\/wp-content\/uploads\/2019\/01\/iguane-768x482.png 768w, https:\/\/web.afiwai.com\/rwp\/wp-content\/uploads\/2019\/01\/iguane-1024x642.png 1024w, https:\/\/web.afiwai.com\/rwp\/wp-content\/uploads\/2019\/01\/iguane-400x250.png 400w, https:\/\/web.afiwai.com\/rwp\/wp-content\/uploads\/2019\/01\/iguane-1080x678.png 1080w, https:\/\/web.afiwai.com\/rwp\/wp-content\/uploads\/2019\/01\/iguane-610x383.png 610w\" sizes=\"(max-width: 1280px) 100vw, 1280px\" \/>\t\t\t\t\t\t\t\t\t<span class=\"overlay\"><\/span>\n\t\t\t\t\t\t\t\t<\/a>\n\t\t\t\t\t\t\t<\/div>\n\t\t\t\t\t\t\t\t\t\t\t\t<div class=\"desc\">\n\t\t\t\t\t\t\t<h3 class=\"text-center text-capitalize\"><a href=\"https:\/\/web.afiwai.com\/rwp\/repteis-os-sobreviventes\/\"><span>R\u00e9pteis: os sobreviventes.<\/span><\/a><\/h3>\n\t\t\t\t\t\t\t\t\t\t\t\t\t\t\t<div class=\"date_wrap\">\n\t\t\t\t\t\t\t\t\t\t\t\t\t\t\t\t\t\t\t<p class='bd-margin-0'><span title=\"Posted By Isadora Pombeiro\"><i class=\"fas fa-user\"><\/i>&nbsp;<a href=\"https:\/\/web.afiwai.com\/rwp\/author\/isadora-pombeiro\/\"><span>Isadora Pombeiro<\/span><\/a><\/span>&nbsp;&nbsp;<\/p>\n\t\t\t\t\t\t\t\t\t\t\t\t\t\t\t\t\t\t\t\t<p class='bd-margin-0'><span class=\"bd-metacomments\"><i class=\"fas fa-comment\"><\/i>&nbsp;<a href=\"https:\/\/web.afiwai.com\/rwp\/repteis-os-sobreviventes\/#respond\">No Comments<\/a>\t\t\t\t\t\t\t\t\t\t\t<\/span><\/p>\n\t\t\t\t\t\t\t\t\t\t\t\t\t\t\t\t\t\t\t\t<div class=\"bd-datetime\">\n\t\t\t\t\t\t\t\t\t\t\t<span class=\"month\">Jan<\/span><span class=\"date\">09<\/span>\n\t\t\t\t\t\t\t\t\t\t<\/div>\n\t\t\t\t\t\t\t\t\t\t\t\t\t\t\t\t\t<\/div>\n\t\t\t\t\t\t\t\t\t\t\t\t\t\t<div class=\"bd-post-content\">\n\t\t\t\t\t\t\t\tA sua opini\u00e3o<div class=\"rw-left\"><div class=\"rw-ui-container rw-class-blog-post rw-urid-295390\"><\/div><\/div>[et_pb_section fb_built=\u201d1\u2033 _builder_version=\u201d3.0.47\u2033][et_pb_row _builder_version=\u201d3.0.48\u2033 background_size=\u201dinitial\u201d background_position=\u201dtop_left\u201d ba\n<span class=\"et_bloom_bottom_trigger\"><\/span>\t\t\t\t\t\t\t<\/div>\n\t\t\t\t\t\t\t\t\t\t\t\t\t\t\t<div class=\"read_more\">\n\t\t\t\t\t\t\t\t\t<a class=\"bd-more-tag\" href=\"https:\/\/web.afiwai.com\/rwp\/repteis-os-sobreviventes\/\"><i class=\"fas fa-plus\"><\/i> Leia mais <\/a>\t\t\t\t\t\t\t\t<\/div>\n\t\t\t\t\t\t\t\t\t\t\t\t\t<\/div>\n\t\t\t\t\t<\/div>\n\t\t\t\t\t\t\t\t\t\t\t<footer class=\"blog_footer text-capitalize\">\n\t\t\t\t\t\t\t\t\t\t\t\t\t\t\t<p class=\"bd-margin-0\"><span class=\"bd-categories\"><i class=\"fas fa-folder\"><\/i>\n\t\t\t\t\t\t\t\t\t\t<span class=\"bd-link-label\">Categories :&nbsp;<\/span><a href=\"https:\/\/web.afiwai.com\/rwp\/category\/blog\/\" rel=\"category tag\">Blog<\/a>\t\t\t\t\t\t\t\t\t<\/span>\n\t\t\t\t\t\t\t\t<\/p>\n\t\t\t\t\t\t\t\t\t\t\t\t\t\t\t\t<div class=\"social-component\">\n\t\t\t\t\t\t\t\t\t\t\t\t\t\t\t\t\t\t\t<a data-share=\"facebook\" data-href=\"https:\/\/www.facebook.com\/sharer\/sharer.php\" data-url=\"https:\/\/web.afiwai.com\/rwp\/repteis-os-sobreviventes\/\" class=\"bd-facebook-share bd-social-share\"><i class=\"fab fa-facebook-f\"><\/i><\/a>\n\t\t\t\t\t\t\t\t\t\t\t\t\t\t\t\t\t\t\t\t<a data-share=\"twitter\" data-href=\"https:\/\/twitter.com\/share\" data-text=\"R\u00e9pteis: os sobreviventes.\" data-url=\"https:\/\/web.afiwai.com\/rwp\/repteis-os-sobreviventes\/\" class=\"bd-twitter-share bd-social-share\"><i class=\"fab fa-x-twitter\"><\/i><\/a>\n\t\t\t\t\t\t\t\t\t\t\t\t\t\t\t\t\t\t\t\t<a data-share=\"linkedin\" data-href=\"https:\/\/www.linkedin.com\/shareArticle\" data-url=\"https:\/\/web.afiwai.com\/rwp\/repteis-os-sobreviventes\/\" class=\"bd-linkedin-share bd-social-share\"><i class=\"fab fa-linkedin-in\"><\/i><\/a>\n\t\t\t\t\t\t\t\t\t\t\t\t\t\t\t\t\t\t\t\t<a data-share=\"pinterest\" data-href=\"https:\/\/pinterest.com\/pin\/create\/button\/\" data-url=\"https:\/\/web.afiwai.com\/rwp\/repteis-os-sobreviventes\/\" data-mdia=\"https:\/\/web.afiwai.com\/rwp\/wp-content\/uploads\/2019\/01\/iguane.png\" data-description=\"R\u00e9pteis: os sobreviventes.\" class=\"bd-pinterest-share bd-social-share\"> <i class=\"fab fa-pinterest-p\"><\/i><\/a>\n\t\t\t\t\t\t\t\t\t\t\t\t\t\t\t\t\t<\/div>\n\t\t\t\t\t\t\t\t\t\t\t\t\t\t<\/footer>\n\t\t\t\t\t\t\t\t\t<\/div>\n\t\t\t<\/div>\n\t\t<\/div>\n\t\t\t\t\t\t\t\t\t\t\t\t\t<\/div>\n\t\t\t\t\t\t\t\t\t\t<\/div>\n\t\t\t\t<div class=\"wl_pagination_box bd_pagination_box timeline\"><\/div><\/div>\n<span class=\"et_bloom_bottom_trigger\"><\/span>","protected":false},"excerpt":{"rendered":"<table class=\"rw-rating-table rw-ltr rw-left\"><tr><td><nobr>A sua opini\u00e3o<\/nobr><\/td><td><div class=\"rw-left\"><div class=\"rw-ui-container rw-class-blog-post rw-urid-315450\" data-img=\"https:\/\/web.afiwai.com\/rwp\/wp-content\/uploads\/2019\/11\/Pipa-pipa-Arthur-Chapman-Flickr.com_.jpg\"><\/div><\/div><\/td><\/tr><\/table><p>A sua opini\u00e3o<\/p>\n","protected":false},"author":1,"featured_media":0,"parent":0,"menu_order":0,"comment_status":"closed","ping_status":"closed","template":"","meta":{"_et_pb_use_builder":"on","_et_pb_old_content":"[wp_blog_designer]","_et_gb_content_width":""},"yoast_head":"<!-- This site is optimized with the Yoast SEO plugin v20.5 - https:\/\/yoast.com\/wordpress\/plugins\/seo\/ -->\n<title>A REVISTA - ReptilWorld Park [Portugal]<\/title>\n<meta name=\"description\" content=\"Voc\u00ea est\u00e1 na p\u00e1gina A REVISTA do site Reptil\u00e1rio de Aveiro (Portugal). Entre em contato conosco ! ReptilWorld Park [Portugal] - Um novo mundo abre-se agora!\" \/>\n<meta name=\"robots\" content=\"index, follow, max-snippet:-1, max-image-preview:large, max-video-preview:-1\" \/>\n<link rel=\"canonical\" href=\"https:\/\/web.afiwai.com\/rwp\/revista\/\" \/>\n<meta property=\"og:locale\" content=\"pt_PT\" \/>\n<meta property=\"og:type\" content=\"article\" \/>\n<meta property=\"og:title\" content=\"A REVISTA - ReptilWorld Park [Portugal]\" \/>\n<meta property=\"og:description\" content=\"Voc\u00ea est\u00e1 na p\u00e1gina A REVISTA do site Reptil\u00e1rio de Aveiro (Portugal). Entre em contato conosco ! ReptilWorld Park [Portugal] - Um novo mundo abre-se agora!\" \/>\n<meta property=\"og:url\" content=\"https:\/\/web.afiwai.com\/rwp\/revista\/\" \/>\n<meta property=\"og:site_name\" content=\"ReptilWorld Park [Portugal]\" \/>\n<meta property=\"article:publisher\" content=\"https:\/\/www.facebook.com\/reptilworldpark\/\" \/>\n<meta property=\"article:modified_time\" content=\"2019-12-19T18:31:02+00:00\" \/>\n<meta name=\"twitter:card\" content=\"summary_large_image\" \/>\n<meta name=\"twitter:site\" content=\"@ReptilWorldPark\" \/>\n<script type=\"application\/ld+json\" class=\"yoast-schema-graph\">{\"@context\":\"https:\/\/schema.org\",\"@graph\":[{\"@type\":\"WebPage\",\"@id\":\"https:\/\/web.afiwai.com\/rwp\/revista\/\",\"url\":\"https:\/\/web.afiwai.com\/rwp\/revista\/\",\"name\":\"A REVISTA - ReptilWorld Park [Portugal]\",\"isPartOf\":{\"@id\":\"https:\/\/web.afiwai.com\/rwp\/#website\"},\"datePublished\":\"2019-01-17T14:26:54+00:00\",\"dateModified\":\"2019-12-19T18:31:02+00:00\",\"description\":\"Voc\u00ea est\u00e1 na p\u00e1gina A REVISTA do site Reptil\u00e1rio de Aveiro (Portugal). Entre em contato conosco ! ReptilWorld Park [Portugal] - Um novo mundo abre-se agora!\",\"breadcrumb\":{\"@id\":\"https:\/\/web.afiwai.com\/rwp\/revista\/#breadcrumb\"},\"inLanguage\":\"pt-PT\",\"potentialAction\":[{\"@type\":\"ReadAction\",\"target\":[\"https:\/\/web.afiwai.com\/rwp\/revista\/\"]}]},{\"@type\":\"BreadcrumbList\",\"@id\":\"https:\/\/web.afiwai.com\/rwp\/revista\/#breadcrumb\",\"itemListElement\":[{\"@type\":\"ListItem\",\"position\":1,\"name\":\"Home\",\"item\":\"https:\/\/web.afiwai.com\/rwp\/\"},{\"@type\":\"ListItem\",\"position\":2,\"name\":\"A REVISTA\"}]},{\"@type\":\"WebSite\",\"@id\":\"https:\/\/web.afiwai.com\/rwp\/#website\",\"url\":\"https:\/\/web.afiwai.com\/rwp\/\",\"name\":\"ReptilWorld Park [Portugal]\",\"description\":\"Entra num mundo desconhecido !\",\"publisher\":{\"@id\":\"https:\/\/web.afiwai.com\/rwp\/#organization\"},\"potentialAction\":[{\"@type\":\"SearchAction\",\"target\":{\"@type\":\"EntryPoint\",\"urlTemplate\":\"https:\/\/web.afiwai.com\/rwp\/?s={search_term_string}\"},\"query-input\":\"required name=search_term_string\"}],\"inLanguage\":\"pt-PT\"},{\"@type\":\"Organization\",\"@id\":\"https:\/\/web.afiwai.com\/rwp\/#organization\",\"name\":\"ReptilWorld Park - O in\u00e9dito em Portugal\",\"url\":\"https:\/\/web.afiwai.com\/rwp\/\",\"logo\":{\"@type\":\"ImageObject\",\"inLanguage\":\"pt-PT\",\"@id\":\"https:\/\/web.afiwai.com\/rwp\/#\/schema\/logo\/image\/\",\"url\":\"https:\/\/web.afiwai.com\/rwp\/wp-content\/uploads\/2018\/12\/Logo-cam\u00e9l\u00e9on-750px.png\",\"contentUrl\":\"https:\/\/web.afiwai.com\/rwp\/wp-content\/uploads\/2018\/12\/Logo-cam\u00e9l\u00e9on-750px.png\",\"width\":750,\"height\":341,\"caption\":\"ReptilWorld Park - O in\u00e9dito em Portugal\"},\"image\":{\"@id\":\"https:\/\/web.afiwai.com\/rwp\/#\/schema\/logo\/image\/\"},\"sameAs\":[\"https:\/\/www.facebook.com\/reptilworldpark\/\",\"https:\/\/twitter.com\/ReptilWorldPark\",\"https:\/\/www.instagram.com\/reptilworld_park\/\",\"https:\/\/www.linkedin.com\/in\/reptilworldpark\/\",\"https:\/\/www.youtube.com\/channel\/UCGarBbU4GwhnxAl218yJmDA\"]}]}<\/script>\n<!-- \/ Yoast SEO plugin. -->","yoast_head_json":{"title":"A REVISTA - ReptilWorld Park [Portugal]","description":"Voc\u00ea est\u00e1 na p\u00e1gina A REVISTA do site Reptil\u00e1rio de Aveiro (Portugal). Entre em contato conosco ! ReptilWorld Park [Portugal] - Um novo mundo abre-se agora!","robots":{"index":"index","follow":"follow","max-snippet":"max-snippet:-1","max-image-preview":"max-image-preview:large","max-video-preview":"max-video-preview:-1"},"canonical":"https:\/\/web.afiwai.com\/rwp\/revista\/","og_locale":"pt_PT","og_type":"article","og_title":"A REVISTA - ReptilWorld Park [Portugal]","og_description":"Voc\u00ea est\u00e1 na p\u00e1gina A REVISTA do site Reptil\u00e1rio de Aveiro (Portugal). Entre em contato conosco ! ReptilWorld Park [Portugal] - Um novo mundo abre-se agora!","og_url":"https:\/\/web.afiwai.com\/rwp\/revista\/","og_site_name":"ReptilWorld Park [Portugal]","article_publisher":"https:\/\/www.facebook.com\/reptilworldpark\/","article_modified_time":"2019-12-19T18:31:02+00:00","twitter_card":"summary_large_image","twitter_site":"@ReptilWorldPark","schema":{"@context":"https:\/\/schema.org","@graph":[{"@type":"WebPage","@id":"https:\/\/web.afiwai.com\/rwp\/revista\/","url":"https:\/\/web.afiwai.com\/rwp\/revista\/","name":"A REVISTA - ReptilWorld Park [Portugal]","isPartOf":{"@id":"https:\/\/web.afiwai.com\/rwp\/#website"},"datePublished":"2019-01-17T14:26:54+00:00","dateModified":"2019-12-19T18:31:02+00:00","description":"Voc\u00ea est\u00e1 na p\u00e1gina A REVISTA do site Reptil\u00e1rio de Aveiro (Portugal). Entre em contato conosco ! ReptilWorld Park [Portugal] - Um novo mundo abre-se agora!","breadcrumb":{"@id":"https:\/\/web.afiwai.com\/rwp\/revista\/#breadcrumb"},"inLanguage":"pt-PT","potentialAction":[{"@type":"ReadAction","target":["https:\/\/web.afiwai.com\/rwp\/revista\/"]}]},{"@type":"BreadcrumbList","@id":"https:\/\/web.afiwai.com\/rwp\/revista\/#breadcrumb","itemListElement":[{"@type":"ListItem","position":1,"name":"Home","item":"https:\/\/web.afiwai.com\/rwp\/"},{"@type":"ListItem","position":2,"name":"A REVISTA"}]},{"@type":"WebSite","@id":"https:\/\/web.afiwai.com\/rwp\/#website","url":"https:\/\/web.afiwai.com\/rwp\/","name":"ReptilWorld Park [Portugal]","description":"Entra num mundo desconhecido !","publisher":{"@id":"https:\/\/web.afiwai.com\/rwp\/#organization"},"potentialAction":[{"@type":"SearchAction","target":{"@type":"EntryPoint","urlTemplate":"https:\/\/web.afiwai.com\/rwp\/?s={search_term_string}"},"query-input":"required name=search_term_string"}],"inLanguage":"pt-PT"},{"@type":"Organization","@id":"https:\/\/web.afiwai.com\/rwp\/#organization","name":"ReptilWorld Park - O in\u00e9dito em Portugal","url":"https:\/\/web.afiwai.com\/rwp\/","logo":{"@type":"ImageObject","inLanguage":"pt-PT","@id":"https:\/\/web.afiwai.com\/rwp\/#\/schema\/logo\/image\/","url":"https:\/\/web.afiwai.com\/rwp\/wp-content\/uploads\/2018\/12\/Logo-cam\u00e9l\u00e9on-750px.png","contentUrl":"https:\/\/web.afiwai.com\/rwp\/wp-content\/uploads\/2018\/12\/Logo-cam\u00e9l\u00e9on-750px.png","width":750,"height":341,"caption":"ReptilWorld Park - O in\u00e9dito em Portugal"},"image":{"@id":"https:\/\/web.afiwai.com\/rwp\/#\/schema\/logo\/image\/"},"sameAs":["https:\/\/www.facebook.com\/reptilworldpark\/","https:\/\/twitter.com\/ReptilWorldPark","https:\/\/www.instagram.com\/reptilworld_park\/","https:\/\/www.linkedin.com\/in\/reptilworldpark\/","https:\/\/www.youtube.com\/channel\/UCGarBbU4GwhnxAl218yJmDA"]}]}},"_links":{"self":[{"href":"https:\/\/web.afiwai.com\/rwp\/wp-json\/wp\/v2\/pages\/29537"}],"collection":[{"href":"https:\/\/web.afiwai.com\/rwp\/wp-json\/wp\/v2\/pages"}],"about":[{"href":"https:\/\/web.afiwai.com\/rwp\/wp-json\/wp\/v2\/types\/page"}],"author":[{"embeddable":true,"href":"https:\/\/web.afiwai.com\/rwp\/wp-json\/wp\/v2\/users\/1"}],"replies":[{"embeddable":true,"href":"https:\/\/web.afiwai.com\/rwp\/wp-json\/wp\/v2\/comments?post=29537"}],"version-history":[{"count":88,"href":"https:\/\/web.afiwai.com\/rwp\/wp-json\/wp\/v2\/pages\/29537\/revisions"}],"predecessor-version":[{"id":30935,"href":"https:\/\/web.afiwai.com\/rwp\/wp-json\/wp\/v2\/pages\/29537\/revisions\/30935"}],"wp:attachment":[{"href":"https:\/\/web.afiwai.com\/rwp\/wp-json\/wp\/v2\/media?parent=29537"}],"curies":[{"name":"wp","href":"https:\/\/api.w.org\/{rel}","templated":true}]}}